{"id":32594,"date":"2021-01-03T12:09:07","date_gmt":"2021-01-03T11:09:07","guid":{"rendered":"https:\/\/www.ortidimare.it\/?page_id=32594"},"modified":"2024-09-25T09:05:10","modified_gmt":"2024-09-25T07:05:10","slug":"qui-sommes-nous-2","status":"publish","type":"page","link":"https:\/\/www.ortidimare.it\/fr\/qui-sommes-nous-2\/","title":{"rendered":"Qui sommes-nous"},"content":{"rendered":"<div class=\"wpb-content-wrapper\"><p>[vc_row css_animation=\u00a0\u00bb\u00a0\u00bb row_type=\u00a0\u00bbrow\u00a0\u00bb use_row_as_full_screen_section=\u00a0\u00bbno\u00a0\u00bb type=\u00a0\u00bbfull_width\u00a0\u00bb angled_section=\u00a0\u00bbno\u00a0\u00bb text_align=\u00a0\u00bbleft\u00a0\u00bb background_image_as_pattern=\u00a0\u00bbwithout_pattern\u00a0\u00bb side_padding=\u00a0\u00bb0&Prime; padding_top=\u00a0\u00bb0&Prime; padding_bottom=\u00a0\u00bb0&Prime;][vc_column][vc_single_image image=\u00a0\u00bb32748&Prime; img_size=\u00a0\u00bbfull\u00a0\u00bb alignment=\u00a0\u00bbcenter\u00a0\u00bb onclick=\u00a0\u00bbcustom_link\u00a0\u00bb qode_css_animation=\u00a0\u00bb\u00a0\u00bb link=\u00a0\u00bbhttps:\/\/www.ortidimare.it\/fr\/portfolio_page\/qui-sommes-nous\/\u00a0\u00bb][vc_separator type=\u00a0\u00bbtransparent\u00a0\u00bb border_width=\u00a0\u00bb10&Prime;][\/vc_column][\/vc_row][vc_row css_animation=\u00a0\u00bb\u00a0\u00bb row_type=\u00a0\u00bbrow\u00a0\u00bb use_row_as_full_screen_section=\u00a0\u00bbno\u00a0\u00bb type=\u00a0\u00bbfull_width\u00a0\u00bb angled_section=\u00a0\u00bbno\u00a0\u00bb text_align=\u00a0\u00bbleft\u00a0\u00bb background_image_as_pattern=\u00a0\u00bbwithout_pattern\u00a0\u00bb][vc_column width=\u00a0\u00bb1\/4&Prime;][vc_single_image image=\u00a0\u00bb19364&Prime; img_size=\u00a0\u00bblarge\u00a0\u00bb alignment=\u00a0\u00bbcenter\u00a0\u00bb qode_css_animation=\u00a0\u00bb\u00a0\u00bb][\/vc_column][vc_column width=\u00a0\u00bb3\/4&Prime;][vc_column_text]<\/p>\n<h3 style=\"text-align: left;\"><\/h3>\n<p><span style=\"color: #ffffff;\">\u00a0<\/span><\/p>\n<p><b>Nous sommes courageux et un peu fous<\/b><span style=\"font-weight: 400;\">,<\/span><\/p>\n<p><span style=\"font-weight: 400;\">nous sommes un <\/span><b>dessert<\/b><span style=\"font-weight: 400;\"> : des <\/span><b>fraises<\/b><span style=\"font-weight: 400;\"> cueillies bien mures et <\/span><b>des<\/b> <b>fruits de m\u00fbrier<\/b><span style=\"font-weight: 400;\"> ;<\/span><\/p>\n<p><span style=\"font-weight: 400;\">nous sommes des <\/span><b>r\u00e9cifs<\/b><span style=\"font-weight: 400;\"> et des <\/span><b>cormorans<\/b><span style=\"font-weight: 400;\"> ;<\/span><\/p>\n<p><span style=\"font-weight: 400;\">nous sommes du <\/span><b>pain fait \u00e0 la main<\/b> <b>et cuit au feu de bois<\/b><span style=\"font-weight: 400;\">,\u00a0 de la <\/span><i><span style=\"font-weight: 400;\">schiaccia briaca<\/span><\/i><span style=\"font-weight: 400;\"> (g\u00e2teau typique de l\u2019\u00eele d\u2019Elbe) <\/span><b>comme la<\/b> <b>faisaient nos grand-m\u00e8res<\/b><span style=\"font-weight: 400;\">, de la cr\u00e8me glac\u00e9e agricole et de la liqueur de myrte ;<\/span><\/p>\n<p><span style=\"font-weight: 400;\">nous sommes <\/span><b>des l\u00e9gumes et des fruits<\/b><span style=\"font-weight: 400;\"> gorg\u00e9s de bonne humeur et de vitamines ;<\/span><\/p>\n<p><span style=\"font-weight: 400;\">nous sommes <\/span><b>la brise marine<\/b><span style=\"font-weight: 400;\"> et <\/span><b>les ch\u00eanes li\u00e8ges<\/b><span style=\"font-weight: 400;\">, les <\/span><b>lys<\/b><span style=\"font-weight: 400;\"> et les <\/span><b>bourdons pollinisateurs<\/b><span style=\"font-weight: 400;\"> ;<\/span><\/p>\n<p><span style=\"font-weight: 400;\">nous sommes des <\/span><b>octobres doux<\/b><span style=\"font-weight: 400;\">, des <\/span><b>agriculteurs<\/b><span style=\"font-weight: 400;\"> et des <\/span><b>penseurs<\/b><span style=\"font-weight: 400;\">, nous sommes <\/span><b><i>l\u2019Aleatico<\/i><\/b><span style=\"font-weight: 400;\"> et <\/span><b>l&rsquo;\u00e9peautre<\/b><span style=\"font-weight: 400;\"> ;<\/span><\/p>\n<p><span style=\"font-weight: 400;\">nous sommes <\/span><b>l&rsquo;huile d&rsquo;olive<\/b><span style=\"font-weight: 400;\"> vierge et les <\/span><b>gen\u00eats dor\u00e9s<\/b><span style=\"font-weight: 400;\">, les <\/span><b>bruschetta<\/b><span style=\"font-weight: 400;\"> de septembre, le <\/span><b>lait d&rsquo;amande<\/b><span style=\"font-weight: 400;\"> et la <\/span><b>pur\u00e9e de<\/b> <b>tomate<\/b><span style=\"font-weight: 400;\"> ;<\/span><\/p>\n<p><span style=\"font-weight: 400;\">nous sommes <\/span><b>l\u2019enduit \u00e0 la chaux<\/b><span style=\"font-weight: 400;\"> et les notes <\/span><b>d\u2019accord\u00e9on<\/b><span style=\"font-weight: 400;\">, les prairies de <\/span><b>posidonie<\/b><span style=\"font-weight: 400;\"> et les <\/span><b>pagaies<\/b><span style=\"font-weight: 400;\"> \u00e0 la surface de l&rsquo;eau ;<\/span><\/p>\n<p><span style=\"font-weight: 400;\">nous sommes les <\/span><b>v\u00e9los<\/b><span style=\"font-weight: 400;\"> et le <\/span><b>glamping<\/b><span style=\"font-weight: 400;\">, les <\/span><b>artichauts<\/b><span style=\"font-weight: 400;\">, les <\/span><b>tournesols<\/b><span style=\"font-weight: 400;\"> et <\/span><b>l\u2019engrais vert durant la saison hivernale<\/b><span style=\"font-weight: 400;\"> ;<\/span><\/p>\n<p><span style=\"font-weight: 400;\">nous sommes la <\/span><b>terre chaude<\/b><span style=\"font-weight: 400;\"> sous les pieds et <\/span><b>l\u2019ivresse<\/b> <b>m\u00e9diterran\u00e9enne<\/b> <b>des huiles de scl\u00e9rophylles<\/b><span style=\"font-weight: 400;\"> ;<\/span><\/p>\n<p><span style=\"font-weight: 400;\">nous sommes les <\/span><b>panoramas<\/b> <b>\u00e0 couper le souffle<\/b><span style=\"font-weight: 400;\"> donnant sur l&rsquo;archipel et les <\/span><b>couchers de soleil<\/b> <b>lumineux<\/b><span style=\"font-weight: 400;\"> sur le sanctuaire des c\u00e9tac\u00e9s, le centre n\u00e9vralgique pour le <\/span><b>trekking<\/b><span style=\"font-weight: 400;\"> et la <\/span><b>plong\u00e9e<\/b><span style=\"font-weight: 400;\"> ;<\/span><\/p>\n<p><span style=\"font-weight: 400;\">nous sommes des <\/span><b>cieux \u00e9toil\u00e9s<\/b><span style=\"font-weight: 400;\"> que l&rsquo;on peut encore voir et des <\/span><b>lucioles<\/b><span style=\"font-weight: 400;\"> de mai ;<\/span><\/p>\n<p><span style=\"font-weight: 400;\">nous sommes les <\/span><b>coquelicots<\/b><span style=\"font-weight: 400;\"> qui annoncent le mistral et les <\/span><b>h\u00e9rissons<\/b><span style=\"font-weight: 400;\"> qui \u00e9loignent les limaces de nos jardins ;\u00a0<\/span><\/p>\n<p><span style=\"font-weight: 400;\">nous sommes le lieu id\u00e9al pour des vacances diff\u00e9rentes : <\/span><b>oublier<\/b> <b>le stress et le bruit<\/b><span style=\"font-weight: 400;\">, se plonger dans la <\/span><b>nature<\/b><span style=\"font-weight: 400;\">, <\/span><span style=\"font-weight: 400;\">des vacances que l&rsquo;on d\u00e9guste en se salissant les mains dans le <\/span><b>jardin<\/b><span style=\"font-weight: 400;\">, en se laissant enivrer par <\/span><b>l&rsquo;odeur de la mer<\/b><span style=\"font-weight: 400;\">, en s&rsquo;endormant dans la <\/span><b>pin\u00e8de<\/b><span style=\"font-weight: 400;\">, berc\u00e9s par le mouvement d\u2019un <\/span><b>hamac<\/b><span style=\"font-weight: 400;\"> ;<\/span><\/p>\n<p><b>Nous sommes tout, sauf ce \u00e0 quoi vous vous attendiez&#8230;<\/b>[\/vc_column_text][\/vc_column][\/vc_row][vc_row css_animation=\u00a0\u00bb\u00a0\u00bb row_type=\u00a0\u00bbrow\u00a0\u00bb use_row_as_full_screen_section=\u00a0\u00bbno\u00a0\u00bb type=\u00a0\u00bbfull_width\u00a0\u00bb angled_section=\u00a0\u00bbno\u00a0\u00bb text_align=\u00a0\u00bbcenter\u00a0\u00bb background_image_as_pattern=\u00a0\u00bbwithout_pattern\u00a0\u00bb z_index=\u00a0\u00bb\u00a0\u00bb][vc_column][vc_separator type=\u00a0\u00bbtransparent\u00a0\u00bb border_width=\u00a0\u00bb2&Prime;][vc_column_text]<\/p>\n<h1 style=\"text-align: center;\"><strong>QUAND L\u2019EXPLOITATION BIOLOGIQUE<br \/>\nRENCONTRE LA MER<\/strong><\/h1>\n<p>[\/vc_column_text][vc_separator type=\u00a0\u00bbtransparent\u00a0\u00bb border_width=\u00a0\u00bb2&Prime;][layerslider_vc id=\u00a0\u00bb5&Prime;][vc_empty_space height=\u00a0\u00bb40px\u00a0\u00bb css=\u00a0\u00bb.vc_custom_1511434418256{margin-bottom: 0px !important;}\u00a0\u00bb][\/vc_column][\/vc_row][vc_row row_type=\u00a0\u00bbparallax\u00a0\u00bb parallax_content_width=\u00a0\u00bbfull_width\u00a0\u00bb text_align=\u00a0\u00bbcenter\u00a0\u00bb full_screen_section_height=\u00a0\u00bbno\u00a0\u00bb][vc_column width=\u00a0\u00bb1\/3&Prime;][vc_column_text]<\/p>\n<p style=\"text-align: justify;\"><span style=\"font-weight: 400;\">Orti di Mare est un <\/span><b>agritourisme<\/b><span style=\"font-weight: 400;\"> sur <\/span><b>l&rsquo;\u00eele<\/b> <b>d&rsquo;Elbe<\/b><span style=\"font-weight: 400;\"> dirig\u00e9 par <\/span><b>Britta<\/b> <b>et<\/b> <b>Vittorio<\/b><span style=\"font-weight: 400;\">, lesquels, avec passion et entour\u00e9s d\u2019une \u00e9quipe de collaborateurs tr\u00e8s unis, <\/span><b>travaillent<\/b> <b>la<\/b> <b>terre<\/b><span style=\"font-weight: 400;\"> selon des techniques qui respectent les d\u00e9lais et les m\u00e9thodes de <\/span><b>l&rsquo;agriculture<\/b> <b>biologique<\/b><span style=\"font-weight: 400;\"> et vous <\/span><b>accueillent<\/b><span style=\"font-weight: 400;\"> dans un environnement calme et convivial, o\u00f9 la proximit\u00e9 de la mer vous fera vivre une exp\u00e9rience magique.<\/span><\/p>\n<p>&nbsp;<\/p>\n<p style=\"text-align: justify;\"><span style=\"font-weight: 400;\">Derri\u00e8re, des <\/span><b>collines vallonn\u00e9es<\/b><span style=\"font-weight: 400;\"> ; devant, une <\/span><b>mer cristalline<\/b><span style=\"font-weight: 400;\"> et l\u00e9g\u00e8rement inclin\u00e9e&#8230; notre ferme biologique est situ\u00e9e dans un endroit spectaculaire et facile d&rsquo;acc\u00e8s : de Portoferraio, vous mettrez seulement 15 minutes en voiture. Un peu plus loin se trouve la <\/span><b>plage de sable de Lacona<\/b><span style=\"font-weight: 400;\">, l&rsquo;une des plus longues et des plus belles de l&rsquo;\u00eele, connue pour ses <\/span><b>belles dunes<\/b><span style=\"font-weight: 400;\"> o\u00f9 l&rsquo;on trouve des esp\u00e8ces botaniques prot\u00e9g\u00e9es et magnifiques, comme le c\u00e9l\u00e8bre <\/span><b>lis de mer<\/b> <i><span style=\"font-weight: 400;\">(pancratium maritimum).<\/span><\/i><\/p>\n<p style=\"text-align: justify;\"><span style=\"font-weight: 400;\"><br \/>\nDestination <\/span><b>id\u00e9ale pour ceux qui aiment la nature \u2013 dans l\u2019eau ou hors de l\u2019eau<\/b><span style=\"font-weight: 400;\"> \u2013 notre \u00e9tablissement d\u2019agritourisme se trouve au sein du <\/span><a href=\"http:\/\/www.islepark.it\/\"><b>Parc National de l&rsquo;Archipel Toscan<\/b><\/a><span style=\"font-weight: 400;\">, au c\u0153ur de la plus grande r\u00e9serve marine d&rsquo;Europe et dans le Sanctuaire des c\u00e9tac\u00e9s.\u00a0<\/span><\/p>\n<p>[\/vc_column_text][vc_separator type=\u00a0\u00bbtransparent\u00a0\u00bb][\/vc_column][vc_column width=\u00a0\u00bb1\/3&Prime;][vc_column_text]<\/p>\n<p style=\"text-align: justify;\">Le <a href=\"https:\/\/www.ortidimare.it\/fr\/camping-tarifs-et-reservations\/\"><b>Camping<\/b><\/a> Orti di Mare est une exp\u00e9rience unique <b>d&rsquo;immersion<\/b> <b>dans la v\u00e9g\u00e9tation m\u00e9diterran\u00e9enne<\/b>, o\u00f9 nous vous accueillons en vous proposant diff\u00e9rentes solutions en fonction de vos envies. Planter sa tente ou stationner son camping-car chez nous, c&rsquo;est faire le choix de la <b>tranquillit\u00e9<\/b> <b>en pleine nature<\/b>, du <b>confort authentique<\/b> et, pourquoi pas, de la <b>bonne<\/b> <b>compagnie<\/b> : souvent les gens qui choisissent de venir passer leurs vacances ici se ressemblent un peu.<\/p>\n<p style=\"text-align: left;\"><span style=\"font-weight: 400;\">L\u2019<\/span><a href=\"https:\/\/www.ortidimare.it\/fr\/stationnement-camping-car-tarifs-et-reservations\/\"><b>aire de stationnement pour camping-car<\/b><\/a><span style=\"font-weight: 400;\"> est une offre de s\u00e9jour low cost, pour ceux qui voyagent en camping-car et qui recherchent un endroit accueillant \u00e0 prix abordable pour faire une pause.<\/span><\/p>\n<p>[\/vc_column_text][vc_separator type=\u00a0\u00bbtransparent\u00a0\u00bb thickness=\u00a0\u00bb20&Prime;][vc_column_text css=\u00a0\u00bb\u00a0\u00bb]<\/p>\n<p style=\"text-align: justify;\"><span style=\"font-weight: 400;\">A Orti di Mare, vous pouvez \u00e9galement s\u00e9journer dans un <a href=\"https:\/\/www.ortidimare.it\/fr\/appartements-tarifs-et-reservations\/\"><b>appartement<\/b><\/a>, une <a href=\"https:\/\/www.ortidimare.it\/fr\/tentes-glamping-tarifs-et-reservations\/\"><b>tente<\/b> <b>glamping<\/b><\/a> ou une <a href=\"https:\/\/www.ortidimare.it\/fr\/tentes-glamping-tarifs-et-reservations\/\"><b>yourte<\/b><\/a>. Entour\u00e9es de verdure, ces h\u00e9bergements sont confortables et offrent la possibilit\u00e9 de passer des vacances tr\u00e8s relaxantes en toute autonomie. Nos structures sont \u00e9quip\u00e9es de syst\u00e8mes photovolta\u00efques et thermodynamiques et sont con\u00e7ues selon les principes de la bio-architecture.<\/span><\/p>\n<p>[\/vc_column_text][vc_separator type=\u00a0\u00bbtransparent\u00a0\u00bb thickness=\u00a0\u00bb20&Prime;][\/vc_column][vc_column width=\u00a0\u00bb1\/3&Prime;][vc_column_text css=\u00a0\u00bb\u00a0\u00bb]<\/p>\n<p style=\"text-align: justify;\">Le\u00a0<a href=\"https:\/\/www.ortidimare.it\/en\/market-cafe\/\"><b>Restaurant<\/b>\u00a0<b>local<\/b>\u00a0<b>\u2013<\/b>\u00a0<b>Market<\/b>\u00a0<b>Caf\u00e9<\/b><\/a>\u00a0est un\u00a0<b>salon d\u2019\u00e9t\u00e9<\/b>\u00a0simple et confortable,\u00a0<b>en plein air<\/b>, prot\u00e9g\u00e9 du soleil par de grandes\u00a0<b>pergolas<\/b>\u00a0et entour\u00e9\u00a0<b>d\u2019oliviers<\/b>, o\u00f9 vous pourrez d\u00e9guster de bons plats, sains et authentiques, de la tradition locale, y compris des menus v\u00e9gans, pr\u00e9par\u00e9s \u00e0 partir d\u2019ingr\u00e9dients naturels et de nombreux l\u00e9gumes.<\/p>\n<p style=\"text-align: justify;\">Du petit-d\u00e9jeuner au d\u00eener, \u00e0 toute heure de la journ\u00e9e, nous proposons \u00e0 nos h\u00f4tes des\u00a0<b>recettes app\u00e9tissantes<\/b>\u00a0<b>de cuisine authentique<\/b>,\u00a0<b>des fruits<\/b>\u00a0<b>et l\u00e9gumes biologiques<\/b>\u00a0de nos champs, des produits parfum\u00e9s sortant de notre\u00a0<b>four \u00e0 bois<\/b>, des\u00a0<b>glaces<\/b>\u00a0<b>bio<\/b>\u00a0et bien d\u2019autres d\u00e9lices qui font la renomm\u00e9e de notre r\u00e9gion.<\/p>\n<p style=\"text-align: justify;\">Notre\u00a0<b>Convivium<\/b>\u00a0propose un\u00a0<b>espace d\u00e9tente avec<\/b>\u00a0<b>jacuzzi<\/b>, une\u00a0<b>salle<\/b>\u00a0<b>r\u00e9serv\u00e9e<\/b>\u00a0<b>aux moments de culture et de convivialit\u00e9<\/b>, un\u00a0<b>point info<\/b>\u00a0qui vous donnera de pr\u00e9cieux renseignements strat\u00e9giques pour votre s\u00e9jour sur l\u2019\u00eele d\u2019Elbe et des pr\u00e9cisions sur l\u2019environnement qui entoure le domaine.<\/p>\n<p>[\/vc_column_text][\/vc_column][\/vc_row]<\/p>\n<\/div>","protected":false},"excerpt":{"rendered":"<p>[vc_row css_animation=\u00a0\u00bb\u00a0\u00bb row_type=\u00a0\u00bbrow\u00a0\u00bb use_row_as_full_screen_section=\u00a0\u00bbno\u00a0\u00bb type=\u00a0\u00bbfull_width\u00a0\u00bb angled_section=\u00a0\u00bbno\u00a0\u00bb text_align=\u00a0\u00bbleft\u00a0\u00bb background_image_as_pattern=\u00a0\u00bbwithout_pattern\u00a0\u00bb side_padding=\u00a0\u00bb0&Prime; padding_top=\u00a0\u00bb0&Prime; padding_bottom=\u00a0\u00bb0&Prime;][vc_column][vc_single_image image=\u00a0\u00bb32748&Prime; img_size=\u00a0\u00bbfull\u00a0\u00bb alignment=\u00a0\u00bbcenter\u00a0\u00bb onclick=\u00a0\u00bbcustom_link\u00a0\u00bb&#8230;<\/p>\n","protected":false},"author":7,"featured_media":0,"parent":0,"menu_order":0,"comment_status":"open","ping_status":"closed","template":"","meta":{"footnotes":""},"class_list":["post-32594","page","type-page","status-publish","hentry"],"yoast_head":"<!-- This site is optimized with the Yoast SEO plugin v27.4 - https:\/\/yoast.com\/product\/yoast-seo-wordpress\/ -->\n<title>Chi siamo - Orti di Mare<\/title>\n<meta name=\"description\" content=\"Siamo agricoltori e pensatori, gestiamo una fattoria biologica a Lacona, Isola d&#039;Elba, con Camping, Sosta Camper, Appartamenti, Ristoro rurale e Market Caf\u00e9\" \/>\n<meta name=\"robots\" content=\"index, follow, max-snippet:-1, max-image-preview:large, max-video-preview:-1\" \/>\n<link rel=\"canonical\" href=\"https:\/\/www.ortidimare.it\/fr\/qui-sommes-nous-2\/\" \/>\n<meta property=\"og:locale\" content=\"fr_FR\" \/>\n<meta property=\"og:type\" content=\"article\" \/>\n<meta property=\"og:title\" content=\"Chi siamo - Orti di Mare\" \/>\n<meta property=\"og:description\" content=\"Siamo agricoltori e pensatori, gestiamo una fattoria biologica a Lacona, Isola d&#039;Elba, con Camping, Sosta Camper, Appartamenti, Ristoro rurale e Market Caf\u00e9\" \/>\n<meta property=\"og:url\" content=\"https:\/\/www.ortidimare.it\/fr\/qui-sommes-nous-2\/\" \/>\n<meta property=\"og:site_name\" content=\"Orti di Mare\" \/>\n<meta property=\"article:modified_time\" content=\"2024-09-25T07:05:10+00:00\" \/>\n<meta property=\"og:image\" content=\"https:\/\/www.ortidimare.it\/wp-content\/uploads\/2015\/04\/14915199_1362143753858484_2660690015671577933_n1.jpg\" \/>\n\t<meta property=\"og:image:width\" content=\"720\" \/>\n\t<meta property=\"og:image:height\" content=\"540\" \/>\n\t<meta property=\"og:image:type\" content=\"image\/jpeg\" \/>\n<meta name=\"twitter:label1\" content=\"Dur\u00e9e de lecture estim\u00e9e\" \/>\n\t<meta name=\"twitter:data1\" content=\"6 minutes\" \/>\n<script type=\"application\/ld+json\" class=\"yoast-schema-graph\">{\"@context\":\"https:\\\/\\\/schema.org\",\"@graph\":[{\"@type\":\"WebPage\",\"@id\":\"https:\\\/\\\/www.ortidimare.it\\\/fr\\\/qui-sommes-nous-2\\\/\",\"url\":\"https:\\\/\\\/www.ortidimare.it\\\/fr\\\/qui-sommes-nous-2\\\/\",\"name\":\"Chi siamo - Orti di Mare\",\"isPartOf\":{\"@id\":\"https:\\\/\\\/www.ortidimare.it\\\/fr\\\/#website\"},\"datePublished\":\"2021-01-03T11:09:07+00:00\",\"dateModified\":\"2024-09-25T07:05:10+00:00\",\"description\":\"Siamo agricoltori e pensatori, gestiamo una fattoria biologica a Lacona, Isola d'Elba, con Camping, Sosta Camper, Appartamenti, Ristoro rurale e Market Caf\u00e9\",\"breadcrumb\":{\"@id\":\"https:\\\/\\\/www.ortidimare.it\\\/fr\\\/qui-sommes-nous-2\\\/#breadcrumb\"},\"inLanguage\":\"fr-FR\",\"potentialAction\":[{\"@type\":\"ReadAction\",\"target\":[\"https:\\\/\\\/www.ortidimare.it\\\/fr\\\/qui-sommes-nous-2\\\/\"]}]},{\"@type\":\"BreadcrumbList\",\"@id\":\"https:\\\/\\\/www.ortidimare.it\\\/fr\\\/qui-sommes-nous-2\\\/#breadcrumb\",\"itemListElement\":[{\"@type\":\"ListItem\",\"position\":1,\"name\":\"Home\",\"item\":\"https:\\\/\\\/www.ortidimare.it\\\/fr\\\/\"},{\"@type\":\"ListItem\",\"position\":2,\"name\":\"Qui sommes-nous\"}]},{\"@type\":\"WebSite\",\"@id\":\"https:\\\/\\\/www.ortidimare.it\\\/fr\\\/#website\",\"url\":\"https:\\\/\\\/www.ortidimare.it\\\/fr\\\/\",\"name\":\"Orti di Mare\",\"description\":\"Lacona - Isola d&#039;Elba\",\"publisher\":{\"@id\":\"https:\\\/\\\/www.ortidimare.it\\\/fr\\\/#organization\"},\"potentialAction\":[{\"@type\":\"SearchAction\",\"target\":{\"@type\":\"EntryPoint\",\"urlTemplate\":\"https:\\\/\\\/www.ortidimare.it\\\/fr\\\/?s={search_term_string}\"},\"query-input\":{\"@type\":\"PropertyValueSpecification\",\"valueRequired\":true,\"valueName\":\"search_term_string\"}}],\"inLanguage\":\"fr-FR\"},{\"@type\":\"Organization\",\"@id\":\"https:\\\/\\\/www.ortidimare.it\\\/fr\\\/#organization\",\"name\":\"Orti di Mare\",\"url\":\"https:\\\/\\\/www.ortidimare.it\\\/fr\\\/\",\"logo\":{\"@type\":\"ImageObject\",\"inLanguage\":\"fr-FR\",\"@id\":\"https:\\\/\\\/www.ortidimare.it\\\/fr\\\/#\\\/schema\\\/logo\\\/image\\\/\",\"url\":\"https:\\\/\\\/www.ortidimare.it\\\/wp-content\\\/uploads\\\/logo.jpg\",\"contentUrl\":\"https:\\\/\\\/www.ortidimare.it\\\/wp-content\\\/uploads\\\/logo.jpg\",\"width\":600,\"height\":600,\"caption\":\"Orti di Mare\"},\"image\":{\"@id\":\"https:\\\/\\\/www.ortidimare.it\\\/fr\\\/#\\\/schema\\\/logo\\\/image\\\/\"}}]}<\/script>\n<!-- \/ Yoast SEO plugin. -->","yoast_head_json":{"title":"Chi siamo - Orti di Mare","description":"Siamo agricoltori e pensatori, gestiamo una fattoria biologica a Lacona, Isola d'Elba, con Camping, Sosta Camper, Appartamenti, Ristoro rurale e Market Caf\u00e9","robots":{"index":"index","follow":"follow","max-snippet":"max-snippet:-1","max-image-preview":"max-image-preview:large","max-video-preview":"max-video-preview:-1"},"canonical":"https:\/\/www.ortidimare.it\/fr\/qui-sommes-nous-2\/","og_locale":"fr_FR","og_type":"article","og_title":"Chi siamo - Orti di Mare","og_description":"Siamo agricoltori e pensatori, gestiamo una fattoria biologica a Lacona, Isola d'Elba, con Camping, Sosta Camper, Appartamenti, Ristoro rurale e Market Caf\u00e9","og_url":"https:\/\/www.ortidimare.it\/fr\/qui-sommes-nous-2\/","og_site_name":"Orti di Mare","article_modified_time":"2024-09-25T07:05:10+00:00","og_image":[{"width":720,"height":540,"url":"https:\/\/www.ortidimare.it\/wp-content\/uploads\/2015\/04\/14915199_1362143753858484_2660690015671577933_n1.jpg","type":"image\/jpeg"}],"twitter_misc":{"Dur\u00e9e de lecture estim\u00e9e":"6 minutes"},"schema":{"@context":"https:\/\/schema.org","@graph":[{"@type":"WebPage","@id":"https:\/\/www.ortidimare.it\/fr\/qui-sommes-nous-2\/","url":"https:\/\/www.ortidimare.it\/fr\/qui-sommes-nous-2\/","name":"Chi siamo - Orti di Mare","isPartOf":{"@id":"https:\/\/www.ortidimare.it\/fr\/#website"},"datePublished":"2021-01-03T11:09:07+00:00","dateModified":"2024-09-25T07:05:10+00:00","description":"Siamo agricoltori e pensatori, gestiamo una fattoria biologica a Lacona, Isola d'Elba, con Camping, Sosta Camper, Appartamenti, Ristoro rurale e Market Caf\u00e9","breadcrumb":{"@id":"https:\/\/www.ortidimare.it\/fr\/qui-sommes-nous-2\/#breadcrumb"},"inLanguage":"fr-FR","potentialAction":[{"@type":"ReadAction","target":["https:\/\/www.ortidimare.it\/fr\/qui-sommes-nous-2\/"]}]},{"@type":"BreadcrumbList","@id":"https:\/\/www.ortidimare.it\/fr\/qui-sommes-nous-2\/#breadcrumb","itemListElement":[{"@type":"ListItem","position":1,"name":"Home","item":"https:\/\/www.ortidimare.it\/fr\/"},{"@type":"ListItem","position":2,"name":"Qui sommes-nous"}]},{"@type":"WebSite","@id":"https:\/\/www.ortidimare.it\/fr\/#website","url":"https:\/\/www.ortidimare.it\/fr\/","name":"Orti di Mare","description":"Lacona - Isola d&#039;Elba","publisher":{"@id":"https:\/\/www.ortidimare.it\/fr\/#organization"},"potentialAction":[{"@type":"SearchAction","target":{"@type":"EntryPoint","urlTemplate":"https:\/\/www.ortidimare.it\/fr\/?s={search_term_string}"},"query-input":{"@type":"PropertyValueSpecification","valueRequired":true,"valueName":"search_term_string"}}],"inLanguage":"fr-FR"},{"@type":"Organization","@id":"https:\/\/www.ortidimare.it\/fr\/#organization","name":"Orti di Mare","url":"https:\/\/www.ortidimare.it\/fr\/","logo":{"@type":"ImageObject","inLanguage":"fr-FR","@id":"https:\/\/www.ortidimare.it\/fr\/#\/schema\/logo\/image\/","url":"https:\/\/www.ortidimare.it\/wp-content\/uploads\/logo.jpg","contentUrl":"https:\/\/www.ortidimare.it\/wp-content\/uploads\/logo.jpg","width":600,"height":600,"caption":"Orti di Mare"},"image":{"@id":"https:\/\/www.ortidimare.it\/fr\/#\/schema\/logo\/image\/"}}]}},"_links":{"self":[{"href":"https:\/\/www.ortidimare.it\/fr\/wp-json\/wp\/v2\/pages\/32594","targetHints":{"allow":["GET"]}}],"collection":[{"href":"https:\/\/www.ortidimare.it\/fr\/wp-json\/wp\/v2\/pages"}],"about":[{"href":"https:\/\/www.ortidimare.it\/fr\/wp-json\/wp\/v2\/types\/page"}],"author":[{"embeddable":true,"href":"https:\/\/www.ortidimare.it\/fr\/wp-json\/wp\/v2\/users\/7"}],"replies":[{"embeddable":true,"href":"https:\/\/www.ortidimare.it\/fr\/wp-json\/wp\/v2\/comments?post=32594"}],"version-history":[{"count":5,"href":"https:\/\/www.ortidimare.it\/fr\/wp-json\/wp\/v2\/pages\/32594\/revisions"}],"predecessor-version":[{"id":35683,"href":"https:\/\/www.ortidimare.it\/fr\/wp-json\/wp\/v2\/pages\/32594\/revisions\/35683"}],"wp:attachment":[{"href":"https:\/\/www.ortidimare.it\/fr\/wp-json\/wp\/v2\/media?parent=32594"}],"curies":[{"name":"wp","href":"https:\/\/api.w.org\/{rel}","templated":true}]}}