{"id":31480,"date":"2017-10-27T08:30:26","date_gmt":"2017-10-27T08:30:26","guid":{"rendered":"http:\/\/www.ortidimare.it\/prezzi-e-prenotazioni-sosta-camper\/"},"modified":"2026-01-10T11:58:05","modified_gmt":"2026-01-10T10:58:05","slug":"stationnement-camping-car-tarifs-et-reservations","status":"publish","type":"page","link":"https:\/\/www.ortidimare.it\/fr\/stationnement-camping-car-tarifs-et-reservations\/","title":{"rendered":"Aire de Camping-car Low Cost <br\/>  Tarifs et r\u00e9servations"},"content":{"rendered":"<div class=\"wpb-content-wrapper\"><p>[vc_row css_animation=\u00a0\u00bb\u00a0\u00bb row_type=\u00a0\u00bbrow\u00a0\u00bb use_row_as_full_screen_section=\u00a0\u00bbno\u00a0\u00bb type=\u00a0\u00bbgrid\u00a0\u00bb angled_section=\u00a0\u00bbno\u00a0\u00bb text_align=\u00a0\u00bbleft\u00a0\u00bb background_image_as_pattern=\u00a0\u00bbwithout_pattern\u00a0\u00bb full_height=\u00a0\u00bbyes\u00a0\u00bb padding_top=\u00a0\u00bb0&Prime; padding_bottom=\u00a0\u00bb0&Prime;][vc_column offset=\u00a0\u00bbvc_hidden-xs\u00a0\u00bb][vc_separator type=\u00a0\u00bbtransparent\u00a0\u00bb thickness=\u00a0\u00bb30&Prime;]\n\t\t\t<!-- START Sosta camper REVOLUTION SLIDER 6.7.14 --><p class=\"rs-p-wp-fix\"><\/p>\n\t\t\t<rs-module-wrap id=\"rev_slider_8_1_wrapper\" data-source=\"gallery\" style=\"visibility:hidden;background:transparent;padding:0;margin:0px auto;margin-top:0;margin-bottom:0;\">\n\t\t\t\t<rs-module id=\"rev_slider_8_1\" style=\"\" data-version=\"6.7.14\">\n\t\t\t\t\t<rs-slides style=\"overflow: hidden; position: absolute;\">\n\t\t\t\t\t\t<rs-slide style=\"position: absolute;\" data-key=\"rs-61\" data-title=\"Slide\" data-thumb=\"\/\/www.ortidimare.it\/wp-content\/uploads\/2018\/12\/SOSTA_CAMPER_4-50x100.jpg\" data-in=\"o:0;\" data-out=\"a:false;\">\n\t\t\t\t\t\t\t<img decoding=\"async\" src=\"\/\/www.ortidimare.it\/wp-content\/plugins\/revslider\/sr6\/assets\/assets\/dummy.png\" alt=\"\" title=\"sosta_camper_4\" width=\"950\" height=\"570\" class=\"rev-slidebg tp-rs-img rs-lazyload\" data-lazyload=\"\/\/www.ortidimare.it\/wp-content\/uploads\/2018\/12\/SOSTA_CAMPER_4.jpg\" data-no-retina>\n<!---->\t\t\t\t\t<\/rs-slide>\n\t\t\t\t\t\t<rs-slide style=\"position: absolute;\" data-key=\"rs-62\" data-title=\"Slide\" data-thumb=\"\/\/www.ortidimare.it\/wp-content\/uploads\/2018\/12\/SOSTA_CAMPER_2-50x100.jpg\" data-anim=\"ms:1000;r:0;\" data-in=\"o:0;\" data-out=\"a:false;\">\n\t\t\t\t\t\t\t<img decoding=\"async\" src=\"\/\/www.ortidimare.it\/wp-content\/plugins\/revslider\/sr6\/assets\/assets\/dummy.png\" alt=\"\" title=\"sosta_camper_2\" width=\"950\" height=\"570\" class=\"rev-slidebg tp-rs-img rs-lazyload\" data-lazyload=\"\/\/www.ortidimare.it\/wp-content\/uploads\/2018\/12\/SOSTA_CAMPER_2.jpg\" data-no-retina>\n<!---->\t\t\t\t\t<\/rs-slide>\n\t\t\t\t\t\t<rs-slide style=\"position: absolute;\" data-key=\"rs-63\" data-title=\"Slide\" data-thumb=\"\/\/www.ortidimare.it\/wp-content\/uploads\/2020\/04\/SOSTA-CAMPER-20_03-50x100.jpg\" data-anim=\"ms:1000;r:0;\" data-in=\"o:0;\" data-out=\"a:false;\">\n\t\t\t\t\t\t\t<img decoding=\"async\" src=\"\/\/www.ortidimare.it\/wp-content\/plugins\/revslider\/sr6\/assets\/assets\/dummy.png\" alt=\"Sosta Camper di Orti di Mare\" title=\"Sosta Camper\" width=\"950\" height=\"534\" class=\"rev-slidebg tp-rs-img rs-lazyload\" data-lazyload=\"\/\/www.ortidimare.it\/wp-content\/uploads\/2020\/04\/SOSTA-CAMPER-20_03.jpg\" data-no-retina>\n<!---->\t\t\t\t\t<\/rs-slide>\n\t\t\t\t\t\t<rs-slide style=\"position: absolute;\" data-key=\"rs-132\" data-title=\"Slide\" data-thumb=\"\/\/www.ortidimare.it\/wp-content\/uploads\/2020\/11\/Sosta_camper-ingresso-50x100.jpg\" data-anim=\"ms:1000;r:0;\" data-in=\"o:0;\" data-out=\"a:false;\">\n\t\t\t\t\t\t\t<img decoding=\"async\" src=\"\/\/www.ortidimare.it\/wp-content\/plugins\/revslider\/sr6\/assets\/assets\/dummy.png\" alt=\"\" title=\"Aire de Camping-car Low Cost   Tarifs et r\u00e9servations\" class=\"rev-slidebg tp-rs-img rs-lazyload\" data-lazyload=\"\/\/www.ortidimare.it\/wp-content\/uploads\/2020\/11\/Sosta_camper-ingresso.jpg\" data-no-retina>\n<!---->\t\t\t\t\t<\/rs-slide>\n\t\t\t\t\t\t<rs-slide style=\"position: absolute;\" data-key=\"rs-64\" data-title=\"Slide\" data-thumb=\"\/\/www.ortidimare.it\/wp-content\/uploads\/2020\/04\/SOSTA-CAMPER-20_01-50x100.jpg\" data-anim=\"ms:1000;r:0;\" data-in=\"o:0;\" data-out=\"a:false;\">\n\t\t\t\t\t\t\t<img decoding=\"async\" src=\"\/\/www.ortidimare.it\/wp-content\/plugins\/revslider\/sr6\/assets\/assets\/dummy.png\" alt=\"Sosta Camper di Orti di Mare\" title=\"Sosta Camper\" width=\"950\" height=\"534\" class=\"rev-slidebg tp-rs-img rs-lazyload\" data-lazyload=\"\/\/www.ortidimare.it\/wp-content\/uploads\/2020\/04\/SOSTA-CAMPER-20_01.jpg\" data-no-retina>\n<!---->\t\t\t\t\t<\/rs-slide>\n\t\t\t\t\t\t<rs-slide style=\"position: absolute;\" data-key=\"rs-65\" data-title=\"Slide\" data-thumb=\"\/\/www.ortidimare.it\/wp-content\/uploads\/2020\/04\/SOSTA-CAMPER-20_02-50x100.jpg\" data-anim=\"ms:1000;r:0;\" data-in=\"o:0;\" data-out=\"a:false;\">\n\t\t\t\t\t\t\t<img decoding=\"async\" src=\"\/\/www.ortidimare.it\/wp-content\/plugins\/revslider\/sr6\/assets\/assets\/dummy.png\" alt=\"Sosta Camper di Orti di Mare\" title=\"Sosta Camper\" width=\"950\" height=\"534\" class=\"rev-slidebg tp-rs-img rs-lazyload\" data-lazyload=\"\/\/www.ortidimare.it\/wp-content\/uploads\/2020\/04\/SOSTA-CAMPER-20_02.jpg\" data-no-retina>\n<!---->\t\t\t\t\t<\/rs-slide>\n\t\t\t\t\t\t<rs-slide style=\"position: absolute;\" data-key=\"rs-280\" data-title=\"Slide\" data-thumb=\"\/\/www.ortidimare.it\/wp-content\/uploads\/SC-12-50x100.jpg\" data-anim=\"ms:1000,1000ms;r:0;\" data-in=\"o:0;e:d,d;\" data-out=\"e:d,d;\">\n\t\t\t\t\t\t\t<img decoding=\"async\" src=\"\/\/www.ortidimare.it\/wp-content\/plugins\/revslider\/sr6\/assets\/assets\/dummy.png\" alt=\"\" title=\"Area Sosta\" width=\"1024\" height=\"768\" class=\"rev-slidebg tp-rs-img rs-lazyload\" data-lazyload=\"\/\/www.ortidimare.it\/wp-content\/uploads\/SC-12.jpg\" data-no-retina>\n<!---->\t\t\t\t\t<\/rs-slide>\n\t\t\t\t\t<\/rs-slides>\n\t\t\t\t\t<rs-static-layers><!--\n\t\t\t\t\t--><\/rs-static-layers>\n\t\t\t\t<\/rs-module>\n\t\t\t\t<script>\n\t\t\t\t\tsetREVStartSize({c: 'rev_slider_8_1',rl:[1240,1024,778,480],el:[750],gw:[1240],gh:[750],type:'standard',justify:'',layout:'fullwidth',mh:\"0\"});if (window.RS_MODULES!==undefined && window.RS_MODULES.modules!==undefined && window.RS_MODULES.modules[\"revslider81\"]!==undefined) {window.RS_MODULES.modules[\"revslider81\"].once = false;window.revapi8 = undefined;if (window.RS_MODULES.checkMinimal!==undefined) window.RS_MODULES.checkMinimal()}\n\t\t\t\t<\/script>\n\t\t\t<\/rs-module-wrap>\n\t\t\t<!-- END REVOLUTION SLIDER -->\n[\/vc_column][\/vc_row][vc_row css_animation=\u00a0\u00bb\u00a0\u00bb row_type=\u00a0\u00bbrow\u00a0\u00bb use_row_as_full_screen_section=\u00a0\u00bbno\u00a0\u00bb type=\u00a0\u00bbgrid\u00a0\u00bb angled_section=\u00a0\u00bbno\u00a0\u00bb text_align=\u00a0\u00bbleft\u00a0\u00bb background_image_as_pattern=\u00a0\u00bbwithout_pattern\u00a0\u00bb full_height=\u00a0\u00bbyes\u00a0\u00bb padding_top=\u00a0\u00bb0&Prime; padding_bottom=\u00a0\u00bb0&Prime;][vc_column width=\u00a0\u00bb1\/4&Prime;][vc_separator type=\u00a0\u00bbtransparent\u00a0\u00bb thickness=\u00a0\u00bb30&Prime;][vc_single_image image=\u00a0\u00bb36344&Prime; img_size=\u00a0\u00bblarge\u00a0\u00bb css=\u00a0\u00bb\u00a0\u00bb qode_css_animation=\u00a0\u00bb\u00a0\u00bb][\/vc_column][vc_column width=\u00a0\u00bb3\/4&Prime;][vc_separator type=\u00a0\u00bbtransparent\u00a0\u00bb thickness=\u00a0\u00bb30&Prime;][vc_column_text css=\u00a0\u00bb\u00a0\u00bb]<span style=\"color: #699519;\">\u2665<\/span>\u00a0 L\u2019<strong>aire de stationnement LOW COST<\/strong> est un espace, donnant sur une oliveraie, sp\u00e9cialement \u00e9quip\u00e9 pour les camping-cars, avec <strong>branchement \u00e9lectrique<\/strong>, <strong>arriv\u00e9e d\u2019eau<\/strong> et <strong>\u00e9vacuation des eaux us\u00e9es<\/strong>. <span style=\"font-weight: 400;\">Il est possible d\u2019<strong>ouvrir l&rsquo;auvent<\/strong> du camping-car.<\/span><\/p>\n<p><span style=\"color: #699519;\">\u2665 <\/span>Cet espace <strong><span style=\"text-decoration: underline;\">ne dispose pas de sanitaires ni de douches<\/span><\/strong>. Les personnes s\u00e9journant dans l&rsquo;aire de stationnement camping-car ne peuvent pas utiliser les salles de bains et les douches du camping.<\/p>\n<p><span style=\"color: #699519;\">\u2665<\/span> Cet espace se trouve \u00e0 environ <strong>500 m\u00e8tres<\/strong> de la <strong>plage de Lacona<\/strong>, accessible \u00e0 pied en 7\/8 minutes. La <strong>plage de Margidore<\/strong> se trouve \u00e0 environ <strong> 15 minutes<\/strong> \u00e0 pied.<\/p>\n<p><span style=\"color: #ffffff;\">\u00a0\u00a0<\/span><\/p>\n<p><span style=\"color: #699519;\"><strong>ATTENTION ! <\/strong><\/span>\u00a0<span style=\"color: #ffffff;\">\u00a0<\/span><span style=\"color: #699519;\"><strong>SI VOUS RECHERCHEZ UN EMPLACEMENT EN CAMPING<\/strong><\/span>, avec l&rsquo;utilisation des salles de bain, envoyez votre demande depuis<span style=\"color: #699519;\"> <strong><a style=\"color: #699519;\" title=\"Le camping\" href=\"https:\/\/www.ortidimare.it\/fr\/camping-tarifs-et-reservations\/\">cette page<\/a><\/strong>.<\/span>[\/vc_column_text][vc_separator type=\u00a0\u00bbtransparent\u00a0\u00bb thickness=\u00a0\u00bb5&Prime;]<a  itemprop=\"url\" href=\"http:\/\/www.ortidimare.it\/portfolio_page\/la-sosta-camper\/\" target=\"_blank\" data-hover-background-color='#705c53'  class=\"qbutton  large default\" style=\"font-style: normal; background-color: #699519;\">Voir la galerie photos<i class=\"qode_icon_font_awesome fa fa-camera qode_button_icon_element\" style=\"color: #ffffff;\" ><\/i><\/a>[vc_separator type=\u00a0\u00bbtransparent\u00a0\u00bb thickness=\u00a0\u00bb30&Prime;][\/vc_column][\/vc_row][vc_row css_animation=\u00a0\u00bb\u00a0\u00bb row_type=\u00a0\u00bbrow\u00a0\u00bb use_row_as_full_screen_section=\u00a0\u00bbno\u00a0\u00bb type=\u00a0\u00bbgrid\u00a0\u00bb angled_section=\u00a0\u00bbno\u00a0\u00bb text_align=\u00a0\u00bbleft\u00a0\u00bb background_image_as_pattern=\u00a0\u00bbwithout_pattern\u00a0\u00bb][vc_column][vc_column_text css=\u00a0\u00bb.vc_custom_1768042683554{padding-top: 15px !important;padding-right: 15px !important;padding-bottom: 15px !important;padding-left: 15px !important;background-color: #705c53 !important;}\u00a0\u00bb]<\/p>\n<p style=\"text-align: center; color: #fff;\">Les r\u00e9servations pour l&rsquo;ann\u00e9e 2026 auront lieu \u00e0 partir du 11 novembre 2025.<\/p>\n<p style=\"text-align: center; color: #fff;\">L&rsquo;Agriturismo Orti di Mare est actuellement ferm\u00e9 et rouvrira le 10 mars 2026.<\/p>\n<p>[\/vc_column_text][vc_separator type=\u00a0\u00bbtransparent\u00a0\u00bb thickness=\u00a0\u00bb30&Prime;][vc_column_text css=\u00a0\u00bb\u00a0\u00bb]<\/p>\n<h2><strong><img loading=\"lazy\" decoding=\"async\" class=\"alignleft size-full wp-image-16618\" src=\"http:\/\/www.ortidimare.it\/wp-content\/uploads\/2015\/04\/icone-camper.png\" alt=\"Sosta Camper Orti di Mare: camper, roulotte\" width=\"134\" height=\"50\" \/>Tarifs 2026<\/strong><\/h2>\n<p>[\/vc_column_text][vc_separator type=\u00a0\u00bbtransparent\u00a0\u00bb thickness=\u00a0\u00bb20&Prime;][vc_column_text]<strong>TARIFS JOURNALIERS<\/strong> incluant service camping-car et taxes[\/vc_column_text][vc_separator type=\u00a0\u00bbtransparent\u00a0\u00bb thickness=\u00a0\u00bb5&Prime;][vc_column_text css=\u00a0\u00bb\u00a0\u00bb]<div id=\"tablepress-108-scroll-wrapper\" class=\"tablepress-scroll-wrapper\">\n\n<table id=\"tablepress-108\" class=\"tablepress tablepress-id-108 table6col tablepress-responsive\">\n<thead>\n<tr class=\"row-1\">\n\t<th class=\"column-1\">P\u00c9RIODE<\/th><th class=\"column-2\">CAMPER<\/th><th class=\"column-3\">MAXI<\/th><th class=\"column-4\">PERSONNE<\/th><th class=\"column-5\">BRANCHEMENT<br \/>\n\u00c9LECTRIQUE<\/th><th class=\"column-6\">CHIEN<\/th>\n<\/tr>\n<\/thead>\n<tbody class=\"row-striping row-hover\">\n<tr class=\"row-2\">\n\t<td class=\"column-1\">01\/10 - 23\/12<br \/>\n06\/01 - 15\/06<\/td><td class=\"column-2\">7,00 \u20ac<\/td><td class=\"column-3\">4,00 \u20ac<\/td><td class=\"column-4\">3,00 \u20ac<\/td><td class=\"column-5\">7,00 \u20ac<\/td><td class=\"column-6\">2,50 \u20ac<\/td>\n<\/tr>\n<tr class=\"row-3\">\n\t<td class=\"column-1\">16\/06 - 15\/07<br \/>\n24\/12 - 05\/01<\/td><td class=\"column-2\">10,00 \u20ac<\/td><td class=\"column-3\">6,00 \u20ac<\/td><td class=\"column-4\">3,00 \u20ac<\/td><td class=\"column-5\">7,00 \u20ac<\/td><td class=\"column-6\">2,50 \u20ac<\/td>\n<\/tr>\n<tr class=\"row-4\">\n\t<td class=\"column-1\">16\/07 - 31\/08<\/td><td class=\"column-2\">15,00 \u20ac<\/td><td class=\"column-3\">7,00 \u20ac<\/td><td class=\"column-4\">3,00 \u20ac<\/td><td class=\"column-5\">7,00 \u20ac<\/td><td class=\"column-6\">2,50 \u20ac<\/td>\n<\/tr>\n<tr class=\"row-5\">\n\t<td class=\"column-1\">01\/09 - 30\/09<\/td><td class=\"column-2\">9,00 \u20ac<\/td><td class=\"column-3\">5,00 \u20ac<\/td><td class=\"column-4\">3,00 \u20ac<\/td><td class=\"column-5\">7,00 \u20ac<\/td><td class=\"column-6\">2,50 \u20ac<\/td>\n<\/tr>\n<\/tbody>\n<\/table>\n\n<\/div><!-- #tablepress-108 from cache -->[\/vc_column_text][vc_separator type=\u00a0\u00bbtransparent\u00a0\u00bb thickness=\u00a0\u00bb20&Prime;][vc_column_text]<strong>*<\/strong> Les emplacements\u00a0<b>MAXI\u00a0<\/b>sont deux fois plus grands que les emplacements standard.<br \/>\n<span style=\"color: #ffffff;\">\u00a0<\/span><br \/>\n<strong>Frais de dossier<\/strong>: 15 \u20ac<br \/>\n<span style=\"color: #ffffff;\">\u00a0<\/span><br \/>\n<span style=\"color: #699519;\"><strong>Check-in :\u00a0<\/strong><\/span> l&#8217;emplacement est disponible \u00e0 partir de <strong>15h00<\/strong>.<br \/>\n<span style=\"color: #699519;\"><strong>Check-out :\u00a0<\/strong><\/span>le paiement s&rsquo;effectue la veille du d\u00e9part. L&#8217;emplacement doit \u00eatre lib\u00e9r\u00e9 au plus tard \u00e0 <strong>14h00<\/strong>.<\/p>\n<p><span style=\"color: #ffffff;\">\u00a0<\/span><\/p>\n<p class=\"p1\"><span style=\"color: #699519;\"><strong>CONDITIONS DE R\u00c9SERVATION ET D&rsquo;ANNULATION<\/strong><\/span><\/p>\n<ul>\n<li>Les frais de r\u00e9servation s\u2019\u00e9l\u00e8vent \u00e0 <strong>15 euros<\/strong> \u00e0 payer \u00e0 la fin du s\u00e9jour avec le montant d\u00fb.<\/li>\n<li><strong>Aucun paiement anticip\u00e9<\/strong> n&rsquo;est requis au moment de la r\u00e9servation.<\/li>\n<li>Jusqu&rsquo;\u00e0 <strong>1 semaine<\/strong> avant la date d&rsquo;arriv\u00e9e, il est possible d\u2019annuler sans frais.<\/li>\n<li>Apr\u00e8s cette date, toute annulation &#8211; ou en cas de <strong>arriv\u00e9e tardive <\/strong>ou\u00a0de <strong>non-pr\u00e9sentation<\/strong> du client &#8211; entra\u00eenera un paiement de <strong>50 % <\/strong>de la p\u00e9riode r\u00e9serv\u00e9e et non utilis\u00e9e.<\/li>\n<li>Il <strong>n&rsquo;est pas possible de r\u00e9server en m\u00eame temps pour d&rsquo;autres clients<\/strong>.<\/li>\n<\/ul>\n<p>[\/vc_column_text][\/vc_column][\/vc_row][vc_row css_animation=\u00a0\u00bb\u00a0\u00bb row_type=\u00a0\u00bbrow\u00a0\u00bb use_row_as_full_screen_section=\u00a0\u00bbno\u00a0\u00bb type=\u00a0\u00bbgrid\u00a0\u00bb angled_section=\u00a0\u00bbno\u00a0\u00bb text_align=\u00a0\u00bbleft\u00a0\u00bb background_image_as_pattern=\u00a0\u00bbwithout_pattern\u00a0\u00bb][vc_column][vc_separator type=\u00a0\u00bbnormal\u00a0\u00bb color=\u00a0\u00bb#699519&Prime; thickness=\u00a0\u00bb2&Prime; up=\u00a0\u00bb20&Prime; down=\u00a0\u00bb10&Prime;][vc_column_text]<\/p>\n<h3 style=\"text-align: center;\">Vous trouverez <a style=\"color: #699519;\" href=\"http:\/\/www.ortidimare.it\/faq\/\">ici<\/a> nos r\u00e9ponses aux questions les plus fr\u00e9quentes<\/h3>\n<p>[\/vc_column_text][vc_separator type=\u00a0\u00bbnormal\u00a0\u00bb color=\u00a0\u00bb#699519&Prime; thickness=\u00a0\u00bb2&Prime; up=\u00a0\u00bb10&Prime; down=\u00a0\u00bb20&Prime;]\n<div class=\"wpcf7 no-js\" id=\"wpcf7-f31542-o1\" lang=\"it-IT\" dir=\"ltr\" data-wpcf7-id=\"31542\">\n<div class=\"screen-reader-response\"><p role=\"status\" aria-live=\"polite\" aria-atomic=\"true\"><\/p> <ul><\/ul><\/div>\n<form action=\"\/fr\/wp-json\/wp\/v2\/pages\/31480#wpcf7-f31542-o1\" method=\"post\" class=\"wpcf7-form init default\" aria-label=\"Modulo di contatto\" novalidate=\"novalidate\" data-status=\"init\">\n<fieldset class=\"hidden-fields-container\"><input type=\"hidden\" name=\"_wpcf7\" value=\"31542\" \/><input type=\"hidden\" name=\"_wpcf7_version\" value=\"6.1.5\" \/><input type=\"hidden\" name=\"_wpcf7_locale\" value=\"it_IT\" \/><input type=\"hidden\" name=\"_wpcf7_unit_tag\" value=\"wpcf7-f31542-o1\" \/><input type=\"hidden\" name=\"_wpcf7_container_post\" value=\"0\" \/><input type=\"hidden\" name=\"_wpcf7_posted_data_hash\" value=\"\" \/><input type=\"hidden\" name=\"_wpcf7_recaptcha_response\" value=\"\" \/>\n<\/fieldset>\n<h2>DEMANDE DE DISPONIBILIT\u00c9\n<\/h2>\n<p><strong>Les champs marqu\u00e9s d'un ast\u00e9risque <i class=\"fa fa-asterisk\"><\/i> sont obligatoires.<\/strong>\n<\/p>\n<p><i class=\"fa fa-asterisk\"><\/i> Pr\u00e9nom\n<\/p>\n<p><span class=\"wpcf7-form-control-wrap\" data-name=\"nome\"><input size=\"40\" maxlength=\"400\" class=\"wpcf7-form-control wpcf7-text wpcf7-validates-as-required\" aria-required=\"true\" aria-invalid=\"false\" value=\"\" type=\"text\" name=\"nome\" \/><\/span>\n<\/p>\n<p><i class=\"fa fa-asterisk\"><\/i> Nom de famille\n<\/p>\n<p><span class=\"wpcf7-form-control-wrap\" data-name=\"cognome\"><input size=\"40\" maxlength=\"400\" class=\"wpcf7-form-control wpcf7-text wpcf7-validates-as-required\" aria-required=\"true\" aria-invalid=\"false\" value=\"\" type=\"text\" name=\"cognome\" \/><\/span>\n<\/p>\n<p><i class=\"fa fa-asterisk\"><\/i> e-mail\n<\/p>\n<p><span class=\"wpcf7-form-control-wrap\" data-name=\"mail\"><input size=\"40\" maxlength=\"400\" class=\"wpcf7-form-control wpcf7-email wpcf7-validates-as-required wpcf7-text wpcf7-validates-as-email\" aria-required=\"true\" aria-invalid=\"false\" value=\"\" type=\"email\" name=\"mail\" \/><\/span>\n<\/p>\n<p> T\u00e9l\u00e9phone portable\n<\/p>\n<p><span class=\"wpcf7-form-control-wrap\" data-name=\"telefono\"><input size=\"40\" maxlength=\"400\" class=\"wpcf7-form-control wpcf7-text\" aria-invalid=\"false\" value=\"\" type=\"text\" name=\"telefono\" \/><\/span>\n<\/p>\n<p><i class=\"fa fa-asterisk\"><\/i> Date d'arriv\u00e9e\n<\/p>\n<p><span class=\"wpcf7-form-control-wrap\" data-name=\"data-arrivo\"><input size=\"40\" maxlength=\"400\" class=\"wpcf7-form-control wpcf7-text wpcf7-validates-as-required\" aria-required=\"true\" aria-invalid=\"false\" placeholder=\"JJ\/MM\/AAAA\" value=\"\" type=\"text\" name=\"data-arrivo\" \/><\/span>\n<\/p>\n<p><i class=\"fa fa-asterisk\"><\/i> Date de d\u00e9part\n<\/p>\n<p><span class=\"wpcf7-form-control-wrap\" data-name=\"data-partenza\"><input size=\"40\" maxlength=\"400\" class=\"wpcf7-form-control wpcf7-text wpcf7-validates-as-required\" aria-required=\"true\" aria-invalid=\"false\" placeholder=\"JJ\/MM\/AAAA\" value=\"\" type=\"text\" name=\"data-partenza\" \/><\/span>\n<\/p>\n<p><i class=\"fa fa-asterisk\"><\/i> Longeur Camping-car \/ Caravane\n<\/p>\n<p><span class=\"wpcf7-form-control-wrap\" data-name=\"dimensioni\"><input size=\"40\" maxlength=\"400\" class=\"wpcf7-form-control wpcf7-text wpcf7-validates-as-required\" aria-required=\"true\" aria-invalid=\"false\" value=\"\" type=\"text\" name=\"dimensioni\" \/><\/span>\n<\/p>\n<p><i class=\"fa fa-asterisk\"><\/i> Personnes (y compris les enfants et les b\u00e9b\u00e9s)\n<\/p>\n<p><span class=\"wpcf7-form-control-wrap\" data-name=\"adulti\"><select class=\"wpcf7-form-control wpcf7-select wpcf7-validates-as-required\" aria-required=\"true\" aria-invalid=\"false\" name=\"adulti\"><option value=\"1\">1<\/option><option value=\"2\">2<\/option><option value=\"3\">3<\/option><option value=\"4\">4<\/option><option value=\"5\">5<\/option><option value=\"6\">6<\/option><option value=\"7\">7<\/option><option value=\"8\">8<\/option><\/select><\/span>\n<\/p>\n<p>Chiens\n<\/p>\n<p><span class=\"wpcf7-form-control-wrap\" data-name=\"cani\"><select class=\"wpcf7-form-control wpcf7-select\" aria-invalid=\"false\" name=\"cani\"><option value=\"\"><\/option><option value=\"1\">1<\/option><option value=\"2\">2<\/option><option value=\"3\">3<\/option><option value=\"4\">4<\/option><\/select><\/span>\n<\/p>\n<p>Message (On parle anglais, italien et allemande)\n<\/p>\n<p><span class=\"wpcf7-form-control-wrap\" data-name=\"messaggio\"><textarea cols=\"40\" rows=\"10\" maxlength=\"2000\" class=\"wpcf7-form-control wpcf7-textarea\" aria-invalid=\"false\" name=\"messaggio\"><\/textarea><\/span>\n<\/p>\n<p><i class=\"fa fa-asterisk\"><\/i> R\u00e9ponse en\n<\/p>\n<p><span class=\"wpcf7-form-control-wrap\" data-name=\"risposta\"><select class=\"wpcf7-form-control wpcf7-select wpcf7-validates-as-required\" aria-required=\"true\" aria-invalid=\"false\" name=\"risposta\"><option value=\"Anglais\">Anglais<\/option><option value=\"Italien\">Italien<\/option><option value=\"Allemand\">Allemand<\/option><\/select><\/span>\n<\/p>\n<p><i class=\"fa fa-asterisk\"><\/i> Merci de lire la <a href=\"\/wp-content\/uploads\/privacy-policy.pdf\" target=\"_blank\"> note d\u2019information sur le traitement des donn\u00e9es personnelles<\/a>.<br \/>\n<span class=\"wpcf7-form-control-wrap\" data-name=\"accettazione\"><span class=\"wpcf7-form-control wpcf7-acceptance\"><span class=\"wpcf7-list-item\"><label><input type=\"checkbox\" name=\"accettazione\" value=\"1\" aria-invalid=\"false\" \/><span class=\"wpcf7-list-item-label\">J\u2019ai pris connaissance et j\u2019accepte le traitement de mes donn\u00e9es personnelles conform\u00e9ment \u00e0 l\u2019article 13 du R\u00e8glement UE 2016\/679 (\"GDPR\") et du d\u00e9cret l\u00e9gislatif n\u00b0 196 du 30.06.2003, tel que modifi\u00e9 et compl\u00e9t\u00e9 par le d\u00e9cret l\u00e9gislatif n\u00b0 101 du 10.08.2018 (\"Code sur le respect de la vie priv\u00e9e\")<\/span><\/label><\/span><\/span><\/span>\n<\/p>\n<p><input class=\"wpcf7-form-control wpcf7-submit has-spinner\" type=\"submit\" value=\"Envoyer\" \/>\n<\/p><input type='hidden' class='wpcf7-pum' value='{\"closepopup\":false,\"closedelay\":0,\"openpopup\":false,\"openpopup_id\":0}' \/><div class=\"wpcf7-response-output\" aria-hidden=\"true\"><\/div>\n<\/form>\n<\/div>\n[vc_separator type=\u00a0\u00bbtransparent\u00a0\u00bb up=\u00a0\u00bb15&Prime; down=\u00a0\u00bb15&Prime;][\/vc_column][\/vc_row]<\/p>\n<\/div>","protected":false},"excerpt":{"rendered":"<p>[vc_row css_animation=\u00a0\u00bb\u00a0\u00bb row_type=\u00a0\u00bbrow\u00a0\u00bb use_row_as_full_screen_section=\u00a0\u00bbno\u00a0\u00bb type=\u00a0\u00bbgrid\u00a0\u00bb angled_section=\u00a0\u00bbno\u00a0\u00bb text_align=\u00a0\u00bbleft\u00a0\u00bb background_image_as_pattern=\u00a0\u00bbwithout_pattern\u00a0\u00bb full_height=\u00a0\u00bbyes\u00a0\u00bb padding_top=\u00a0\u00bb0&Prime; padding_bottom=\u00a0\u00bb0&Prime;][vc_column offset=\u00a0\u00bbvc_hidden-xs\u00a0\u00bb][vc_separator type=\u00a0\u00bbtransparent\u00a0\u00bb thickness=\u00a0\u00bb30&Prime;][\/vc_column][\/vc_row][vc_row css_animation=\u00a0\u00bb\u00a0\u00bb&#8230;<\/p>\n","protected":false},"author":7,"featured_media":0,"parent":0,"menu_order":0,"comment_status":"open","ping_status":"closed","template":"full_width.php","meta":{"footnotes":""},"class_list":["post-31480","page","type-page","status-publish","hentry"],"yoast_head":"<!-- This site is optimized with the Yoast SEO plugin v27.4 - https:\/\/yoast.com\/product\/yoast-seo-wordpress\/ -->\n<title>Sosta Camper, listino prezzi e prenotazione - Orti di Mare<\/title>\n<meta name=\"description\" content=\"Consulta i prezzi area Sosta Camper low cost: a due passi dal mare e dal nostro ristoro rurale con market.\u00a0Aperto tutto l&#039;anno.\" \/>\n<meta name=\"robots\" content=\"index, follow, max-snippet:-1, max-image-preview:large, max-video-preview:-1\" \/>\n<link rel=\"canonical\" href=\"https:\/\/www.ortidimare.it\/fr\/stationnement-camping-car-tarifs-et-reservations\/\" \/>\n<meta property=\"og:locale\" content=\"fr_FR\" \/>\n<meta property=\"og:type\" content=\"article\" \/>\n<meta property=\"og:title\" content=\"Sosta Camper, listino prezzi e prenotazione - Orti di Mare\" \/>\n<meta property=\"og:description\" content=\"Consulta i prezzi area Sosta Camper low cost: a due passi dal mare e dal nostro ristoro rurale con market.\u00a0Aperto tutto l&#039;anno.\" \/>\n<meta property=\"og:url\" content=\"https:\/\/www.ortidimare.it\/fr\/stationnement-camping-car-tarifs-et-reservations\/\" \/>\n<meta property=\"og:site_name\" content=\"Orti di Mare\" \/>\n<meta property=\"article:modified_time\" content=\"2026-01-10T10:58:05+00:00\" \/>\n<meta property=\"og:image\" content=\"http:\/\/www.ortidimare.it\/wp-content\/uploads\/2015\/04\/icone-camper.png\" \/>\n<meta name=\"twitter:label1\" content=\"Dur\u00e9e de lecture estim\u00e9e\" \/>\n\t<meta name=\"twitter:data1\" content=\"3 minutes\" \/>\n<script type=\"application\/ld+json\" class=\"yoast-schema-graph\">{\"@context\":\"https:\\\/\\\/schema.org\",\"@graph\":[{\"@type\":\"WebPage\",\"@id\":\"https:\\\/\\\/www.ortidimare.it\\\/fr\\\/stationnement-camping-car-tarifs-et-reservations\\\/\",\"url\":\"https:\\\/\\\/www.ortidimare.it\\\/fr\\\/stationnement-camping-car-tarifs-et-reservations\\\/\",\"name\":\"Sosta Camper, listino prezzi e prenotazione - Orti di Mare\",\"isPartOf\":{\"@id\":\"https:\\\/\\\/www.ortidimare.it\\\/fr\\\/#website\"},\"primaryImageOfPage\":{\"@id\":\"https:\\\/\\\/www.ortidimare.it\\\/fr\\\/stationnement-camping-car-tarifs-et-reservations\\\/#primaryimage\"},\"image\":{\"@id\":\"https:\\\/\\\/www.ortidimare.it\\\/fr\\\/stationnement-camping-car-tarifs-et-reservations\\\/#primaryimage\"},\"thumbnailUrl\":\"http:\\\/\\\/www.ortidimare.it\\\/wp-content\\\/uploads\\\/2015\\\/04\\\/icone-camper.png\",\"datePublished\":\"2017-10-27T08:30:26+00:00\",\"dateModified\":\"2026-01-10T10:58:05+00:00\",\"description\":\"Consulta i prezzi area Sosta Camper low cost: a due passi dal mare e dal nostro ristoro rurale con market.\u00a0Aperto tutto l'anno.\",\"breadcrumb\":{\"@id\":\"https:\\\/\\\/www.ortidimare.it\\\/fr\\\/stationnement-camping-car-tarifs-et-reservations\\\/#breadcrumb\"},\"inLanguage\":\"fr-FR\",\"potentialAction\":[{\"@type\":\"ReadAction\",\"target\":[\"https:\\\/\\\/www.ortidimare.it\\\/fr\\\/stationnement-camping-car-tarifs-et-reservations\\\/\"]}]},{\"@type\":\"ImageObject\",\"inLanguage\":\"fr-FR\",\"@id\":\"https:\\\/\\\/www.ortidimare.it\\\/fr\\\/stationnement-camping-car-tarifs-et-reservations\\\/#primaryimage\",\"url\":\"http:\\\/\\\/www.ortidimare.it\\\/wp-content\\\/uploads\\\/2015\\\/04\\\/icone-camper.png\",\"contentUrl\":\"http:\\\/\\\/www.ortidimare.it\\\/wp-content\\\/uploads\\\/2015\\\/04\\\/icone-camper.png\"},{\"@type\":\"BreadcrumbList\",\"@id\":\"https:\\\/\\\/www.ortidimare.it\\\/fr\\\/stationnement-camping-car-tarifs-et-reservations\\\/#breadcrumb\",\"itemListElement\":[{\"@type\":\"ListItem\",\"position\":1,\"name\":\"Home\",\"item\":\"https:\\\/\\\/www.ortidimare.it\\\/fr\\\/\"},{\"@type\":\"ListItem\",\"position\":2,\"name\":\"Aire de Camping-car Low Cost Tarifs et r\u00e9servations\"}]},{\"@type\":\"WebSite\",\"@id\":\"https:\\\/\\\/www.ortidimare.it\\\/fr\\\/#website\",\"url\":\"https:\\\/\\\/www.ortidimare.it\\\/fr\\\/\",\"name\":\"Orti di Mare\",\"description\":\"Lacona - Isola d&#039;Elba\",\"publisher\":{\"@id\":\"https:\\\/\\\/www.ortidimare.it\\\/fr\\\/#organization\"},\"potentialAction\":[{\"@type\":\"SearchAction\",\"target\":{\"@type\":\"EntryPoint\",\"urlTemplate\":\"https:\\\/\\\/www.ortidimare.it\\\/fr\\\/?s={search_term_string}\"},\"query-input\":{\"@type\":\"PropertyValueSpecification\",\"valueRequired\":true,\"valueName\":\"search_term_string\"}}],\"inLanguage\":\"fr-FR\"},{\"@type\":\"Organization\",\"@id\":\"https:\\\/\\\/www.ortidimare.it\\\/fr\\\/#organization\",\"name\":\"Orti di Mare\",\"url\":\"https:\\\/\\\/www.ortidimare.it\\\/fr\\\/\",\"logo\":{\"@type\":\"ImageObject\",\"inLanguage\":\"fr-FR\",\"@id\":\"https:\\\/\\\/www.ortidimare.it\\\/fr\\\/#\\\/schema\\\/logo\\\/image\\\/\",\"url\":\"https:\\\/\\\/www.ortidimare.it\\\/wp-content\\\/uploads\\\/logo.jpg\",\"contentUrl\":\"https:\\\/\\\/www.ortidimare.it\\\/wp-content\\\/uploads\\\/logo.jpg\",\"width\":600,\"height\":600,\"caption\":\"Orti di Mare\"},\"image\":{\"@id\":\"https:\\\/\\\/www.ortidimare.it\\\/fr\\\/#\\\/schema\\\/logo\\\/image\\\/\"}}]}<\/script>\n<!-- \/ Yoast SEO plugin. -->","yoast_head_json":{"title":"Sosta Camper, listino prezzi e prenotazione - Orti di Mare","description":"Consulta i prezzi area Sosta Camper low cost: a due passi dal mare e dal nostro ristoro rurale con market.\u00a0Aperto tutto l'anno.","robots":{"index":"index","follow":"follow","max-snippet":"max-snippet:-1","max-image-preview":"max-image-preview:large","max-video-preview":"max-video-preview:-1"},"canonical":"https:\/\/www.ortidimare.it\/fr\/stationnement-camping-car-tarifs-et-reservations\/","og_locale":"fr_FR","og_type":"article","og_title":"Sosta Camper, listino prezzi e prenotazione - Orti di Mare","og_description":"Consulta i prezzi area Sosta Camper low cost: a due passi dal mare e dal nostro ristoro rurale con market.\u00a0Aperto tutto l'anno.","og_url":"https:\/\/www.ortidimare.it\/fr\/stationnement-camping-car-tarifs-et-reservations\/","og_site_name":"Orti di Mare","article_modified_time":"2026-01-10T10:58:05+00:00","og_image":[{"url":"http:\/\/www.ortidimare.it\/wp-content\/uploads\/2015\/04\/icone-camper.png","type":"","width":"","height":""}],"twitter_misc":{"Dur\u00e9e de lecture estim\u00e9e":"3 minutes"},"schema":{"@context":"https:\/\/schema.org","@graph":[{"@type":"WebPage","@id":"https:\/\/www.ortidimare.it\/fr\/stationnement-camping-car-tarifs-et-reservations\/","url":"https:\/\/www.ortidimare.it\/fr\/stationnement-camping-car-tarifs-et-reservations\/","name":"Sosta Camper, listino prezzi e prenotazione - Orti di Mare","isPartOf":{"@id":"https:\/\/www.ortidimare.it\/fr\/#website"},"primaryImageOfPage":{"@id":"https:\/\/www.ortidimare.it\/fr\/stationnement-camping-car-tarifs-et-reservations\/#primaryimage"},"image":{"@id":"https:\/\/www.ortidimare.it\/fr\/stationnement-camping-car-tarifs-et-reservations\/#primaryimage"},"thumbnailUrl":"http:\/\/www.ortidimare.it\/wp-content\/uploads\/2015\/04\/icone-camper.png","datePublished":"2017-10-27T08:30:26+00:00","dateModified":"2026-01-10T10:58:05+00:00","description":"Consulta i prezzi area Sosta Camper low cost: a due passi dal mare e dal nostro ristoro rurale con market.\u00a0Aperto tutto l'anno.","breadcrumb":{"@id":"https:\/\/www.ortidimare.it\/fr\/stationnement-camping-car-tarifs-et-reservations\/#breadcrumb"},"inLanguage":"fr-FR","potentialAction":[{"@type":"ReadAction","target":["https:\/\/www.ortidimare.it\/fr\/stationnement-camping-car-tarifs-et-reservations\/"]}]},{"@type":"ImageObject","inLanguage":"fr-FR","@id":"https:\/\/www.ortidimare.it\/fr\/stationnement-camping-car-tarifs-et-reservations\/#primaryimage","url":"http:\/\/www.ortidimare.it\/wp-content\/uploads\/2015\/04\/icone-camper.png","contentUrl":"http:\/\/www.ortidimare.it\/wp-content\/uploads\/2015\/04\/icone-camper.png"},{"@type":"BreadcrumbList","@id":"https:\/\/www.ortidimare.it\/fr\/stationnement-camping-car-tarifs-et-reservations\/#breadcrumb","itemListElement":[{"@type":"ListItem","position":1,"name":"Home","item":"https:\/\/www.ortidimare.it\/fr\/"},{"@type":"ListItem","position":2,"name":"Aire de Camping-car Low Cost Tarifs et r\u00e9servations"}]},{"@type":"WebSite","@id":"https:\/\/www.ortidimare.it\/fr\/#website","url":"https:\/\/www.ortidimare.it\/fr\/","name":"Orti di Mare","description":"Lacona - Isola d&#039;Elba","publisher":{"@id":"https:\/\/www.ortidimare.it\/fr\/#organization"},"potentialAction":[{"@type":"SearchAction","target":{"@type":"EntryPoint","urlTemplate":"https:\/\/www.ortidimare.it\/fr\/?s={search_term_string}"},"query-input":{"@type":"PropertyValueSpecification","valueRequired":true,"valueName":"search_term_string"}}],"inLanguage":"fr-FR"},{"@type":"Organization","@id":"https:\/\/www.ortidimare.it\/fr\/#organization","name":"Orti di Mare","url":"https:\/\/www.ortidimare.it\/fr\/","logo":{"@type":"ImageObject","inLanguage":"fr-FR","@id":"https:\/\/www.ortidimare.it\/fr\/#\/schema\/logo\/image\/","url":"https:\/\/www.ortidimare.it\/wp-content\/uploads\/logo.jpg","contentUrl":"https:\/\/www.ortidimare.it\/wp-content\/uploads\/logo.jpg","width":600,"height":600,"caption":"Orti di Mare"},"image":{"@id":"https:\/\/www.ortidimare.it\/fr\/#\/schema\/logo\/image\/"}}]}},"_links":{"self":[{"href":"https:\/\/www.ortidimare.it\/fr\/wp-json\/wp\/v2\/pages\/31480","targetHints":{"allow":["GET"]}}],"collection":[{"href":"https:\/\/www.ortidimare.it\/fr\/wp-json\/wp\/v2\/pages"}],"about":[{"href":"https:\/\/www.ortidimare.it\/fr\/wp-json\/wp\/v2\/types\/page"}],"author":[{"embeddable":true,"href":"https:\/\/www.ortidimare.it\/fr\/wp-json\/wp\/v2\/users\/7"}],"replies":[{"embeddable":true,"href":"https:\/\/www.ortidimare.it\/fr\/wp-json\/wp\/v2\/comments?post=31480"}],"version-history":[{"count":5,"href":"https:\/\/www.ortidimare.it\/fr\/wp-json\/wp\/v2\/pages\/31480\/revisions"}],"predecessor-version":[{"id":37474,"href":"https:\/\/www.ortidimare.it\/fr\/wp-json\/wp\/v2\/pages\/31480\/revisions\/37474"}],"wp:attachment":[{"href":"https:\/\/www.ortidimare.it\/fr\/wp-json\/wp\/v2\/media?parent=31480"}],"curies":[{"name":"wp","href":"https:\/\/api.w.org\/{rel}","templated":true}]}}