{"id":28414,"date":"2017-10-25T07:16:16","date_gmt":"2017-10-25T07:16:16","guid":{"rendered":"http:\/\/www.ortidimare.it\/prezzi-e-prenotazioni-camping\/"},"modified":"2026-02-08T12:27:46","modified_gmt":"2026-02-08T11:27:46","slug":"camping-tarifs-et-reservations","status":"publish","type":"page","link":"https:\/\/www.ortidimare.it\/fr\/camping-tarifs-et-reservations\/","title":{"rendered":"Camping <br> Tarifs et r\u00e9servations"},"content":{"rendered":"<div class=\"wpb-content-wrapper\"><p>[vc_row css_animation=\u00a0\u00bb\u00a0\u00bb row_type=\u00a0\u00bbrow\u00a0\u00bb use_row_as_full_screen_section=\u00a0\u00bbno\u00a0\u00bb type=\u00a0\u00bbgrid\u00a0\u00bb angled_section=\u00a0\u00bbno\u00a0\u00bb text_align=\u00a0\u00bbleft\u00a0\u00bb background_image_as_pattern=\u00a0\u00bbwithout_pattern\u00a0\u00bb full_height=\u00a0\u00bbyes\u00a0\u00bb padding_top=\u00a0\u00bb0&Prime; padding_bottom=\u00a0\u00bb0&Prime; z_index=\u00a0\u00bb\u00a0\u00bb][vc_column offset=\u00a0\u00bbvc_hidden-sm vc_hidden-xs\u00a0\u00bb][vc_separator type=\u00a0\u00bbtransparent\u00a0\u00bb thickness=\u00a0\u00bb30&Prime;]\n\t\t\t<!-- START Camping REVOLUTION SLIDER 6.7.14 --><p class=\"rs-p-wp-fix\"><\/p>\n\t\t\t<rs-module-wrap id=\"rev_slider_2_1_wrapper\" data-source=\"gallery\" style=\"visibility:hidden;background:transparent;padding:0;margin:0px auto;margin-top:0;margin-bottom:0;\">\n\t\t\t\t<rs-module id=\"rev_slider_2_1\" style=\"\" data-version=\"6.7.14\">\n\t\t\t\t\t<rs-slides style=\"overflow: hidden; position: absolute;\">\n\t\t\t\t\t\t<rs-slide style=\"position: absolute;\" data-key=\"rs-18\" data-title=\"Slide\" data-thumb=\"\/\/www.ortidimare.it\/wp-content\/uploads\/2018\/12\/SLIDE_CAMPING_01-50x100.jpg\" data-in=\"o:0;\" data-out=\"a:false;\">\n\t\t\t\t\t\t\t<img decoding=\"async\" src=\"\/\/www.ortidimare.it\/wp-content\/plugins\/revslider\/sr6\/assets\/assets\/dummy.png\" alt=\"L&#039;ingresso dell&#039;agricampeggio\" title=\"L&rsquo;ingresso dell&rsquo;agricampeggio\" width=\"950\" height=\"534\" class=\"rev-slidebg tp-rs-img rs-lazyload\" data-lazyload=\"\/\/www.ortidimare.it\/wp-content\/uploads\/2018\/12\/SLIDE_CAMPING_01.jpg\" data-no-retina>\n<!---->\t\t\t\t\t<\/rs-slide>\n\t\t\t\t\t\t<rs-slide style=\"position: absolute;\" data-key=\"rs-97\" data-title=\"Slide\" data-thumb=\"\/\/www.ortidimare.it\/wp-content\/uploads\/2020\/10\/Campeggio_2020_Piazzola-2-a-50x100.jpg\" data-anim=\"ms:1000;r:0;\" data-in=\"o:0;\" data-out=\"a:false;\">\n\t\t\t\t\t\t\t<img decoding=\"async\" src=\"\/\/www.ortidimare.it\/wp-content\/plugins\/revslider\/sr6\/assets\/assets\/dummy.png\" alt=\"\" title=\"Camping  Tarifs et r\u00e9servations\" class=\"rev-slidebg tp-rs-img rs-lazyload\" data-lazyload=\"\/\/www.ortidimare.it\/wp-content\/uploads\/2020\/10\/Campeggio_2020_Piazzola-2-a.jpg\" data-no-retina>\n<!---->\t\t\t\t\t<\/rs-slide>\n\t\t\t\t\t\t<rs-slide style=\"position: absolute;\" data-key=\"rs-112\" data-title=\"Slide\" data-thumb=\"\/\/www.ortidimare.it\/wp-content\/uploads\/2020\/10\/Campeggio_2020_Piazzola-B-2-50x100.jpg\" data-anim=\"ms:1000;r:0;\" data-in=\"o:0;\" data-out=\"a:false;\">\n\t\t\t\t\t\t\t<img decoding=\"async\" src=\"\/\/www.ortidimare.it\/wp-content\/plugins\/revslider\/sr6\/assets\/assets\/dummy.png\" alt=\"\" title=\"Camping  Tarifs et r\u00e9servations\" class=\"rev-slidebg tp-rs-img rs-lazyload\" data-lazyload=\"\/\/www.ortidimare.it\/wp-content\/uploads\/2020\/10\/Campeggio_2020_Piazzola-B-2.jpg\" data-no-retina>\n<!---->\t\t\t\t\t<\/rs-slide>\n\t\t\t\t\t\t<rs-slide style=\"position: absolute;\" data-key=\"rs-104\" data-title=\"Slide\" data-thumb=\"\/\/www.ortidimare.it\/wp-content\/uploads\/2020\/10\/Campeggio_2020_Piazzola-23-3-50x100.jpg\" data-anim=\"ms:1000;r:0;\" data-in=\"o:0;\" data-out=\"a:false;\">\n\t\t\t\t\t\t\t<img decoding=\"async\" src=\"\/\/www.ortidimare.it\/wp-content\/plugins\/revslider\/sr6\/assets\/assets\/dummy.png\" alt=\"\" title=\"Camping  Tarifs et r\u00e9servations\" class=\"rev-slidebg tp-rs-img rs-lazyload\" data-lazyload=\"\/\/www.ortidimare.it\/wp-content\/uploads\/2020\/10\/Campeggio_2020_Piazzola-23-3.jpg\" data-no-retina>\n<!---->\t\t\t\t\t<\/rs-slide>\n\t\t\t\t\t\t<rs-slide style=\"position: absolute;\" data-key=\"rs-105\" data-title=\"Slide\" data-thumb=\"\/\/www.ortidimare.it\/wp-content\/uploads\/2020\/10\/Campeggio_2020_Piazzola-26-50x100.jpg\" data-anim=\"ms:1000;r:0;\" data-in=\"o:0;\" data-out=\"a:false;\">\n\t\t\t\t\t\t\t<img decoding=\"async\" src=\"\/\/www.ortidimare.it\/wp-content\/plugins\/revslider\/sr6\/assets\/assets\/dummy.png\" alt=\"\" title=\"Camping  Tarifs et r\u00e9servations\" class=\"rev-slidebg tp-rs-img rs-lazyload\" data-lazyload=\"\/\/www.ortidimare.it\/wp-content\/uploads\/2020\/10\/Campeggio_2020_Piazzola-26.jpg\" data-no-retina>\n<!---->\t\t\t\t\t<\/rs-slide>\n\t\t\t\t\t\t<rs-slide style=\"position: absolute;\" data-key=\"rs-117\" data-title=\"Slide\" data-thumb=\"\/\/www.ortidimare.it\/wp-content\/uploads\/2020\/10\/Campeggio_2020_Sughere-2-50x100.jpg\" data-anim=\"ms:1000;r:0;\" data-in=\"o:0;\" data-out=\"a:false;\">\n\t\t\t\t\t\t\t<img decoding=\"async\" src=\"\/\/www.ortidimare.it\/wp-content\/plugins\/revslider\/sr6\/assets\/assets\/dummy.png\" alt=\"\" title=\"Camping  Tarifs et r\u00e9servations\" class=\"rev-slidebg tp-rs-img rs-lazyload\" data-lazyload=\"\/\/www.ortidimare.it\/wp-content\/uploads\/2020\/10\/Campeggio_2020_Sughere-2.jpg\" data-no-retina>\n<!---->\t\t\t\t\t<\/rs-slide>\n\t\t\t\t\t\t<rs-slide style=\"position: absolute;\" data-key=\"rs-100\" data-title=\"Slide\" data-thumb=\"\/\/www.ortidimare.it\/wp-content\/uploads\/2020\/10\/Campeggio_2020_Piazzola-7-a-50x100.jpg\" data-anim=\"ms:1000;r:0;\" data-in=\"o:0;\" data-out=\"a:false;\">\n\t\t\t\t\t\t\t<img decoding=\"async\" src=\"\/\/www.ortidimare.it\/wp-content\/plugins\/revslider\/sr6\/assets\/assets\/dummy.png\" alt=\"\" title=\"Camping  Tarifs et r\u00e9servations\" class=\"rev-slidebg tp-rs-img rs-lazyload\" data-lazyload=\"\/\/www.ortidimare.it\/wp-content\/uploads\/2020\/10\/Campeggio_2020_Piazzola-7-a.jpg\" data-no-retina>\n<!---->\t\t\t\t\t<\/rs-slide>\n\t\t\t\t\t\t<rs-slide style=\"position: absolute;\" data-key=\"rs-10\" data-title=\"Slide\" data-thumb=\"\/\/www.ortidimare.it\/wp-content\/uploads\/2018\/12\/SLIDE_CAMPING_07-50x100.jpg\" data-anim=\"ms:1000;r:0;\" data-in=\"o:0;\" data-out=\"a:false;\">\n\t\t\t\t\t\t\t<img decoding=\"async\" src=\"\/\/www.ortidimare.it\/wp-content\/plugins\/revslider\/sr6\/assets\/assets\/dummy.png\" alt=\"\" title=\"slide_camping_07\" width=\"950\" height=\"534\" class=\"rev-slidebg tp-rs-img rs-lazyload\" data-lazyload=\"\/\/www.ortidimare.it\/wp-content\/uploads\/2018\/12\/SLIDE_CAMPING_07.jpg\" data-no-retina>\n<!---->\t\t\t\t\t<\/rs-slide>\n\t\t\t\t\t\t<rs-slide style=\"position: absolute;\" data-key=\"rs-102\" data-title=\"Slide\" data-thumb=\"\/\/www.ortidimare.it\/wp-content\/uploads\/2020\/10\/Campeggio_2020_Piazzola-19-1-50x100.jpg\" data-anim=\"ms:1000;r:0;\" data-in=\"o:0;\" data-out=\"a:false;\">\n\t\t\t\t\t\t\t<img decoding=\"async\" src=\"\/\/www.ortidimare.it\/wp-content\/plugins\/revslider\/sr6\/assets\/assets\/dummy.png\" alt=\"\" title=\"Camping  Tarifs et r\u00e9servations\" class=\"rev-slidebg tp-rs-img rs-lazyload\" data-lazyload=\"\/\/www.ortidimare.it\/wp-content\/uploads\/2020\/10\/Campeggio_2020_Piazzola-19-1.jpg\" data-no-retina>\n<!---->\t\t\t\t\t<\/rs-slide>\n\t\t\t\t\t\t<rs-slide style=\"position: absolute;\" data-key=\"rs-103\" data-title=\"Slide\" data-thumb=\"\/\/www.ortidimare.it\/wp-content\/uploads\/2020\/10\/Campeggio_2020_Piazzola-21-e-22-1-50x100.jpg\" data-anim=\"ms:1000;r:0;\" data-in=\"o:0;\" data-out=\"a:false;\">\n\t\t\t\t\t\t\t<img decoding=\"async\" src=\"\/\/www.ortidimare.it\/wp-content\/plugins\/revslider\/sr6\/assets\/assets\/dummy.png\" alt=\"\" title=\"Camping  Tarifs et r\u00e9servations\" class=\"rev-slidebg tp-rs-img rs-lazyload\" data-lazyload=\"\/\/www.ortidimare.it\/wp-content\/uploads\/2020\/10\/Campeggio_2020_Piazzola-21-e-22-1.jpg\" data-no-retina>\n<!---->\t\t\t\t\t<\/rs-slide>\n\t\t\t\t\t\t<rs-slide style=\"position: absolute;\" data-key=\"rs-99\" data-title=\"Slide\" data-thumb=\"\/\/www.ortidimare.it\/wp-content\/uploads\/2020\/10\/Campeggio_2020_Piazzola-5-50x100.jpg\" data-anim=\"ms:1000;r:0;\" data-in=\"o:0;\" data-out=\"a:false;\">\n\t\t\t\t\t\t\t<img decoding=\"async\" src=\"\/\/www.ortidimare.it\/wp-content\/plugins\/revslider\/sr6\/assets\/assets\/dummy.png\" alt=\"\" title=\"Camping  Tarifs et r\u00e9servations\" class=\"rev-slidebg tp-rs-img rs-lazyload\" data-lazyload=\"\/\/www.ortidimare.it\/wp-content\/uploads\/2020\/10\/Campeggio_2020_Piazzola-5.jpg\" data-no-retina>\n<!---->\t\t\t\t\t<\/rs-slide>\n\t\t\t\t\t\t<rs-slide style=\"position: absolute;\" data-key=\"rs-113\" data-title=\"Slide\" data-thumb=\"\/\/www.ortidimare.it\/wp-content\/uploads\/2020\/10\/Campeggio_2020_Piazzola-C-1-50x100.jpg\" data-anim=\"ms:1000;r:0;\" data-in=\"o:0;\" data-out=\"a:false;\">\n\t\t\t\t\t\t\t<img decoding=\"async\" src=\"\/\/www.ortidimare.it\/wp-content\/plugins\/revslider\/sr6\/assets\/assets\/dummy.png\" alt=\"\" title=\"Camping  Tarifs et r\u00e9servations\" class=\"rev-slidebg tp-rs-img rs-lazyload\" data-lazyload=\"\/\/www.ortidimare.it\/wp-content\/uploads\/2020\/10\/Campeggio_2020_Piazzola-C-1.jpg\" data-no-retina>\n<!---->\t\t\t\t\t<\/rs-slide>\n\t\t\t\t\t\t<rs-slide style=\"position: absolute;\" data-key=\"rs-108\" data-title=\"Slide\" data-thumb=\"\/\/www.ortidimare.it\/wp-content\/uploads\/2020\/10\/Campeggio_2020_Piazzola-35-50x100.jpg\" data-anim=\"ms:1000;r:0;\" data-in=\"o:0;\" data-out=\"a:false;\">\n\t\t\t\t\t\t\t<img decoding=\"async\" src=\"\/\/www.ortidimare.it\/wp-content\/plugins\/revslider\/sr6\/assets\/assets\/dummy.png\" alt=\"\" title=\"Camping  Tarifs et r\u00e9servations\" class=\"rev-slidebg tp-rs-img rs-lazyload\" data-lazyload=\"\/\/www.ortidimare.it\/wp-content\/uploads\/2020\/10\/Campeggio_2020_Piazzola-35.jpg\" data-no-retina>\n<!---->\t\t\t\t\t<\/rs-slide>\n\t\t\t\t\t\t<rs-slide style=\"position: absolute;\" data-key=\"rs-110\" data-title=\"Slide\" data-thumb=\"\/\/www.ortidimare.it\/wp-content\/uploads\/2020\/10\/Campeggio_2020_Piazzola-37-1-50x100.jpg\" data-anim=\"ms:1000;r:0;\" data-in=\"o:0;\" data-out=\"a:false;\">\n\t\t\t\t\t\t\t<img decoding=\"async\" src=\"\/\/www.ortidimare.it\/wp-content\/plugins\/revslider\/sr6\/assets\/assets\/dummy.png\" alt=\"\" title=\"Camping  Tarifs et r\u00e9servations\" class=\"rev-slidebg tp-rs-img rs-lazyload\" data-lazyload=\"\/\/www.ortidimare.it\/wp-content\/uploads\/2020\/10\/Campeggio_2020_Piazzola-37-1.jpg\" data-no-retina>\n<!---->\t\t\t\t\t<\/rs-slide>\n\t\t\t\t\t\t<rs-slide style=\"position: absolute;\" data-key=\"rs-12\" data-title=\"Slide\" data-thumb=\"\/\/www.ortidimare.it\/wp-content\/uploads\/2018\/12\/SLIDE_CAMPING_04-50x100.jpg\" data-anim=\"ms:1000;r:0;\" data-in=\"o:0;\" data-out=\"a:false;\">\n\t\t\t\t\t\t\t<img decoding=\"async\" src=\"\/\/www.ortidimare.it\/wp-content\/plugins\/revslider\/sr6\/assets\/assets\/dummy.png\" alt=\"\" title=\"slide_camping_04\" width=\"950\" height=\"534\" class=\"rev-slidebg tp-rs-img rs-lazyload\" data-lazyload=\"\/\/www.ortidimare.it\/wp-content\/uploads\/2018\/12\/SLIDE_CAMPING_04.jpg\" data-no-retina>\n<!---->\t\t\t\t\t<\/rs-slide>\n\t\t\t\t\t\t<rs-slide style=\"position: absolute;\" data-key=\"rs-116\" data-title=\"Slide\" data-thumb=\"\/\/www.ortidimare.it\/wp-content\/uploads\/2020\/10\/Campeggio_2020_Sentiero-Mare-50x100.jpg\" data-anim=\"ms:1000;r:0;\" data-in=\"o:0;\" data-out=\"a:false;\">\n\t\t\t\t\t\t\t<img decoding=\"async\" src=\"\/\/www.ortidimare.it\/wp-content\/plugins\/revslider\/sr6\/assets\/assets\/dummy.png\" alt=\"\" title=\"Camping  Tarifs et r\u00e9servations\" class=\"rev-slidebg tp-rs-img rs-lazyload\" data-lazyload=\"\/\/www.ortidimare.it\/wp-content\/uploads\/2020\/10\/Campeggio_2020_Sentiero-Mare.jpg\" data-no-retina>\n<!---->\t\t\t\t\t<\/rs-slide>\n\t\t\t\t\t\t<rs-slide style=\"position: absolute;\" data-key=\"rs-107\" data-title=\"Slide\" data-thumb=\"\/\/www.ortidimare.it\/wp-content\/uploads\/2020\/10\/Campeggio_2020_Piazzola-28-50x100.jpg\" data-anim=\"ms:1000;r:0;\" data-in=\"o:0;\" data-out=\"a:false;\">\n\t\t\t\t\t\t\t<img decoding=\"async\" src=\"\/\/www.ortidimare.it\/wp-content\/plugins\/revslider\/sr6\/assets\/assets\/dummy.png\" alt=\"\" title=\"Camping  Tarifs et r\u00e9servations\" class=\"rev-slidebg tp-rs-img rs-lazyload\" data-lazyload=\"\/\/www.ortidimare.it\/wp-content\/uploads\/2020\/10\/Campeggio_2020_Piazzola-28.jpg\" data-no-retina>\n<!---->\t\t\t\t\t<\/rs-slide>\n\t\t\t\t\t\t<rs-slide style=\"position: absolute;\" data-key=\"rs-106\" data-title=\"Slide\" data-thumb=\"\/\/www.ortidimare.it\/wp-content\/uploads\/2020\/10\/Campeggio_2020_Piazzola-27-1-50x100.jpg\" data-anim=\"ms:1000;r:0;\" data-in=\"o:0;\" data-out=\"a:false;\">\n\t\t\t\t\t\t\t<img decoding=\"async\" src=\"\/\/www.ortidimare.it\/wp-content\/plugins\/revslider\/sr6\/assets\/assets\/dummy.png\" alt=\"\" title=\"Camping  Tarifs et r\u00e9servations\" class=\"rev-slidebg tp-rs-img rs-lazyload\" data-lazyload=\"\/\/www.ortidimare.it\/wp-content\/uploads\/2020\/10\/Campeggio_2020_Piazzola-27-1.jpg\" data-no-retina>\n<!---->\t\t\t\t\t<\/rs-slide>\n\t\t\t\t\t\t<rs-slide style=\"position: absolute;\" data-key=\"rs-135\" data-title=\"Slide\" data-thumb=\"\/\/www.ortidimare.it\/wp-content\/uploads\/2020\/12\/Orti-di-Mare-Piazzola-14-50x100.jpg\" data-anim=\"ms:1000;r:0;\" data-in=\"o:0;\" data-out=\"a:false;\">\n\t\t\t\t\t\t\t<img decoding=\"async\" src=\"\/\/www.ortidimare.it\/wp-content\/plugins\/revslider\/sr6\/assets\/assets\/dummy.png\" alt=\"\" title=\"Camping  Tarifs et r\u00e9servations\" class=\"rev-slidebg tp-rs-img rs-lazyload\" data-lazyload=\"\/\/www.ortidimare.it\/wp-content\/uploads\/2020\/12\/Orti-di-Mare-Piazzola-14.jpg\" data-no-retina>\n<!---->\t\t\t\t\t<\/rs-slide>\n\t\t\t\t\t<\/rs-slides>\n\t\t\t\t<\/rs-module>\n\t\t\t\t<script>\n\t\t\t\t\tsetREVStartSize({c: 'rev_slider_2_1',rl:[1240,1024,778,480],el:[750],gw:[1240],gh:[750],type:'standard',justify:'',layout:'fullwidth',mh:\"0\"});if (window.RS_MODULES!==undefined && window.RS_MODULES.modules!==undefined && window.RS_MODULES.modules[\"revslider21\"]!==undefined) {window.RS_MODULES.modules[\"revslider21\"].once = false;window.revapi2 = undefined;if (window.RS_MODULES.checkMinimal!==undefined) window.RS_MODULES.checkMinimal()}\n\t\t\t\t<\/script>\n\t\t\t<\/rs-module-wrap>\n\t\t\t<!-- END REVOLUTION SLIDER -->\n[\/vc_column][\/vc_row][vc_row css_animation=\u00a0\u00bb\u00a0\u00bb row_type=\u00a0\u00bbrow\u00a0\u00bb use_row_as_full_screen_section=\u00a0\u00bbno\u00a0\u00bb type=\u00a0\u00bbgrid\u00a0\u00bb angled_section=\u00a0\u00bbno\u00a0\u00bb text_align=\u00a0\u00bbleft\u00a0\u00bb background_image_as_pattern=\u00a0\u00bbwithout_pattern\u00a0\u00bb full_height=\u00a0\u00bbyes\u00a0\u00bb padding_top=\u00a0\u00bb0&Prime; padding_bottom=\u00a0\u00bb0&Prime;][vc_column width=\u00a0\u00bb1\/4&Prime;][vc_separator type=\u00a0\u00bbtransparent\u00a0\u00bb thickness=\u00a0\u00bb30&Prime;][vc_single_image image=\u00a0\u00bb36354&Prime; img_size=\u00a0\u00bblarge\u00a0\u00bb alignment=\u00a0\u00bbcenter\u00a0\u00bb css=\u00a0\u00bb\u00a0\u00bb qode_css_animation=\u00a0\u00bb\u00a0\u00bb][\/vc_column][vc_column width=\u00a0\u00bb3\/4&Prime;][vc_separator type=\u00a0\u00bbtransparent\u00a0\u00bb thickness=\u00a0\u00bb30&Prime;][vc_column_text css=\u00a0\u00bb\u00a0\u00bb]<\/p>\n<h3 class=\"p1\">LE CAMPING, ENTOUR\u00c9 D\u2019ESPACES VERTS, FAIT CORPS AVEC LE DOMAINE. IL EST ENTRE LES COLLINES ET LA MER, QUE L\u2019ON PEUT REJOINDRE EN 5 MINUTES \u00c0 PIED PAR UN PETIT CHEMIN BORD\u00c9 DE PINS.<\/h3>\n<p><span style=\"color: #ffffff;\">\u00a0<\/span><\/p>\n<p><span style=\"color: #ff0000;\">\u2665<\/span>\u00a0Le Camping offre des emplacements am\u00e9nag\u00e9s pour les tentes, les camping-cars et les caravanes, \u00e9quip\u00e9s de <strong>bornes pour l\u2019\u00e9lectricit\u00e9<\/strong> et d\u2019une <strong>connexion Wi-Fi<\/strong>. Certains emplacements sont tr\u00e8s grands, panoramiques et \u00e9quip\u00e9s de douches chaudes, lavabos et tables.<br \/>\n<span style=\"color: #ff0000;\">\u2665<\/span>\u00a0Les <strong>installations sanitaires<\/strong> avec eau chaude, accessibles aux personnes handicap\u00e9es, sont tr\u00e8s confortables : ce sont de <strong>v\u00e9ritables salles de bains<\/strong>, chacune avec douche, lavabo, toilettes et bidet. Sur demande, il est possible de disposer de son propre espace sanitaire pour un usage exclusif.<br \/>\n<span style=\"color: #ff0000;\">\u2665<\/span>\u00a0Nous mettons \u00e0 votre disposition une <strong>buanderie<\/strong> avec des machines \u00e0 laver, des \u00e9viers pour la lessive \u00e0 la main et d\u2019autres pour la vaisselle. Vous trouverez \u00e9galement un <strong>compartiment \u00e0 glace<\/strong> pour le stockage des pains de glace. Sur demande, il est possible de louer un <strong>casier r\u00e9frig\u00e9r\u00e9<\/strong> avec serrure \u00e0 cl\u00e9.<br \/>\n<span style=\"color: #ff0000;\">\u2665<\/span>\u00a0Le camping dispose \u00e9galement de grands <strong>espaces communs<\/strong> : un <strong>restaurant<\/strong> de produits locaux \u2013 un <a href=\"https:\/\/www.ortidimare.it\/fr\/restauration-locale-et-market-cafe\/\" target=\"_blank\" rel=\"noopener\"><strong>Market caf\u00e9 &#8211; Restaurant Rural<\/strong><\/a>, <strong>ouvert de mi-avril \u00e0 fin octobre<\/strong>, avec des tables sous les <strong>pergolas<\/strong> et des <strong>hamacs<\/strong> entour\u00e9s d&rsquo;oliviers; une <strong>salle de lecture<\/strong> avec biblioth\u00e8que et <strong>zone relax<\/strong> avec solarium, \u00e9quip\u00e9 de chaises longues; une aire de barbecue d\u00e9di\u00e9e; un <strong>point info<\/strong> qui vous donnera de pr\u00e9cieux renseignements strat\u00e9giques pour votre s\u00e9jour sur l\u2019\u00eele d\u2019Elbe et des pr\u00e9cisions sur l&rsquo;environnement du domaine.<br \/>\n<span style=\"color: #ff0000;\">\u2665<\/span> Une partie du camping, isol\u00e9e et tranquille, agr\u00e9ablement entour\u00e9e de ch\u00eanes li\u00e8ges, est <strong>r\u00e9serv\u00e9e aux <strong>voyageurs sans enfants<\/strong>.<\/strong><\/p>\n<p><span style=\"color: #ff0000;\">\u2665<\/span> Pour ceux qui souhaitent faire l&rsquo;exp\u00e9rience du camping sans sacrifier le confort, nous proposons des <a href=\"https:\/\/www.ortidimare.it\/fr\/tentes-glamping-tarifs-et-reservations\/\" target=\"_blank\" rel=\"noopener\"><strong>tentes \u00e9quip\u00e9es<\/strong><\/a> tr\u00e8s confortables, entour\u00e9es de verdure.[\/vc_column_text][vc_separator type=\u00a0\u00bbtransparent\u00a0\u00bb thickness=\u00a0\u00bb5&Prime;]<a  itemprop=\"url\" href=\"https:\/\/www.ortidimare.it\/fr\/portfolio_page\/le-camping\/\" target=\"_self\"  class=\"qbutton  large right default\" style=\"font-style: normal; background-color: #699519;\">CLIQUEZ ICI POUR LA GALERIE PHOTOS<i class=\"qode_icon_font_awesome fa fa-minus qode_button_icon_element\" style=\"color: #699519;\" ><\/i><\/a>[vc_separator type=\u00a0\u00bbtransparent\u00a0\u00bb thickness=\u00a0\u00bb30&Prime;][\/vc_column][\/vc_row][vc_row css_animation=\u00a0\u00bb\u00a0\u00bb row_type=\u00a0\u00bbrow\u00a0\u00bb use_row_as_full_screen_section=\u00a0\u00bbno\u00a0\u00bb type=\u00a0\u00bbgrid\u00a0\u00bb angled_section=\u00a0\u00bbno\u00a0\u00bb text_align=\u00a0\u00bbleft\u00a0\u00bb background_image_as_pattern=\u00a0\u00bbwithout_pattern\u00a0\u00bb z_index=\u00a0\u00bb\u00a0\u00bb][vc_column][vc_column_text css=\u00a0\u00bb.vc_custom_1768042751990{padding-top: 15px !important;padding-right: 15px !important;padding-bottom: 15px !important;padding-left: 15px !important;background-color: #705c53 !important;}\u00a0\u00bb]<\/p>\n<p style=\"text-align: center; color: #fff;\">Les r\u00e9servations pour l&rsquo; ann\u00e9e 2026 auront lieu \u00e0 partir du 11 novembre 2025.<\/p>\n<p style=\"text-align: center; color: #fff;\">L&rsquo;Agriturismo Orti di Mare est actuellement ferm\u00e9 et rouvrira le 10 mars 2026.<\/p>\n<p>[\/vc_column_text][\/vc_column][\/vc_row][vc_row css_animation=\u00a0\u00bb\u00a0\u00bb row_type=\u00a0\u00bbrow\u00a0\u00bb use_row_as_full_screen_section=\u00a0\u00bbno\u00a0\u00bb type=\u00a0\u00bbgrid\u00a0\u00bb angled_section=\u00a0\u00bbno\u00a0\u00bb text_align=\u00a0\u00bbleft\u00a0\u00bb background_image_as_pattern=\u00a0\u00bbwithout_pattern\u00a0\u00bb z_index=\u00a0\u00bb\u00a0\u00bb][vc_column][vc_separator type=\u00a0\u00bbtransparent\u00a0\u00bb thickness=\u00a0\u00bb30&Prime;][vc_column_text css=\u00a0\u00bb\u00a0\u00bb]<\/p>\n<h2><strong><img loading=\"lazy\" decoding=\"async\" class=\"alignleft size-full wp-image-17633\" src=\"http:\/\/www.ortidimare.it\/wp-content\/uploads\/2015\/01\/icone-camping1-e1508950199437.png\" alt=\"Camping Orti di Mare: amaca, tenda, camper, roulotte\" width=\"164\" height=\"49\" \/>TARIFS 2026<\/strong><\/h2>\n<p>[\/vc_column_text][vc_separator type=\u00a0\u00bbtransparent\u00a0\u00bb thickness=\u00a0\u00bb30&Prime;][vc_column_text]<strong>TARIFS JOURNALIERS<\/strong> comprenant emplacement, toilettes avec eau chaude, service camping-car, wi-fi, parking et taxes[\/vc_column_text][vc_separator type=\u00a0\u00bbtransparent\u00a0\u00bb thickness=\u00a0\u00bb10&Prime;][vc_column_text css=\u00a0\u00bb\u00a0\u00bb]<div id=\"tablepress-107-scroll-wrapper\" class=\"tablepress-scroll-wrapper\">\n\n<table id=\"tablepress-107\" class=\"tablepress tablepress-id-107 table7col tablepress-responsive\">\n<thead>\n<tr class=\"row-1\">\n\t<th class=\"column-1\">P\u00c9RIODE<\/th><th class=\"column-2\">PAR PERSONNE<\/th><th class=\"column-3\">B\u00c9B\u00c9S<br \/>\n(0 - 1 ans)<\/th><th class=\"column-4\">EMPLACEMENT PLUS<\/th><th class=\"column-5\">EMPLACEMENT EXTRA<\/th><th class=\"column-6\">SALLE DE BAIN PRIV\u00c9E<\/th><th class=\"column-7\">CHIEN<\/th>\n<\/tr>\n<\/thead>\n<tbody class=\"row-striping row-hover\">\n<tr class=\"row-2\">\n\t<td class=\"column-1\">06\/01 - 15\/04<br \/>\n06\/11 - 23\/12<\/td><td class=\"column-2\">16,50 \u20ac<\/td><td class=\"column-3\">gratis<\/td><td class=\"column-4\">7,00 \u20ac<\/td><td class=\"column-5\">prezzo Plus<\/td><td class=\"column-6\">12,00 \u20ac<\/td><td class=\"column-7\">4,00 \u20ac<\/td>\n<\/tr>\n<tr class=\"row-3\">\n\t<td class=\"column-1\">16\/04 - 15\/05<br \/>\n16\/10 - 05\/11<\/td><td class=\"column-2\">17,00 \u20ac<\/td><td class=\"column-3\">gratis<\/td><td class=\"column-4\">7,00 \u20ac<\/td><td class=\"column-5\">14,00 \u20ac<\/td><td class=\"column-6\">13,00 \u20ac<\/td><td class=\"column-7\">5,50 \u20ac<\/td>\n<\/tr>\n<tr class=\"row-4\">\n\t<td class=\"column-1\">24\/12 - 05\/01<br \/>\n16\/05 - 04\/08<br \/>\n26\/08 - 15\/10<\/td><td class=\"column-2\">19,50 \u20ac<\/td><td class=\"column-3\">gratis<\/td><td class=\"column-4\">8,50 \u20ac<\/td><td class=\"column-5\">17,00 \u20ac<\/td><td class=\"column-6\">15,00 \u20ac<\/td><td class=\"column-7\">7,50 \u20ac<\/td>\n<\/tr>\n<tr class=\"row-5\">\n\t<td class=\"column-1\">05\/08 - 25\/08<\/td><td class=\"column-2\">27,00 \u20ac<\/td><td class=\"column-3\">gratis<\/td><td class=\"column-4\">10,00 \u20ac<\/td><td class=\"column-5\">21,00 \u20ac<\/td><td class=\"column-6\">18,50 \u20ac<\/td><td class=\"column-7\">8,50 \u20ac<\/td>\n<\/tr>\n<\/tbody>\n<\/table>\n\n<\/div>[\/vc_column_text][vc_separator type=\u00a0\u00bbtransparent\u00a0\u00bb thickness=\u00a0\u00bb30&Prime;][vc_column_text css=\u00a0\u00bb\u00a0\u00bb]<strong><span style=\"color: #699519;\">* Les emplacements PLUS<\/span><\/strong> sont plus grands que les emplacements standard.<\/p>\n<p><span style=\"color: #699519;\"><strong>** Les emplacements EXTRA<\/strong><\/span> sont \u00e9quip\u00e9s de douches avec eau chaude, d\u2019un \u00e9vier pour la vaisselle et d\u2019une table avec bancs. En basse saison, l&rsquo;eau chaude n&rsquo;est pas disponible sur les emplacements Extra, leur tarif est donc align\u00e9 sur celui des emplacements Plus).<\/p>\n<p><span style=\"color: #ffffff;\">\u00a0<\/span><\/p>\n<ul>\n<li><strong>Branchement \u00e9lectrique<\/strong>: 7 \u20ac pour les camping-cars, caravanes et vans \u00e9quip\u00e9s; 3,50 \u20ac pour les tentes et vans non \u00e9quip\u00e9s.<\/li>\n<li class=\"tabella-mobile\"><strong>R\u00e9frig\u00e9rateur<\/strong>: 3,00 \u20ac par jour.<\/li>\n<li><strong>R\u00e9servation<\/strong>: 15 \u20ac.<\/li>\n<\/ul>\n<p>&nbsp;<\/p>\n<p>Les <strong>clients \u00e9co-vertueux<\/strong> &#8211; c&rsquo;est-\u00e0-dire ceux qui se rendent \u00e0 Orti di Mare \u00e0 pied, en v\u00e9lo ou par les transports publics (\u00e0 l&rsquo;exclusion des avions) &#8211; qui s\u00e9journent dans le camping b\u00e9n\u00e9ficieront d&rsquo;une r\u00e9duction de 10 % sur le tarif journalier par personne.<\/p>\n<p><span style=\"color: #ffffff;\">\u00a0<\/span><\/p>\n<p class=\"p1\"><strong><span style=\"color: #699519;\">Check-in<\/span><\/strong> : l&#8217;emplacement est disponible avec certitude \u00e0 partir de h <strong>15:00<\/strong>.<\/p>\n<p><strong><span style=\"color: #699519;\">Check-out<\/span><\/strong> : le paiement s&rsquo;effectue la veille du d\u00e9part, <strong>avant midi<\/strong>. L&#8217;emplacement doit \u00eatre lib\u00e9r\u00e9 au plus tard <strong>\u00e0 midi<\/strong>. Tout d\u00e9part apr\u00e8s l&rsquo;heure indiqu\u00e9e entra\u00eene le paiement d&rsquo;une nuit suppl\u00e9mentaire.<\/p>\n<p><span style=\"color: #ffffff;\">\u00a0<\/span><\/p>\n<p class=\"p1\"><span style=\"color: #699519;\"><strong>CONDITIONS DE R\u00c9SERVATION ET D&rsquo;ANNULATION<\/strong><\/span><\/p>\n<ul>\n<li>Les frais de r\u00e9servation s\u2019\u00e9l\u00e8vent \u00e0 <strong>15 euros<\/strong> \u00e0 payer \u00e0 la fin du s\u00e9jour avec le montant d\u00fb.<\/li>\n<li><strong>Aucun paiement anticip\u00e9<\/strong> n&rsquo;est requis au moment de la r\u00e9servation.<\/li>\n<li>Jusqu&rsquo;\u00e0 <strong>8 semaines<\/strong> avant la date d&rsquo;arriv\u00e9e, il est possible d\u2019annuler sans frais (sauf les frais de r\u00e9servation de <strong>15 \u20ac<\/strong>).<\/li>\n<li>Apr\u00e8s cette date, et jusqu&rsquo;\u00e0 <strong>2 semaines<\/strong> avant l&rsquo;arriv\u00e9e, toute annulation entra\u00eenera un paiement de <strong>30 % <\/strong>de la p\u00e9riode r\u00e9serv\u00e9e et non utilis\u00e9e.<\/li>\n<li>Si l&rsquo;annulation intervient <strong>moins de deux semaines avant la date d\u2019arriv\u00e9e<\/strong>, ou en cas de <strong>arriv\u00e9e tardive<\/strong>, de <strong>non-pr\u00e9sentation<\/strong> du client ou de <strong>d\u00e9part anticip\u00e9<\/strong>, cela entra\u00eenera une facturation de <strong>90 %<\/strong> de la p\u00e9riode r\u00e9serv\u00e9e et non utilis\u00e9e.<\/li>\n<li>Il n&rsquo;est pas possible de r\u00e9server en m\u00eame temps pour d&rsquo;autres clients.<\/li>\n<\/ul>\n<p>[\/vc_column_text][vc_separator type=\u00a0\u00bbtransparent\u00a0\u00bb thickness=\u00a0\u00bb30&Prime;][vc_column_text css=\u00a0\u00bb.vc_custom_1751620903814{border-top-width: 2px !important;border-right-width: 2px !important;border-bottom-width: 2px !important;border-left-width: 2px !important;padding-top: 10px !important;padding-right: 10px !important;padding-bottom: 10px !important;padding-left: 10px !important;border-left-style: solid !important;border-right-style: solid !important;border-top-style: solid !important;border-bottom-style: solid !important;border-color: #699519 !important;}\u00a0\u00bb]<\/p>\n<p style=\"text-align: center;\"><strong>Vous trouverez <span style=\"text-decoration: underline;\"><a style=\"color: #699519; text-decoration: underline;\" title=\"FAQ - Questions fr\u00e9quemment pos\u00e9es\" href=\"https:\/\/www.ortidimare.it\/en\/faq-frequently-asked-questions\/\" target=\"_blank\" rel=\"noopener\">ici<\/a><\/span>\u00a0nos r\u00e9ponses aux <span style=\"color: #699519;\">questions les plus fr\u00e9quentes <span style=\"color: #000000;\">(en anglais)<\/span><\/span><\/strong><\/p>\n<p>[\/vc_column_text][vc_separator type=\u00a0\u00bbtransparent\u00a0\u00bb thickness=\u00a0\u00bb30&Prime;][\/vc_column][\/vc_row][vc_row css_animation=\u00a0\u00bb\u00a0\u00bb row_type=\u00a0\u00bbrow\u00a0\u00bb use_row_as_full_screen_section=\u00a0\u00bbno\u00a0\u00bb type=\u00a0\u00bbgrid\u00a0\u00bb angled_section=\u00a0\u00bbno\u00a0\u00bb text_align=\u00a0\u00bbleft\u00a0\u00bb background_image_as_pattern=\u00a0\u00bbwithout_pattern\u00a0\u00bb anchor=\u00a0\u00bbprenota\u00a0\u00bb][vc_column]\n<div class=\"wpcf7 no-js\" id=\"wpcf7-f30694-o1\" lang=\"it-IT\" dir=\"ltr\" data-wpcf7-id=\"30694\">\n<div class=\"screen-reader-response\"><p role=\"status\" aria-live=\"polite\" aria-atomic=\"true\"><\/p> <ul><\/ul><\/div>\n<form action=\"\/fr\/wp-json\/wp\/v2\/pages\/28414#wpcf7-f30694-o1\" method=\"post\" class=\"wpcf7-form init default\" aria-label=\"Modulo di contatto\" novalidate=\"novalidate\" data-status=\"init\">\n<fieldset class=\"hidden-fields-container\"><input type=\"hidden\" name=\"_wpcf7\" value=\"30694\" \/><input type=\"hidden\" name=\"_wpcf7_version\" value=\"6.1.5\" \/><input type=\"hidden\" name=\"_wpcf7_locale\" value=\"it_IT\" \/><input type=\"hidden\" name=\"_wpcf7_unit_tag\" value=\"wpcf7-f30694-o1\" \/><input type=\"hidden\" name=\"_wpcf7_container_post\" value=\"0\" \/><input type=\"hidden\" name=\"_wpcf7_posted_data_hash\" value=\"\" \/><input type=\"hidden\" name=\"_wpcf7_recaptcha_response\" value=\"\" \/>\n<\/fieldset>\n<h2>DEMANDE DE DISPONIBILIT\u00c9\n<\/h2>\n<p><strong>Les champs marqu\u00e9s d'un ast\u00e9risque <i class=\"fa fa-asterisk\"><\/i> sont obligatoires.<\/strong>\n<\/p>\n<p><i class=\"fa fa-asterisk\"><\/i> Pr\u00e9nom\n<\/p>\n<p><span class=\"wpcf7-form-control-wrap\" data-name=\"nome\"><input size=\"40\" maxlength=\"400\" class=\"wpcf7-form-control wpcf7-text wpcf7-validates-as-required\" aria-required=\"true\" aria-invalid=\"false\" value=\"\" type=\"text\" name=\"nome\" \/><\/span>\n<\/p>\n<p><i class=\"fa fa-asterisk\"><\/i> Nom de famille\n<\/p>\n<p><span class=\"wpcf7-form-control-wrap\" data-name=\"cognome\"><input size=\"40\" maxlength=\"400\" class=\"wpcf7-form-control wpcf7-text wpcf7-validates-as-required\" aria-required=\"true\" aria-invalid=\"false\" value=\"\" type=\"text\" name=\"cognome\" \/><\/span>\n<\/p>\n<p><i class=\"fa fa-asterisk\"><\/i> e-mail\n<\/p>\n<p><span class=\"wpcf7-form-control-wrap\" data-name=\"mail\"><input size=\"40\" maxlength=\"400\" class=\"wpcf7-form-control wpcf7-email wpcf7-validates-as-required wpcf7-text wpcf7-validates-as-email\" aria-required=\"true\" aria-invalid=\"false\" value=\"\" type=\"email\" name=\"mail\" \/><\/span>\n<\/p>\n<p> T\u00e9l\u00e9phone portable\n<\/p>\n<p><span class=\"wpcf7-form-control-wrap\" data-name=\"telefono\"><input size=\"40\" maxlength=\"400\" class=\"wpcf7-form-control wpcf7-text\" aria-invalid=\"false\" value=\"\" type=\"text\" name=\"telefono\" \/><\/span>\n<\/p>\n<p><i class=\"fa fa-asterisk\"><\/i> Date d'arriv\u00e9e\n<\/p>\n<p><span class=\"wpcf7-form-control-wrap\" data-name=\"data-arrivo\"><input size=\"40\" maxlength=\"400\" class=\"wpcf7-form-control wpcf7-text wpcf7-validates-as-required\" aria-required=\"true\" aria-invalid=\"false\" placeholder=\"JJ\/MM\/AAAA\" value=\"\" type=\"text\" name=\"data-arrivo\" \/><\/span>\n<\/p>\n<p><i class=\"fa fa-asterisk\"><\/i> Date de d\u00e9part\n<\/p>\n<p><span class=\"wpcf7-form-control-wrap\" data-name=\"data-partenza\"><input size=\"40\" maxlength=\"400\" class=\"wpcf7-form-control wpcf7-text wpcf7-validates-as-required\" aria-required=\"true\" aria-invalid=\"false\" placeholder=\"JJ\/MM\/AAAA\" value=\"\" type=\"text\" name=\"data-partenza\" \/><\/span>\n<\/p>\n<p><i class=\"fa fa-asterisk\"><\/i> Camping en\n<\/p>\n<p><span class=\"wpcf7-form-control-wrap\" data-name=\"campeggio\"><select class=\"wpcf7-form-control wpcf7-select wpcf7-validates-as-required\" aria-required=\"true\" aria-invalid=\"false\" name=\"campeggio\"><option value=\"Tente\">Tente<\/option><option value=\"Caravane\">Caravane<\/option><option value=\"Camping-car\">Camping-car<\/option><option value=\"Minibus\">Minibus<\/option><option value=\"Tent de toit\">Tent de toit<\/option><\/select><\/span>\n<\/p>\n<p><b>DIMENSIONS TENTE \/ CARAVANE \/ CAMPING-CAR \/ MINIBUS \/ TENT DE TOIT :<\/b>\n<\/p>\n<p><i class=\"fa fa-asterisk\"><\/i> Largeur\n<\/p>\n<p><span class=\"wpcf7-form-control-wrap\" data-name=\"larghezza\"><input size=\"40\" maxlength=\"400\" class=\"wpcf7-form-control wpcf7-text wpcf7-validates-as-required\" aria-required=\"true\" aria-invalid=\"false\" value=\"\" type=\"text\" name=\"larghezza\" \/><\/span>\n<\/p>\n<p><i class=\"fa fa-asterisk\"><\/i> Longeur\n<\/p>\n<p><span class=\"wpcf7-form-control-wrap\" data-name=\"lunghezza\"><input size=\"40\" maxlength=\"400\" class=\"wpcf7-form-control wpcf7-text wpcf7-validates-as-required\" aria-required=\"true\" aria-invalid=\"false\" value=\"\" type=\"text\" name=\"lunghezza\" \/><\/span>\n<\/p>\n<p>Hauteur (si non standard)\n<\/p>\n<p><span class=\"wpcf7-form-control-wrap\" data-name=\"altezza\"><input size=\"40\" maxlength=\"400\" class=\"wpcf7-form-control wpcf7-text\" aria-invalid=\"false\" value=\"\" type=\"text\" name=\"altezza\" \/><\/span>\n<\/p>\n<p><i class=\"fa fa-asterisk\"><\/i> Nombre de personnes\n<\/p>\n<p><span class=\"wpcf7-form-control-wrap\" data-name=\"adulti\"><select class=\"wpcf7-form-control wpcf7-select wpcf7-validates-as-required\" aria-required=\"true\" aria-invalid=\"false\" name=\"adulti\"><option value=\"1\">1<\/option><option value=\"2\">2<\/option><option value=\"3\">3<\/option><option value=\"4\">4<\/option><option value=\"5\">5<\/option><option value=\"6\">6<\/option><option value=\"7\">7<\/option><option value=\"8\">8<\/option><option value=\"9\">9<\/option><option value=\"oltre\">oltre<\/option><\/select><\/span>\n<\/p>\n<p> B\u00e9b\u00e9 (0-1 ans)\n<\/p>\n<p><span class=\"wpcf7-form-control-wrap\" data-name=\"bambini\"><select class=\"wpcf7-form-control wpcf7-select\" aria-invalid=\"false\" name=\"bambini\"><option value=\"\"><\/option><option value=\"1\">1<\/option><option value=\"2\">2<\/option><option value=\"3\">3<\/option><option value=\"4\">4<\/option><option value=\"5\">5<\/option><option value=\"6\">6<\/option><option value=\"oltre\">oltre<\/option><\/select><\/span>\n<\/p>\n<p> Chiens\n<\/p>\n<p><span class=\"wpcf7-form-control-wrap\" data-name=\"cani\"><select class=\"wpcf7-form-control wpcf7-select\" aria-invalid=\"false\" name=\"cani\"><option value=\"\"><\/option><option value=\"1\">1<\/option><option value=\"2\">2<\/option><option value=\"3\">3<\/option><option value=\"4\">4<\/option><\/select><\/span>\n<\/p>\n<p><i class=\"fa fa-asterisk\"><\/i> Salle de bain priv\u00e9e\n<\/p>\n<p><span class=\"wpcf7-form-control-wrap\" data-name=\"bagno\"><span class=\"wpcf7-form-control wpcf7-radio\"><span class=\"wpcf7-list-item first\"><input type=\"radio\" name=\"bagno\" value=\"Indispensabile\" \/><span class=\"wpcf7-list-item-label\">Indispensabile<\/span><\/span><span class=\"wpcf7-list-item\"><input type=\"radio\" name=\"bagno\" value=\"Si possible\" \/><span class=\"wpcf7-list-item-label\">Si possible<\/span><\/span><span class=\"wpcf7-list-item last\"><input type=\"radio\" name=\"bagno\" value=\"No, J&#039;utilise les salles de bain communes\" \/><span class=\"wpcf7-list-item-label\">No, J&#039;utilise les salles de bain communes<\/span><\/span><\/span><\/span>\n<\/p>\n<p>Message (On parle anglais, italien et allemande)\n<\/p>\n<p><span class=\"wpcf7-form-control-wrap\" data-name=\"messaggio\"><textarea cols=\"40\" rows=\"10\" maxlength=\"2000\" class=\"wpcf7-form-control wpcf7-textarea\" aria-invalid=\"false\" name=\"messaggio\"><\/textarea><\/span>\n<\/p>\n<p><i class=\"fa fa-asterisk\"><\/i> R\u00e9ponse en\n<\/p>\n<p><span class=\"wpcf7-form-control-wrap\" data-name=\"risposta\"><select class=\"wpcf7-form-control wpcf7-select wpcf7-validates-as-required\" aria-required=\"true\" aria-invalid=\"false\" name=\"risposta\"><option value=\"Anglais\">Anglais<\/option><option value=\"Italien\">Italien<\/option><option value=\"Allemand\">Allemand<\/option><\/select><\/span>\n<\/p>\n<p><i class=\"fa fa-asterisk\"><\/i> Merci de lire la <a href=\"\/wp-content\/uploads\/privacy-policy.pdf\" target=\"_blank\"> note d\u2019information sur le traitement des donn\u00e9es personnelles<\/a>.<br \/>\n<span class=\"wpcf7-form-control-wrap\" data-name=\"accettazione\"><span class=\"wpcf7-form-control wpcf7-acceptance\"><span class=\"wpcf7-list-item\"><label><input type=\"checkbox\" name=\"accettazione\" value=\"1\" aria-invalid=\"false\" \/><span class=\"wpcf7-list-item-label\">J\u2019ai pris connaissance et j\u2019accepte le traitement de mes donn\u00e9es personnelles conform\u00e9ment \u00e0 l\u2019article 13 du R\u00e8glement UE 2016\/679 (\"GDPR\") et du d\u00e9cret l\u00e9gislatif n\u00b0 196 du 30.06.2003, tel que modifi\u00e9 et compl\u00e9t\u00e9 par le d\u00e9cret l\u00e9gislatif n\u00b0 101 du 10.08.2018 (\"Code sur le respect de la vie priv\u00e9e\")<\/span><\/label><\/span><\/span><\/span>\n<\/p>\n<p><input class=\"wpcf7-form-control wpcf7-submit has-spinner\" type=\"submit\" value=\"Envoyer\" \/>\n<\/p><input type='hidden' class='wpcf7-pum' value='{\"closepopup\":false,\"closedelay\":0,\"openpopup\":false,\"openpopup_id\":0}' \/><div class=\"wpcf7-response-output\" aria-hidden=\"true\"><\/div>\n<\/form>\n<\/div>\n[\/vc_column][\/vc_row][vc_row css_animation=\u00a0\u00bb\u00a0\u00bb row_type=\u00a0\u00bbrow\u00a0\u00bb use_row_as_full_screen_section=\u00a0\u00bbno\u00a0\u00bb type=\u00a0\u00bbfull_width\u00a0\u00bb angled_section=\u00a0\u00bbno\u00a0\u00bb text_align=\u00a0\u00bbleft\u00a0\u00bb background_image_as_pattern=\u00a0\u00bbwithout_pattern\u00a0\u00bb][vc_column][vc_separator type=\u00a0\u00bbtransparent\u00a0\u00bb up=\u00a0\u00bb15&Prime; down=\u00a0\u00bb15&Prime;][\/vc_column][\/vc_row]<\/p>\n<\/div>","protected":false},"excerpt":{"rendered":"<p>[vc_row css_animation=\u00a0\u00bb\u00a0\u00bb row_type=\u00a0\u00bbrow\u00a0\u00bb use_row_as_full_screen_section=\u00a0\u00bbno\u00a0\u00bb type=\u00a0\u00bbgrid\u00a0\u00bb angled_section=\u00a0\u00bbno\u00a0\u00bb text_align=\u00a0\u00bbleft\u00a0\u00bb background_image_as_pattern=\u00a0\u00bbwithout_pattern\u00a0\u00bb full_height=\u00a0\u00bbyes\u00a0\u00bb padding_top=\u00a0\u00bb0&Prime; padding_bottom=\u00a0\u00bb0&Prime; z_index=\u00a0\u00bb\u00a0\u00bb][vc_column offset=\u00a0\u00bbvc_hidden-sm vc_hidden-xs\u00a0\u00bb][vc_separator type=\u00a0\u00bbtransparent\u00a0\u00bb&#8230;<\/p>\n","protected":false},"author":7,"featured_media":30722,"parent":0,"menu_order":0,"comment_status":"open","ping_status":"closed","template":"full_width.php","meta":{"footnotes":""},"class_list":["post-28414","page","type-page","status-publish","has-post-thumbnail","hentry"],"yoast_head":"<!-- This site is optimized with the Yoast SEO plugin v27.4 - https:\/\/yoast.com\/product\/yoast-seo-wordpress\/ -->\n<title>Camping, listino prezzi e prenotazioni - Orti di Mare<\/title>\n<meta name=\"description\" content=\"Consulta i prezzi del Camping, aperto tutto l&#039;anno: piazzole ombreggiate da pini, ulivi e sughere, a 2 passi dal mare e dal ristoro rurale con market. .\" \/>\n<meta name=\"robots\" content=\"index, follow, max-snippet:-1, max-image-preview:large, max-video-preview:-1\" \/>\n<link rel=\"canonical\" href=\"https:\/\/www.ortidimare.it\/fr\/camping-tarifs-et-reservations\/\" \/>\n<meta property=\"og:locale\" content=\"fr_FR\" \/>\n<meta property=\"og:type\" content=\"article\" \/>\n<meta property=\"og:title\" content=\"Camping, listino prezzi e prenotazioni - Orti di Mare\" \/>\n<meta property=\"og:description\" content=\"Consulta i prezzi del Camping, aperto tutto l&#039;anno: piazzole ombreggiate da pini, ulivi e sughere, a 2 passi dal mare e dal ristoro rurale con market. .\" \/>\n<meta property=\"og:url\" content=\"https:\/\/www.ortidimare.it\/fr\/camping-tarifs-et-reservations\/\" \/>\n<meta property=\"og:site_name\" content=\"Orti di Mare\" \/>\n<meta property=\"article:modified_time\" content=\"2026-02-08T11:27:46+00:00\" \/>\n<meta property=\"og:image\" content=\"https:\/\/www.ortidimare.it\/wp-content\/uploads\/2020\/11\/camping-fr-icona.jpg\" \/>\n\t<meta property=\"og:image:width\" content=\"217\" \/>\n\t<meta property=\"og:image:height\" content=\"217\" \/>\n\t<meta property=\"og:image:type\" content=\"image\/jpeg\" \/>\n<meta name=\"twitter:label1\" content=\"Dur\u00e9e de lecture estim\u00e9e\" \/>\n\t<meta name=\"twitter:data1\" content=\"5 minutes\" \/>\n<script type=\"application\/ld+json\" class=\"yoast-schema-graph\">{\"@context\":\"https:\\\/\\\/schema.org\",\"@graph\":[{\"@type\":\"WebPage\",\"@id\":\"https:\\\/\\\/www.ortidimare.it\\\/fr\\\/camping-tarifs-et-reservations\\\/\",\"url\":\"https:\\\/\\\/www.ortidimare.it\\\/fr\\\/camping-tarifs-et-reservations\\\/\",\"name\":\"Camping, listino prezzi e prenotazioni - Orti di Mare\",\"isPartOf\":{\"@id\":\"https:\\\/\\\/www.ortidimare.it\\\/fr\\\/#website\"},\"primaryImageOfPage\":{\"@id\":\"https:\\\/\\\/www.ortidimare.it\\\/fr\\\/camping-tarifs-et-reservations\\\/#primaryimage\"},\"image\":{\"@id\":\"https:\\\/\\\/www.ortidimare.it\\\/fr\\\/camping-tarifs-et-reservations\\\/#primaryimage\"},\"thumbnailUrl\":\"https:\\\/\\\/www.ortidimare.it\\\/wp-content\\\/uploads\\\/2020\\\/11\\\/camping-fr-icona.jpg\",\"datePublished\":\"2017-10-25T07:16:16+00:00\",\"dateModified\":\"2026-02-08T11:27:46+00:00\",\"description\":\"Consulta i prezzi del Camping, aperto tutto l'anno: piazzole ombreggiate da pini, ulivi e sughere, a 2 passi dal mare e dal ristoro rurale con market. .\",\"breadcrumb\":{\"@id\":\"https:\\\/\\\/www.ortidimare.it\\\/fr\\\/camping-tarifs-et-reservations\\\/#breadcrumb\"},\"inLanguage\":\"fr-FR\",\"potentialAction\":[{\"@type\":\"ReadAction\",\"target\":[\"https:\\\/\\\/www.ortidimare.it\\\/fr\\\/camping-tarifs-et-reservations\\\/\"]}]},{\"@type\":\"ImageObject\",\"inLanguage\":\"fr-FR\",\"@id\":\"https:\\\/\\\/www.ortidimare.it\\\/fr\\\/camping-tarifs-et-reservations\\\/#primaryimage\",\"url\":\"https:\\\/\\\/www.ortidimare.it\\\/wp-content\\\/uploads\\\/2020\\\/11\\\/camping-fr-icona.jpg\",\"contentUrl\":\"https:\\\/\\\/www.ortidimare.it\\\/wp-content\\\/uploads\\\/2020\\\/11\\\/camping-fr-icona.jpg\",\"width\":217,\"height\":217},{\"@type\":\"BreadcrumbList\",\"@id\":\"https:\\\/\\\/www.ortidimare.it\\\/fr\\\/camping-tarifs-et-reservations\\\/#breadcrumb\",\"itemListElement\":[{\"@type\":\"ListItem\",\"position\":1,\"name\":\"Home\",\"item\":\"https:\\\/\\\/www.ortidimare.it\\\/fr\\\/\"},{\"@type\":\"ListItem\",\"position\":2,\"name\":\"Camping Tarifs et r\u00e9servations\"}]},{\"@type\":\"WebSite\",\"@id\":\"https:\\\/\\\/www.ortidimare.it\\\/fr\\\/#website\",\"url\":\"https:\\\/\\\/www.ortidimare.it\\\/fr\\\/\",\"name\":\"Orti di Mare\",\"description\":\"Lacona - Isola d&#039;Elba\",\"publisher\":{\"@id\":\"https:\\\/\\\/www.ortidimare.it\\\/fr\\\/#organization\"},\"potentialAction\":[{\"@type\":\"SearchAction\",\"target\":{\"@type\":\"EntryPoint\",\"urlTemplate\":\"https:\\\/\\\/www.ortidimare.it\\\/fr\\\/?s={search_term_string}\"},\"query-input\":{\"@type\":\"PropertyValueSpecification\",\"valueRequired\":true,\"valueName\":\"search_term_string\"}}],\"inLanguage\":\"fr-FR\"},{\"@type\":\"Organization\",\"@id\":\"https:\\\/\\\/www.ortidimare.it\\\/fr\\\/#organization\",\"name\":\"Orti di Mare\",\"url\":\"https:\\\/\\\/www.ortidimare.it\\\/fr\\\/\",\"logo\":{\"@type\":\"ImageObject\",\"inLanguage\":\"fr-FR\",\"@id\":\"https:\\\/\\\/www.ortidimare.it\\\/fr\\\/#\\\/schema\\\/logo\\\/image\\\/\",\"url\":\"https:\\\/\\\/www.ortidimare.it\\\/wp-content\\\/uploads\\\/logo.jpg\",\"contentUrl\":\"https:\\\/\\\/www.ortidimare.it\\\/wp-content\\\/uploads\\\/logo.jpg\",\"width\":600,\"height\":600,\"caption\":\"Orti di Mare\"},\"image\":{\"@id\":\"https:\\\/\\\/www.ortidimare.it\\\/fr\\\/#\\\/schema\\\/logo\\\/image\\\/\"}}]}<\/script>\n<!-- \/ Yoast SEO plugin. -->","yoast_head_json":{"title":"Camping, listino prezzi e prenotazioni - Orti di Mare","description":"Consulta i prezzi del Camping, aperto tutto l'anno: piazzole ombreggiate da pini, ulivi e sughere, a 2 passi dal mare e dal ristoro rurale con market. .","robots":{"index":"index","follow":"follow","max-snippet":"max-snippet:-1","max-image-preview":"max-image-preview:large","max-video-preview":"max-video-preview:-1"},"canonical":"https:\/\/www.ortidimare.it\/fr\/camping-tarifs-et-reservations\/","og_locale":"fr_FR","og_type":"article","og_title":"Camping, listino prezzi e prenotazioni - Orti di Mare","og_description":"Consulta i prezzi del Camping, aperto tutto l'anno: piazzole ombreggiate da pini, ulivi e sughere, a 2 passi dal mare e dal ristoro rurale con market. .","og_url":"https:\/\/www.ortidimare.it\/fr\/camping-tarifs-et-reservations\/","og_site_name":"Orti di Mare","article_modified_time":"2026-02-08T11:27:46+00:00","og_image":[{"width":217,"height":217,"url":"https:\/\/www.ortidimare.it\/wp-content\/uploads\/2020\/11\/camping-fr-icona.jpg","type":"image\/jpeg"}],"twitter_misc":{"Dur\u00e9e de lecture estim\u00e9e":"5 minutes"},"schema":{"@context":"https:\/\/schema.org","@graph":[{"@type":"WebPage","@id":"https:\/\/www.ortidimare.it\/fr\/camping-tarifs-et-reservations\/","url":"https:\/\/www.ortidimare.it\/fr\/camping-tarifs-et-reservations\/","name":"Camping, listino prezzi e prenotazioni - Orti di Mare","isPartOf":{"@id":"https:\/\/www.ortidimare.it\/fr\/#website"},"primaryImageOfPage":{"@id":"https:\/\/www.ortidimare.it\/fr\/camping-tarifs-et-reservations\/#primaryimage"},"image":{"@id":"https:\/\/www.ortidimare.it\/fr\/camping-tarifs-et-reservations\/#primaryimage"},"thumbnailUrl":"https:\/\/www.ortidimare.it\/wp-content\/uploads\/2020\/11\/camping-fr-icona.jpg","datePublished":"2017-10-25T07:16:16+00:00","dateModified":"2026-02-08T11:27:46+00:00","description":"Consulta i prezzi del Camping, aperto tutto l'anno: piazzole ombreggiate da pini, ulivi e sughere, a 2 passi dal mare e dal ristoro rurale con market. .","breadcrumb":{"@id":"https:\/\/www.ortidimare.it\/fr\/camping-tarifs-et-reservations\/#breadcrumb"},"inLanguage":"fr-FR","potentialAction":[{"@type":"ReadAction","target":["https:\/\/www.ortidimare.it\/fr\/camping-tarifs-et-reservations\/"]}]},{"@type":"ImageObject","inLanguage":"fr-FR","@id":"https:\/\/www.ortidimare.it\/fr\/camping-tarifs-et-reservations\/#primaryimage","url":"https:\/\/www.ortidimare.it\/wp-content\/uploads\/2020\/11\/camping-fr-icona.jpg","contentUrl":"https:\/\/www.ortidimare.it\/wp-content\/uploads\/2020\/11\/camping-fr-icona.jpg","width":217,"height":217},{"@type":"BreadcrumbList","@id":"https:\/\/www.ortidimare.it\/fr\/camping-tarifs-et-reservations\/#breadcrumb","itemListElement":[{"@type":"ListItem","position":1,"name":"Home","item":"https:\/\/www.ortidimare.it\/fr\/"},{"@type":"ListItem","position":2,"name":"Camping Tarifs et r\u00e9servations"}]},{"@type":"WebSite","@id":"https:\/\/www.ortidimare.it\/fr\/#website","url":"https:\/\/www.ortidimare.it\/fr\/","name":"Orti di Mare","description":"Lacona - Isola d&#039;Elba","publisher":{"@id":"https:\/\/www.ortidimare.it\/fr\/#organization"},"potentialAction":[{"@type":"SearchAction","target":{"@type":"EntryPoint","urlTemplate":"https:\/\/www.ortidimare.it\/fr\/?s={search_term_string}"},"query-input":{"@type":"PropertyValueSpecification","valueRequired":true,"valueName":"search_term_string"}}],"inLanguage":"fr-FR"},{"@type":"Organization","@id":"https:\/\/www.ortidimare.it\/fr\/#organization","name":"Orti di Mare","url":"https:\/\/www.ortidimare.it\/fr\/","logo":{"@type":"ImageObject","inLanguage":"fr-FR","@id":"https:\/\/www.ortidimare.it\/fr\/#\/schema\/logo\/image\/","url":"https:\/\/www.ortidimare.it\/wp-content\/uploads\/logo.jpg","contentUrl":"https:\/\/www.ortidimare.it\/wp-content\/uploads\/logo.jpg","width":600,"height":600,"caption":"Orti di Mare"},"image":{"@id":"https:\/\/www.ortidimare.it\/fr\/#\/schema\/logo\/image\/"}}]}},"_links":{"self":[{"href":"https:\/\/www.ortidimare.it\/fr\/wp-json\/wp\/v2\/pages\/28414","targetHints":{"allow":["GET"]}}],"collection":[{"href":"https:\/\/www.ortidimare.it\/fr\/wp-json\/wp\/v2\/pages"}],"about":[{"href":"https:\/\/www.ortidimare.it\/fr\/wp-json\/wp\/v2\/types\/page"}],"author":[{"embeddable":true,"href":"https:\/\/www.ortidimare.it\/fr\/wp-json\/wp\/v2\/users\/7"}],"replies":[{"embeddable":true,"href":"https:\/\/www.ortidimare.it\/fr\/wp-json\/wp\/v2\/comments?post=28414"}],"version-history":[{"count":5,"href":"https:\/\/www.ortidimare.it\/fr\/wp-json\/wp\/v2\/pages\/28414\/revisions"}],"predecessor-version":[{"id":37795,"href":"https:\/\/www.ortidimare.it\/fr\/wp-json\/wp\/v2\/pages\/28414\/revisions\/37795"}],"wp:featuredmedia":[{"embeddable":true,"href":"https:\/\/www.ortidimare.it\/fr\/wp-json\/wp\/v2\/media\/30722"}],"wp:attachment":[{"href":"https:\/\/www.ortidimare.it\/fr\/wp-json\/wp\/v2\/media?parent=28414"}],"curies":[{"name":"wp","href":"https:\/\/api.w.org\/{rel}","templated":true}]}}