{"id":17742,"date":"2016-03-25T18:30:44","date_gmt":"2016-03-25T18:30:44","guid":{"rendered":"http:\/\/www.ortidimare.it\/appartamento-libeccio-2\/"},"modified":"2026-02-07T16:09:16","modified_gmt":"2026-02-07T15:09:16","slug":"wohnungen-preise-und-buchungen","status":"publish","type":"page","link":"https:\/\/www.ortidimare.it\/de\/wohnungen-preise-und-buchungen\/","title":{"rendered":"Wohnungen <br\/> Preise und Buchungen"},"content":{"rendered":"<div class=\"wpb-content-wrapper\"><p>[vc_row css_animation=&#8220;&#8220; row_type=&#8220;row&#8220; use_row_as_full_screen_section=&#8220;no&#8220; type=&#8220;full_width&#8220; angled_section=&#8220;no&#8220; text_align=&#8220;left&#8220; background_image_as_pattern=&#8220;without_pattern&#8220;][vc_column offset=&#8220;vc_hidden-sm vc_hidden-xs&#8220;][vc_separator type=&#8220;transparent&#8220; up=&#8220;15&#8243; down=&#8220;15&#8243;][vc_gallery type=&#8220;flexslider_slide&#8220; interval=&#8220;3&#8243; images=&#8220;31654,35518,35523,35528,35533,35538,35543,35548,35553,31754,35842,35847,35852,35857,35862,35867,35872&#8243; img_size=&#8220;full&#8220; css=&#8220;&#8220;][\/vc_column][\/vc_row][vc_row css_animation=&#8220;&#8220; row_type=&#8220;row&#8220; use_row_as_full_screen_section=&#8220;no&#8220; type=&#8220;full_width&#8220; angled_section=&#8220;no&#8220; text_align=&#8220;left&#8220; background_image_as_pattern=&#8220;without_pattern&#8220;][vc_column width=&#8220;1\/3&#8243;][vc_separator type=&#8220;transparent&#8220; thickness=&#8220;10&#8243; up=&#8220;15&#8243; down=&#8220;15&#8243;][vc_single_image image=&#8220;36295&#8243; img_size=&#8220;large&#8220; alignment=&#8220;center&#8220; css=&#8220;&#8220; qode_css_animation=&#8220;&#8220;][\/vc_column][vc_column width=&#8220;2\/3&#8243;][vc_separator type=&#8220;transparent&#8220; thickness=&#8220;10&#8243; up=&#8220;15&#8243; down=&#8220;15&#8243;][vc_column_text css=&#8220;&#8220;]Ein<strong> Steinwurf vom Meer<\/strong> entfernt, im <strong>gru\u0308nen Herz<\/strong> von Orti di Mare, liegen die <strong>Ferienwohnungen<\/strong>, komfortabel eingerichtet: komplett ausgestattete Ku\u0308che, W-LAN, TV, F\u00f6hn, Heizung\u2026 und Waschmaschine zur gemeinsamen Benutzung.[\/vc_column_text][vc_separator type=&#8220;transparent&#8220; thickness=&#8220;10&#8243; up=&#8220;15&#8243; down=&#8220;15&#8243;][vc_column_text css=&#8220;&#8220;]<\/p>\n<h3 class=\"p1\">1. WOHNUNG BREZZA<\/h3>\n<p>DIESE GEM\u00dcTLICHE UNTERKUNFT MIT GUTER RAUMAUFTEILUNG, UMGEBEN VON GEM\u00dcSEGARTEN UND WEINREBEN, IST TEIL DES LANDHAUSES &#8211; <em><strong>von Samstag bis Samstag buchbar<\/strong><\/em>[\/vc_column_text][vc_separator type=&#8220;transparent&#8220; thickness=&#8220;10&#8243; up=&#8220;15&#8243; down=&#8220;15&#8243;][vc_single_image image=&#8220;27045&#8243; img_size=&#8220;full&#8220; qode_css_animation=&#8220;&#8220;][vc_separator type=&#8220;transparent&#8220; thickness=&#8220;5&#8243; up=&#8220;10&#8243; down=&#8220;10&#8243;][vc_column_text css=&#8220;&#8220;]<\/p>\n<p class=\"p1\">Brezza ist eine <strong>3-Raum-Wohnung<\/strong> fu\u0308r <strong>4-5 Personen<\/strong>, aus lokalen Steinen gebaut, komfortabel und energetisch rationell, mit Solarzellendach und einer thermodynamischen W\u00e4rmepumpe zur Warmwassererzeugung.<\/p>\n<p>Die Wohnung besteht aus einem <strong>Doppelzimmer <\/strong>mit Klimaanlage, einer <strong>Ku\u0308che<\/strong> mit Spu\u0308lmaschine und Induktionskochfeld und einem sehr hellen <strong>Wohnraum<\/strong> mit Schlafsofa fu\u0308r 2 Personen. Es befindet sich eine Schiebetu\u0308r zur Ku\u0308che, so dass das Wohnzimmer in einen unabh\u00e4ngigen Schlafraum verwandelt werden kann. Ein fu\u0308nftes, ausziehbares Bett steht zur Verfu\u0308gung.<\/p>\n<p>Am Eingang liegt eine gro\u00dfzu\u0308gige <strong>Terrasse<\/strong> sowie mit einem Tisch und Stu\u0308hlen, Liegestu\u0308hlen, Au\u00dfendusche und einem Grill.<\/p>\n<p>Eine Waschmaschine zur gemeinsamen Nutzung ist zur Verf\u00fcgung unserer G\u00e4ste.[\/vc_column_text][vc_separator type=&#8220;transparent&#8220; thickness=&#8220;10&#8243; up=&#8220;15&#8243; down=&#8220;15&#8243;]<a  itemprop=\"url\" href=\"https:\/\/www.ortidimare.it\/de\/portfolio_page\/wohnungen-brezza\/\" target=\"_blank\" data-hover-color='#ffffff' class=\"qbutton  left default\" style=\"color: #ffffff; \">Photogallery Brezza<i class=\"qode_icon_font_awesome fa fa-camera qode_button_icon_element\" style=\"\" ><\/i><\/a>[vc_separator type=&#8220;transparent&#8220; thickness=&#8220;10&#8243; up=&#8220;15&#8243; down=&#8220;15&#8243;][vc_column_text css=&#8220;&#8220;]<\/p>\n<h3 class=\"p1\">2. WOHNUNG LIBECCIO<\/h3>\n<p>EINE GEM\u00dcTLICHE WOHNUNG, IN DER MAN SICH SOFORT ZU HAUSE F\u00dcHLT, MIT PANORAMABLICK AUF DIE BUCHT VON LACONA &#8211; <em><strong>von Sonntag bis Sonntag buchbar<\/strong><\/em>[\/vc_column_text][vc_separator type=&#8220;transparent&#8220; thickness=&#8220;5&#8243; up=&#8220;10&#8243; down=&#8220;10&#8243;][vc_single_image image=&#8220;27051&#8243; img_size=&#8220;full&#8220; qode_css_animation=&#8220;&#8220;][vc_separator type=&#8220;transparent&#8220; thickness=&#8220;10&#8243; up=&#8220;15&#8243; down=&#8220;15&#8243;][vc_column_text css=&#8220;&#8220;]Libeccio ist ein nach bioarchitektonischen Grunds\u00e4tzen konzipiertes Apartment mit <strong>vier Schlafgelegenheiten<\/strong>. Gut strukturiert und gemu\u0308tlich, in entspannten Blau- und Beiget\u00f6nen gehalten, nur zwei Schritte vom Aleatico-Weinberg entfernt.<\/p>\n<p>Es besteht aus einem <strong>Schlafzimmer<\/strong> mit Doppelbett und <strong>Klimaanlage<\/strong>, einer komplett ausgestattete <strong>Ku\u0308che <\/strong>mit Induktionskochfeld und Spu\u0308lmaschine, einem <strong>Badezimmer<\/strong> und einem hellen <strong>Wohnzimmer<\/strong> mit Schlafsofa, die u\u0308ber eine Infrarotheizung verfu\u0308gen.<\/p>\n<p>Auf der <strong>Veranda<\/strong> und der kleinen <strong>Terrasse<\/strong> geniesst man eine wundersch\u00f6ne Sicht auf den Pinienwald, das blaue Meer und die Insel Montecristo. Fu\u0308r regnerische oder windige Tage ist die Veranda mit Rollmarkise ausgestattet.<\/p>\n<p>Eine Waschmaschine zur gemeinsamen Nutzung ist zur Verf\u00fcgung unserer G\u00e4ste.[\/vc_column_text][vc_separator type=&#8220;transparent&#8220; thickness=&#8220;5&#8243; up=&#8220;10&#8243; down=&#8220;10&#8243;]<a  itemprop=\"url\" href=\"https:\/\/www.ortidimare.it\/de\/portfolio_page\/wohnungen-libeccio\/\" target=\"_blank\" data-hover-color='#ffffff' class=\"qbutton  left default\" style=\"color: #ffffff; \">Photogallery Libeccio<i class=\"qode_icon_font_awesome fa fa-camera qode_button_icon_element\" style=\"\" ><\/i><\/a>[vc_separator type=&#8220;transparent&#8220; thickness=&#8220;10&#8243; up=&#8220;15&#8243; down=&#8220;15&#8243;][vc_column_text css=&#8220;&#8220;]<\/p>\n<h3 class=\"p1\">3. CASINA ROSA<span id=\"outputText\" class=\"flex-extend ltr\"><\/span><\/h3>\n<p>EIN KLEINES ROMANTISCHES FERIENHAUS MIT PRIVATEM GARTEN IM SCHATTEN GRO\u00dfER PINIENB\u00c4UMEN &#8211; <em><strong>von Sonntag bis Sonntag buchbar<\/strong><\/em>[\/vc_column_text][vc_separator type=&#8220;transparent&#8220; thickness=&#8220;5&#8243; up=&#8220;10&#8243; down=&#8220;10&#8243;][vc_single_image image=&#8220;34279&#8243; img_size=&#8220;full&#8220; qode_css_animation=&#8220;&#8220;][vc_separator type=&#8220;transparent&#8220; thickness=&#8220;5&#8243; up=&#8220;10&#8243; down=&#8220;10&#8243;][vc_column_text css=&#8220;&#8220;]Das <strong>rosa H\u00e4uschen<\/strong> verf\u00fcgt \u00fcber ein <strong>Schlafzimmer mit Doppelbett (mit Klimaanlage ausgestattet) <\/strong>und\u00a0ein separates <strong>Schlafzimmer<\/strong> mit einem 140cm breitem Bett mit Infrarot-Heizpaneel, eine <strong>helle ausgestattete Veranda-K\u00fcche<\/strong>, zwei <strong>Badezimmer <\/strong>und eine <strong>Waschmaschine<\/strong>. Drau\u00dfen stehen ein gro\u00dfer Tisch, ein Holzgrill und ein Holzofen.<\/p>\n<p>Das Haus befindet sich in einem kleinen Bereich des Agriturismo, durch eine kleine Stra\u00dfe vom Hauptteil getrennt, gegen\u00fcber unseres Gem\u00fcsegartens. Es bietet <strong>Platz f\u00fcr bis zu 4 Personen<\/strong>. Anders als in den anderen Unterk\u00fcnften sind hier <strong>wohlerzogene Haustiere<\/strong>\u00a0erlaubt (mit t\u00e4glichem Aufpreis von <strong>5 \u20ac jeweils<\/strong>).[\/vc_column_text][vc_separator type=&#8220;transparent&#8220; thickness=&#8220;5&#8243; up=&#8220;10&#8243; down=&#8220;10&#8243;]<a  itemprop=\"url\" href=\"https:\/\/www.ortidimare.it\/de\/portfolio_page\/wohnungen-casina-rosa\/\" target=\"_blank\" data-hover-color='#ffffff' class=\"qbutton  left default\" style=\"color: #ffffff; \">Photogallery Casina Rosa<i class=\"qode_icon_font_awesome fa fa-camera qode_button_icon_element\" style=\"\" ><\/i><\/a>[vc_separator type=&#8220;transparent&#8220; thickness=&#8220;10&#8243; up=&#8220;15&#8243; down=&#8220;15&#8243;][vc_column_text css=&#8220;&#8220;]<\/p>\n<h3 class=\"p1\">4. WOHNUNG PONENTE<span id=\"outputText\" class=\"flex-extend ltr\"><\/span><\/h3>\n<p>GER\u00c4UMIGE ZWEI-ZIMMER-WOHNUNG MIT GRO\u00dfEM FENSTERN MIT BLICK INS GR\u00dcNE &#8211; <strong><em>von Samstag bis Samstag buchbar<\/em><\/strong>[\/vc_column_text][vc_separator type=&#8220;transparent&#8220; thickness=&#8220;5&#8243; up=&#8220;10&#8243; down=&#8220;10&#8243;][vc_column_text css=&#8220;&#8220;]Ponente war bis vor kurzem der Hauptwohnsitz der Tenuta-Besitzer und ist eine ger\u00e4umige Zweizimmerwohnung mit gro\u00dfen Fenstern mit Blick auf das Gr\u00fcn. Es ist eine komfortable Unterkunft von 60 Quadratmetern und kann <strong>bis zu 5 Personen<\/strong> beherbergen. Es wird durch eine Photovoltaikanlage und W\u00e4rmepumpen mit Strom versorgt. Es besteht aus einem <strong>Schlafzimmer mit Doppelbett<\/strong> (mit Klimaanlage) und einem <strong>hellen Wohnbereich mit einer Doppelschlafcouch<\/strong>. Ein f\u00fcnftes ausziehbares Bett steht f\u00fcr G\u00e4ste zur Verf\u00fcgung. F\u00fcr die Heizung im Winter gibt es Infrarotpaneele. Die <strong>K\u00fcche<\/strong> ist gemauert und voll ausgestattet mit Geschirrsp\u00fcler und Induktionskochfeld. Die Wohnung ist von einer gro\u00dfen Pergola mit Esstisch, Liegest\u00fchlen, Freiluftdusche und Grill umgeben.<\/p>\n<p>Eine Waschmaschine zur gemeinsamen Nutzung ist zur Verf\u00fcgung unserer G\u00e4ste.[\/vc_column_text][vc_separator type=&#8220;transparent&#8220; thickness=&#8220;5&#8243; up=&#8220;10&#8243; down=&#8220;10&#8243;]<a  itemprop=\"url\" href=\"https:\/\/www.ortidimare.it\/de\/portfolio_page\/wohnungen-ponente\/\" target=\"_blank\" data-hover-color='#ffffff' class=\"qbutton  left default\" style=\"color: #ffffff; \">Photogallery Ponente<i class=\"qode_icon_font_awesome fa fa-camera qode_button_icon_element\" style=\"\" ><\/i><\/a>[vc_separator type=&#8220;transparent&#8220; thickness=&#8220;5&#8243; up=&#8220;10&#8243; down=&#8220;10&#8243;][vc_column_text css=&#8220;&#8220;]<\/p>\n<h3 class=\"p1\">5. WOHNUNG AGLI SPRIZZI<\/h3>\n<p>EINE MODERNE DREI-ZIMMER-WOHNUNG IM ERDGESCHOSS EINER ELEGANTEN VILLA AUF DEM POGGIO AGLI SPRIZZI<\/p>\n<p><em><strong>von Sonntag bis Sonntag buchbar<\/strong> &#8211; f\u00fcr den Zeitraum vom 24\/05\/2026 bis 11\/10\/2026\u00a0 \u00a0 \u00a0 \u00a0 \u00a0 \u00a0 \u00a0 \u00a0 \u00a0 \u00a0 \u00a0 \u00a0 \u00a0 \u00a0 \u00a0 \u00a0 \u00a0 \u00a0 \u00a0 \u00a0 \u00a0 \u00a0 \u00a0 \u00a0 \u00a0 \u00a0 \u00a0 \u00a0 \u00a0 \u00a0 \u00a0 \u00a0 \u00a0 \u00a0 \u00a0 \u00a0 \u00a0 \u00a0 \u00a0 \u00a0 \u00a0 \u00a0 \u00a0 \u00a0 \u00a0 \u00a0 \u00a0 \u00a0 \u00a0 \u00a0 \u00a0 \u00a0 \u00a0 \u00a0 \u00a0 \u00a0 \u00a0 \u00a0 \u00a0 \u00a0 \u00a0 \u00a0 \u00a0 \u00a0 \u00a0 \u00a0 \u00a0\u00a0<\/em>[\/vc_column_text][vc_separator type=&#8220;transparent&#8220; thickness=&#8220;5&#8243; up=&#8220;10&#8243; down=&#8220;10&#8243;][vc_column_text css=&#8220;&#8220;]Die Wohnung agli Sprizzi ist eine Drei-Zimmer-Wohnung, die bis 4 Erwachsene plus 2 Kinder beherbergen kann. Sie ist aus lokalem Stein gebaut, <strong>komfortabel und energieeffizient<\/strong>, ausgestattet mit einem Photovoltaik-Dach und einer W\u00e4rmepumpe f\u00fcr die Warmwasserbereitung. Es besteht aus einem <strong>gro\u00dfen Schlafzimmer mit einem Doppelbett und einem zus\u00e4tzlichen Schlafsofa<\/strong> (mit Klimaanlage), einem zweiten <strong>Schlafzimmer mit Doppelbett<\/strong> und Klimaanlage, und einem <strong>K\u00fcchen-\/Wohnbereich<\/strong> mit einem Schlafsofa; beide R\u00e4ume sind mit einem Fernseher ausgestattet. Die Wohnung verf\u00fcgt \u00fcber ein komfortables Bad. Die <strong>kleine, voll ausgestattete K\u00fcche<\/strong> grenzt an einen gro\u00dfen <strong>privaten Garten<\/strong>, der ebenfalls ausgestattet ist. Die Unterkunft befindet sich in der N\u00e4he der kleinen Stra\u00dfe, die in wenigen Minuten zu Fu\u00df durch die Pinien zum Strand f\u00fchrt.<\/p>\n<p>Eine Waschmaschine zur gemeinsamen Nutzung ist zur Verf\u00fcgung unserer G\u00e4ste.[\/vc_column_text][vc_separator type=&#8220;transparent&#8220; thickness=&#8220;5&#8243; up=&#8220;10&#8243; down=&#8220;10&#8243;]<a  itemprop=\"url\" href=\"https:\/\/www.ortidimare.it\/de\/portfolio_page\/wohnungen-agli-sprizzi\/\" target=\"_blank\" data-hover-color='#ffffff' class=\"qbutton  left default\" style=\"color: #ffffff; \">Photogallery agli Sprizzi<i class=\"qode_icon_font_awesome fa fa-camera qode_button_icon_element\" style=\"\" ><\/i><\/a>[vc_separator type=&#8220;transparent&#8220; thickness=&#8220;5&#8243; up=&#8220;10&#8243; down=&#8220;10&#8243;][vc_column_text css=&#8220;&#8220;]<\/p>\n<h3 class=\"p1\">6. WOHNUNG LEVANTE<span id=\"outputText\" class=\"flex-extend ltr\"><\/span><\/h3>\n<p>ZWEIZIMMERWOHNUNG IM LANDHAUS, ZWISCHEN GEM\u00dcSEG\u00c4RTEN UND OBSTGARTEN &#8211; <strong><em>von Freitag bis Freitag buchbar<\/em><\/strong>[\/vc_column_text][vc_separator type=&#8220;transparent&#8220; thickness=&#8220;5&#8243; up=&#8220;10&#8243; down=&#8220;10&#8243;][vc_column_text css=&#8220;&#8220;]Levante ist eine <strong>Zweizimmerwohnung f\u00fcr 4 Personen mit einer Fl\u00e4che von ca. 50 m\u00b2.<\/strong> Sie besteht aus einem <strong>Doppelzimmer<\/strong> (mit Klimaanlage) und einem hellen Wohnbereich mit <strong>Doppelschlafsofa<\/strong>.<\/p>\n<p>Die voll ausgestattete K\u00fcche verf\u00fcgt \u00fcber einen <strong>Induktionsherd<\/strong>, jedoch keinen Geschirrsp\u00fcler.<\/p>\n<p>F\u00fcr die Heizung im Winter sorgen Infrarotpaneele und eine W\u00e4rmepumpe. Die W\u00e4rmepumpe ist mit einer Photovoltaikanlage auf dem Dach kombiniert.<\/p>\n<p>Es gibt eine Waschmaschine zur gemeinsamen Nutzung.<\/p>\n<p>Die Wohnung blickt auf einen <strong>ausgestatteten Garten<\/strong>, der von Gem\u00fcseg\u00e4rten umgeben ist und von dem aus man einen sch\u00f6nen Blick auf den Obstgarten und im Hintergrund auf die K\u00fcstenkiefern hat. Auf der R\u00fcckseite befinden sich der Backofen des Betriebs und die Werkstatt f\u00fcr Marmeladen und Honiggewinnung. Ein kleiner Weg f\u00fchrt in 5 Minuten zu Fu\u00df direkt zum Strand.[\/vc_column_text][vc_separator type=&#8220;transparent&#8220; thickness=&#8220;5&#8243; up=&#8220;10&#8243; down=&#8220;10&#8243;]<a  itemprop=\"url\" href=\"https:\/\/www.ortidimare.it\/de\/portfolio_page\/wohnung-levante\/\" target=\"_blank\" data-hover-color='#ffffff' class=\"qbutton  left default\" style=\"color: #ffffff; \">Photogallery Levante<i class=\"qode_icon_font_awesome fa fa-camera qode_button_icon_element\" style=\"\" ><\/i><\/a>[vc_separator type=&#8220;transparent&#8220; thickness=&#8220;5&#8243; up=&#8220;10&#8243; down=&#8220;10&#8243;][\/vc_column][\/vc_row][vc_row css_animation=&#8220;&#8220; row_type=&#8220;row&#8220; use_row_as_full_screen_section=&#8220;no&#8220; type=&#8220;full_width&#8220; angled_section=&#8220;no&#8220; text_align=&#8220;left&#8220; background_image_as_pattern=&#8220;without_pattern&#8220;][vc_column][vc_separator type=&#8220;normal&#8220; color=&#8220;#ffffff&#8220; thickness=&#8220;2&#8243; up=&#8220;30&#8243; down=&#8220;30&#8243;][vc_column_text css=&#8220;.vc_custom_1768042635250{padding-top: 15px !important;padding-right: 15px !important;padding-bottom: 15px !important;padding-left: 15px !important;background-color: #705c53 !important;}&#8220;]<\/p>\n<p style=\"text-align: center; color: #fff;\">Die Reservierungen f\u00fcr 2026 werden ab dem 11. November 2025 vorgenommen.<\/p>\n<p style=\"text-align: center; color: #fff;\">Der Agriturismo Orti di Mare ist derzeit geschlossen und wird am 10. M\u00e4rz 2026 wiederer\u00f6ffnet.<\/p>\n<p>[\/vc_column_text][vc_separator type=&#8220;normal&#8220; color=&#8220;#ffffff&#8220; thickness=&#8220;2&#8243; up=&#8220;30&#8243; down=&#8220;30&#8243;][vc_column_text css=&#8220;&#8220;]<\/p>\n<h2><img loading=\"lazy\" decoding=\"async\" width=\"57\" height=\"38\" class=\"alignnone size-full wp-image-21303\" src=\"http:\/\/www.ortidimare.it\/wp-content\/uploads\/2016\/03\/icona-app.jpg\" alt=\"icona-app\" \/><strong>PREISE 2026<\/strong><\/h2>\n<p>[\/vc_column_text][vc_separator type=&#8220;normal&#8220; color=&#8220;#ffffff&#8220; thickness=&#8220;10&#8243;][vc_column_text css=&#8220;&#8220;]<strong>TAGESPREISE<\/strong> inkl. Bett-, Hand- und K\u00fcchenw\u00e4sche, WLAN, Parkplatz und Steuern[\/vc_column_text][vc_separator type=&#8220;normal&#8220; color=&#8220;#ffffff&#8220; thickness=&#8220;10&#8243;][vc_column_text css=&#8220;&#8220;]<strong>LIBECCIO\/CASINA ROSA<\/strong> &#8211; von Sonntag bis Sonntag.<br \/>\n<strong>AGLI SPRIZZI<\/strong> (24\/05\/26-11\/10\/26)- von Sonntag bis Sonntag.<br \/>\n<strong>BREZZA<\/strong> &#8211; von Samstag bis Samstag.[\/vc_column_text][vc_separator type=&#8220;normal&#8220; color=&#8220;#ffffff&#8220; thickness=&#8220;10&#8243;][vc_column_text css=&#8220;&#8220;]<\/p>\n<h3 style=\"text-align: center;\"><strong>LIBECCIO &#8211; CASINA ROSA &#8211; AGLI SPRIZZI &#8211; BREZZA<\/strong><\/h3>\n<p>[\/vc_column_text][vc_column_text css=&#8220;&#8220;]<div id=\"tablepress-105-scroll-wrapper\" class=\"tablepress-scroll-wrapper\">\n\n<table id=\"tablepress-105\" class=\"tablepress tablepress-id-105 table5col tablepress-responsive\">\n<thead>\n<tr class=\"row-1\">\n\t<th class=\"column-1\">ZEITRAUM<\/th><th class=\"column-2\">1-2 PERSONEN<\/th><th class=\"column-3\">3 PERSONEN<\/th><th class=\"column-4\">4 PERSONEN<\/th><th class=\"column-5\">5 PERSONEN<\/th>\n<\/tr>\n<\/thead>\n<tbody class=\"row-striping row-hover\">\n<tr class=\"row-2\">\n\t<td class=\"column-1\">06\/01 - 15\/04<br \/>\n06\/11 - 23\/12<\/td><td class=\"column-2\">85 \u20ac<\/td><td class=\"column-3\">110 \u20ac<\/td><td class=\"column-4\">120 \u20ac<\/td><td class=\"column-5\">130 \u20ac<\/td>\n<\/tr>\n<tr class=\"row-3\">\n\t<td class=\"column-1\">16\/04 - 15\/05<br \/>\n16\/10 - 05\/11<br \/>\n24\/12 - 05\/01<\/td><td class=\"column-2\">130 \u20ac<\/td><td class=\"column-3\">140 \u20ac<\/td><td class=\"column-4\">150 \u20ac<\/td><td class=\"column-5\">160 \u20ac<\/td>\n<\/tr>\n<tr class=\"row-4\">\n\t<td class=\"column-1\">16\/05 - 04\/08<br \/>\n26\/08 - 15\/09<\/td><td class=\"column-2\">175 \u20ac<\/td><td class=\"column-3\">200 \u20ac<\/td><td class=\"column-4\">220 \u20ac<\/td><td class=\"column-5\">240\u20ac<\/td>\n<\/tr>\n<tr class=\"row-5\">\n\t<td class=\"column-1\">16\/09 - 15\/10<\/td><td class=\"column-2\">150 \u20ac<\/td><td class=\"column-3\">170  \u20ac<\/td><td class=\"column-4\">195 \u20ac<\/td><td class=\"column-5\">210 \u20ac<\/td>\n<\/tr>\n<tr class=\"row-6\">\n\t<td class=\"column-1\">05\/08 - 25\/08<\/td><td class=\"column-2\">220 \u20ac<\/td><td class=\"column-3\">250 \u20ac<\/td><td class=\"column-4\">270 \u20ac<\/td><td class=\"column-5\">290 \u20ac<\/td>\n<\/tr>\n<\/tbody>\n<\/table>\n\n<\/div><!-- #tablepress-105 from cache -->[\/vc_column_text][vc_separator type=&#8220;normal&#8220; color=&#8220;#ffffff&#8220; thickness=&#8220;10&#8243;][vc_column_text css=&#8220;&#8220;]<strong>PONENTE<\/strong> &#8211; von Samstag bis Samstag.[\/vc_column_text][vc_separator type=&#8220;normal&#8220; color=&#8220;#ffffff&#8220; thickness=&#8220;10&#8243;][vc_column_text css=&#8220;&#8220;]<\/p>\n<h3 style=\"text-align: center;\"><strong>PONENTE<\/strong><\/h3>\n<p>[\/vc_column_text][vc_column_text css=&#8220;&#8220;]<div id=\"tablepress-106-scroll-wrapper\" class=\"tablepress-scroll-wrapper\">\n\n<table id=\"tablepress-106\" class=\"tablepress tablepress-id-106 table5col tablepress-responsive\">\n<thead>\n<tr class=\"row-1\">\n\t<th class=\"column-1\">ZEITRAUM<\/th><th class=\"column-2\">1-2 PERSONEN<\/th><th class=\"column-3\">3 PERSONEN<\/th><th class=\"column-4\">4 PERSONEN<\/th><th class=\"column-5\">5 PERSONEN<\/th>\n<\/tr>\n<\/thead>\n<tbody class=\"row-striping row-hover\">\n<tr class=\"row-2\">\n\t<td class=\"column-1\">06\/01 - 15\/04<br \/>\n06\/11 - 23\/12<\/td><td class=\"column-2\">95 \u20ac<\/td><td class=\"column-3\">120 \u20ac<\/td><td class=\"column-4\">130 \u20ac<\/td><td class=\"column-5\">145 \u20ac<\/td>\n<\/tr>\n<tr class=\"row-3\">\n\t<td class=\"column-1\">16\/04 - 15\/05<br \/>\n16\/10 - 05\/11<br \/>\n24\/12 - 05\/01<\/td><td class=\"column-2\">145 \u20ac<\/td><td class=\"column-3\">155 \u20ac<\/td><td class=\"column-4\">165 \u20ac<\/td><td class=\"column-5\">175 \u20ac<\/td>\n<\/tr>\n<tr class=\"row-4\">\n\t<td class=\"column-1\">16\/05 - 04\/08<br \/>\n26\/08 - 15\/09<\/td><td class=\"column-2\">190 \u20ac<\/td><td class=\"column-3\">220 \u20ac<\/td><td class=\"column-4\">240 \u20ac<\/td><td class=\"column-5\">265\u20ac<\/td>\n<\/tr>\n<tr class=\"row-5\">\n\t<td class=\"column-1\">16\/09 - 15\/10<\/td><td class=\"column-2\">165 \u20ac<\/td><td class=\"column-3\">190  \u20ac<\/td><td class=\"column-4\">215 \u20ac<\/td><td class=\"column-5\">230 \u20ac<\/td>\n<\/tr>\n<tr class=\"row-6\">\n\t<td class=\"column-1\">05\/08 - 25\/08<\/td><td class=\"column-2\">240 \u20ac<\/td><td class=\"column-3\">275 \u20ac<\/td><td class=\"column-4\">300 \u20ac<\/td><td class=\"column-5\">320 \u20ac<\/td>\n<\/tr>\n<\/tbody>\n<\/table>\n\n<\/div><!-- #tablepress-106 from cache -->[\/vc_column_text][vc_separator type=&#8220;normal&#8220; color=&#8220;#ffffff&#8220; thickness=&#8220;10&#8243;][vc_column_text css=&#8220;&#8220;]<strong>LEVANTE<\/strong> &#8211; von Freitag bis Freitag.[\/vc_column_text][vc_separator type=&#8220;normal&#8220; color=&#8220;#ffffff&#8220; thickness=&#8220;10&#8243;][vc_column_text css=&#8220;&#8220;]<\/p>\n<h3 style=\"text-align: center;\"><strong>LEVANTE<\/strong><\/h3>\n<p>[\/vc_column_text][vc_column_text css=&#8220;&#8220;]<div id=\"tablepress-115-scroll-wrapper\" class=\"tablepress-scroll-wrapper\">\n\n<table id=\"tablepress-115\" class=\"tablepress tablepress-id-115 table5col tablepress-responsive\">\n<thead>\n<tr class=\"row-1\">\n\t<th class=\"column-1\">ZEITRAUM<\/th><th class=\"column-2\">1-2 PERSONEN<\/th><th class=\"column-3\">3 PERSONEN<\/th><th class=\"column-4\">4 PERSONEN<\/th>\n<\/tr>\n<\/thead>\n<tbody class=\"row-striping row-hover\">\n<tr class=\"row-2\">\n\t<td class=\"column-1\">06\/01 - 15\/04<br \/>\n06\/11 - 23\/12<\/td><td class=\"column-2\">75 \u20ac<\/td><td class=\"column-3\">100 \u20ac<\/td><td class=\"column-4\">110 \u20ac<\/td>\n<\/tr>\n<tr class=\"row-3\">\n\t<td class=\"column-1\">16\/04 - 15\/05<br \/>\n16\/10 - 05\/11<br \/>\n24\/12 - 05\/01<\/td><td class=\"column-2\">115 \u20ac<\/td><td class=\"column-3\">125 \u20ac<\/td><td class=\"column-4\">135 \u20ac<\/td>\n<\/tr>\n<tr class=\"row-4\">\n\t<td class=\"column-1\">16\/05 - 04\/08<br \/>\n26\/08 - 15\/09<\/td><td class=\"column-2\">150 \u20ac<\/td><td class=\"column-3\">170 \u20ac<\/td><td class=\"column-4\">185 \u20ac<\/td>\n<\/tr>\n<tr class=\"row-5\">\n\t<td class=\"column-1\">16\/09 - 15\/10<\/td><td class=\"column-2\">130 \u20ac<\/td><td class=\"column-3\">145  \u20ac<\/td><td class=\"column-4\">165 \u20ac<\/td>\n<\/tr>\n<tr class=\"row-6\">\n\t<td class=\"column-1\">05\/08 - 25\/08<\/td><td class=\"column-2\">185 \u20ac<\/td><td class=\"column-3\">210 \u20ac<\/td><td class=\"column-4\">230 \u20ac<\/td>\n<\/tr>\n<\/tbody>\n<\/table>\n\n<\/div><!-- #tablepress-115 from cache -->[\/vc_column_text][vc_separator type=&#8220;normal&#8220; color=&#8220;#ffffff&#8220; thickness=&#8220;10&#8243;][vc_column_text css=&#8220;&#8220;]<\/p>\n<ul>\n<li><strong>Reservierung Kosten<\/strong>: \u20ac 15.<\/li>\n<li>Die Wohnungen sind nur <strong>w\u00f6chentlich <\/strong>reservierbar,\u00a0<strong>von Sonntag bis Sonntag (Wohnungen Libeccio, agli Sprizzi und Casina Rosa), von Samstag bis Samstag (Wohnungen Ponente und Brezza), oder von Freitag bis Freitag (Wohnung Levante)<\/strong>.<\/li>\n<li>Vom 18.10. bis zum 17.05. mindestens 3 N\u00e4chte, bei einem Aufenthalt unter 7 N\u00e4chten wird ein einmaliger Zuschlag von 65 \u20ac erhoben.<\/li>\n<li>In den Apartments Brezza, Ponente, Levante, agli Sprizzi und Libeccio sind <b>Haustiere<\/b> nicht erlaubt. NUR In der Casina Rosa sind<strong> wohlerzogene <b>Haustiere<\/b><\/strong>\u00a0erlaubt (mit t\u00e4glichem Aufpreis von <strong>5 \u20ac jeweils<\/strong>).<span style=\"color: #ffffff;\"><br \/>\n<\/span><\/li>\n<\/ul>\n<p>&nbsp;<\/p>\n<ul>\n<li><strong>Nachhaltig reisende G\u00e4ste<\/strong>, die zu Fu\u00df, mit dem Fahrrad oder \u00f6ffentlichen Verkehrsmitteln kommen (davon\u00a0<strong>ausgenommen das Flugzeug<\/strong>), erhalten einen <strong>Rabatt von 5% auf den Aufenthalt<\/strong>.<\/li>\n<\/ul>\n<p>&nbsp;<\/p>\n<p><span style=\"color: #699519;\"><strong>Check-in<\/strong><\/span>: die Unterku\u0308nfte sind <strong>ab 17.00 Uhr<\/strong> verfu\u0308gbar.<\/p>\n<p><span style=\"color: #699519;\"><strong>Check-out<\/strong><\/span>: die Rechnung muss am Tag vor der Abreise beglichen werden. Die Unterku\u0308nfte mu\u0308ssen <strong>vor 9.30 Uhr<\/strong> verlassen werden.<\/p>\n<p><span style=\"color: #ffffff;\">\u00a0<\/span><\/p>\n<p class=\"p1\"><span style=\"color: #699519;\"><strong>RESERVIERUNGS\u2013 UND STORNIERUNGSBEDINGUNGEN<\/strong><\/span>:<\/p>\n<ul>\n<li>Zum Zeitpunkt der Reservierung ist\u00a0<strong>keine Anzahlung<\/strong>\u00a0erforderlich.<\/li>\n<li><strong>Bis 8 Wochen<\/strong>\u00a0<strong>vor der vereinbarten Anreise<\/strong>\u00a0ist eine Stornierung\u00a0<strong>ohne Kosten<\/strong> m\u00f6glich (ausser der Reservierungsgeb\u00fchr in H\u00f6he von <strong>15 \u20ac<\/strong>).<\/li>\n<li><strong>Danach und bis zu 2 Wochen<\/strong>\u00a0vor der vereinbarten Anreise verpflichtet die Stornierung,\u00a0\u00a0unabh\u00e4ngig vom Grund, zur Zahlung des reservierten und nicht genutzten Zeitraums in H\u00f6he von\u00a0<strong>30%<\/strong>\u00a0des zu zahlenden Gesamtbetrags.<\/li>\n<li>Eine Stornierung,\u00a0unabh\u00e4ngig vom Grund,\u00a0<strong>nach 2 Wochen<\/strong> vor der vereinbarten Anreise, wie auch das Nichterscheinen oder eine vorzeitige Abreise verpflichten zur Zahlung des reservierten und nicht genutzten Zeitraums in H\u00f6he von <strong>90%<\/strong>\u00a0des zu zahlenden Gesamtbetrags.<\/li>\n<\/ul>\n<p>[\/vc_column_text][\/vc_column][\/vc_row][vc_row css_animation=&#8220;&#8220; row_type=&#8220;row&#8220; use_row_as_full_screen_section=&#8220;no&#8220; type=&#8220;full_width&#8220; angled_section=&#8220;no&#8220; text_align=&#8220;left&#8220; background_image_as_pattern=&#8220;without_pattern&#8220;][vc_column][vc_separator type=&#8220;transparent&#8220; thickness=&#8220;2&#8243; up=&#8220;20&#8243; down=&#8220;10&#8243;][vc_column_text css=&#8220;.vc_custom_1639501251870{border-top-width: 2px !important;border-right-width: 2px !important;border-bottom-width: 2px !important;border-left-width: 2px !important;padding-top: 10px !important;padding-bottom: 10px !important;border-left-color: #699519 !important;border-left-style: solid !important;border-right-color: #699519 !important;border-right-style: solid !important;border-top-color: #699519 !important;border-top-style: solid !important;border-bottom-color: #699519 !important;border-bottom-style: solid !important;border-radius: 2px !important;}&#8220;]<\/p>\n<h3 style=\"text-align: center;\"><strong>Haben Sie eine Frage? <a style=\"color: #699519; text-decoration: underline;\" title=\"H\u00e4ufige Fragen\" href=\"https:\/\/www.ortidimare.it\/de\/faq\/\">Hier<\/a>\u00a0finden Sie<br \/>\nunsere Antworten auf\u00a0<span style=\"color: #699519;\">die am h\u00e4ufigsten gestellten Fragen<\/span><\/strong><\/h3>\n<p>[\/vc_column_text][vc_separator type=&#8220;transparent&#8220; thickness=&#8220;2&#8243; up=&#8220;10&#8243; down=&#8220;20&#8243;]\n<div class=\"wpcf7 no-js\" id=\"wpcf7-f21395-o1\" lang=\"de-DE\" dir=\"ltr\" data-wpcf7-id=\"21395\">\n<div class=\"screen-reader-response\"><p role=\"status\" aria-live=\"polite\" aria-atomic=\"true\"><\/p> <ul><\/ul><\/div>\n<form action=\"\/de\/wp-json\/wp\/v2\/pages\/17742#wpcf7-f21395-o1\" method=\"post\" class=\"wpcf7-form init default\" aria-label=\"Kontaktformular\" novalidate=\"novalidate\" data-status=\"init\">\n<fieldset class=\"hidden-fields-container\"><input type=\"hidden\" name=\"_wpcf7\" value=\"21395\" \/><input type=\"hidden\" name=\"_wpcf7_version\" value=\"6.1.5\" \/><input type=\"hidden\" name=\"_wpcf7_locale\" value=\"de_DE\" \/><input type=\"hidden\" name=\"_wpcf7_unit_tag\" value=\"wpcf7-f21395-o1\" \/><input type=\"hidden\" name=\"_wpcf7_container_post\" value=\"0\" \/><input type=\"hidden\" name=\"_wpcf7_posted_data_hash\" value=\"\" \/><input type=\"hidden\" name=\"_wpcf7_recaptcha_response\" value=\"\" \/>\n<\/fieldset>\n<h2>VERF\u00dcGBARKEITSANFRAGE\n<\/h2>\n<p><strong> Die mit Sternchen <i class=\"fa fa-asterisk\"><\/i> gekennzeichneten Felder sind obligatorisch<\/strong>\n<\/p>\n<p><i class=\"fa fa-asterisk\"><\/i> Vorname\n<\/p>\n<p><span class=\"wpcf7-form-control-wrap\" data-name=\"nome\"><input size=\"40\" maxlength=\"400\" class=\"wpcf7-form-control wpcf7-text wpcf7-validates-as-required\" aria-required=\"true\" aria-invalid=\"false\" value=\"\" type=\"text\" name=\"nome\" \/><\/span>\n<\/p>\n<p><i class=\"fa fa-asterisk\"><\/i> Nachname\n<\/p>\n<p><span class=\"wpcf7-form-control-wrap\" data-name=\"cognome\"><input size=\"40\" maxlength=\"400\" class=\"wpcf7-form-control wpcf7-text wpcf7-validates-as-required\" aria-required=\"true\" aria-invalid=\"false\" value=\"\" type=\"text\" name=\"cognome\" \/><\/span>\n<\/p>\n<p><i class=\"fa fa-asterisk\"><\/i> e-Mail\n<\/p>\n<p><span class=\"wpcf7-form-control-wrap\" data-name=\"mail\"><input size=\"40\" maxlength=\"400\" class=\"wpcf7-form-control wpcf7-email wpcf7-validates-as-required wpcf7-text wpcf7-validates-as-email\" aria-required=\"true\" aria-invalid=\"false\" value=\"\" type=\"email\" name=\"mail\" \/><\/span>\n<\/p>\n<p>Handynummer\n<\/p>\n<p><span class=\"wpcf7-form-control-wrap\" data-name=\"telefono\"><input size=\"40\" maxlength=\"400\" class=\"wpcf7-form-control wpcf7-text\" aria-invalid=\"false\" value=\"\" type=\"text\" name=\"telefono\" \/><\/span>\n<\/p>\n<p><i class=\"fa fa-asterisk\"><\/i>Ich habe interesse an (Mehrfachauswahl m\u00f6glich)\n<\/p>\n<p><span class=\"wpcf7-form-control-wrap\" data-name=\"struttura\"><span class=\"wpcf7-form-control wpcf7-checkbox wpcf7-validates-as-required\"><span class=\"wpcf7-list-item first\"><input type=\"checkbox\" name=\"struttura[]\" value=\"Brezza\" \/><span class=\"wpcf7-list-item-label\">Brezza<\/span><\/span><span class=\"wpcf7-list-item\"><input type=\"checkbox\" name=\"struttura[]\" value=\"Libeccio\" \/><span class=\"wpcf7-list-item-label\">Libeccio<\/span><\/span><span class=\"wpcf7-list-item\"><input type=\"checkbox\" name=\"struttura[]\" value=\"Casina rosa\" \/><span class=\"wpcf7-list-item-label\">Casina rosa<\/span><\/span><span class=\"wpcf7-list-item\"><input type=\"checkbox\" name=\"struttura[]\" value=\"Ponente\" \/><span class=\"wpcf7-list-item-label\">Ponente<\/span><\/span><span class=\"wpcf7-list-item\"><input type=\"checkbox\" name=\"struttura[]\" value=\"Appartamento agli Sprizzi\" \/><span class=\"wpcf7-list-item-label\">Appartamento agli Sprizzi<\/span><\/span><span class=\"wpcf7-list-item last\"><input type=\"checkbox\" name=\"struttura[]\" value=\"Levante\" \/><span class=\"wpcf7-list-item-label\">Levante<\/span><\/span><\/span><\/span>\n<\/p>\n<p><i class=\"fa fa-asterisk\"><\/i> Anreisedatum\n<\/p>\n<p><span class=\"wpcf7-form-control-wrap\" data-name=\"data-arrivo\"><input size=\"40\" maxlength=\"400\" class=\"wpcf7-form-control wpcf7-text wpcf7-validates-as-required\" aria-required=\"true\" aria-invalid=\"false\" placeholder=\"TT\/MM\/JJJJ\" value=\"\" type=\"text\" name=\"data-arrivo\" \/><\/span>\n<\/p>\n<p><i class=\"fa fa-asterisk\"><\/i> Abreisedatum\n<\/p>\n<p><span class=\"wpcf7-form-control-wrap\" data-name=\"data-partenza\"><input size=\"40\" maxlength=\"400\" class=\"wpcf7-form-control wpcf7-text wpcf7-validates-as-required\" aria-required=\"true\" aria-invalid=\"false\" placeholder=\"TT\/MM\/JJJJ\" value=\"\" type=\"text\" name=\"data-partenza\" \/><\/span>\n<\/p>\n<p><i class=\"fa fa-asterisk\"><\/i> Personen (jeden Alters)\n<\/p>\n<p><span class=\"wpcf7-form-control-wrap\" data-name=\"adulti\"><select class=\"wpcf7-form-control wpcf7-select wpcf7-validates-as-required\" aria-required=\"true\" aria-invalid=\"false\" name=\"adulti\"><option value=\"1\">1<\/option><option value=\"2\">2<\/option><option value=\"3\">3<\/option><option value=\"4\">4<\/option><option value=\"5\">5<\/option><\/select><\/span>\n<\/p>\n<p>Nachricht\n<\/p>\n<p><span class=\"wpcf7-form-control-wrap\" data-name=\"messaggio\"><textarea cols=\"40\" rows=\"10\" maxlength=\"2000\" class=\"wpcf7-form-control wpcf7-textarea\" aria-invalid=\"false\" name=\"messaggio\"><\/textarea><\/span>\n<\/p>\n<p>Lesen Sie die <a href=\"\/wp-content\/uploads\/privacy-policy.pdf\" target=\"_blank\">Informationen zur Verarbeitung personenbezogener Daten<\/a>.<br \/>\n<span class=\"wpcf7-form-control-wrap\" data-name=\"accettazione\"><span class=\"wpcf7-form-control wpcf7-acceptance\"><span class=\"wpcf7-list-item\"><label><input type=\"checkbox\" name=\"accettazione\" value=\"1\" aria-invalid=\"false\" \/><span class=\"wpcf7-list-item-label\">Ich habe die Verarbeitung personenbezogener Daten gem\u00e4\u00df Art. 4 gelesen und bin damit einverstanden. 13 der EU-Verordnung 2016\/679 (sogenannte DSGVO) und des Gesetzesdekrets 30.06.2003, n. 196, ge\u00e4ndert und integriert durch das Gesetzesdekret 10.08.2018, n. 101 (sogenannter Datenschutzcode)<\/span><\/label><\/span><\/span><\/span>\n<\/p>\n<p><input class=\"wpcf7-form-control wpcf7-submit has-spinner\" type=\"submit\" value=\"Absenden\" \/>\n<\/p><input type='hidden' class='wpcf7-pum' value='{\"closepopup\":false,\"closedelay\":0,\"openpopup\":false,\"openpopup_id\":0}' \/><div class=\"wpcf7-response-output\" aria-hidden=\"true\"><\/div>\n<\/form>\n<\/div>\n[vc_separator type=&#8220;transparent&#8220; thickness=&#8220;10&#8243; up=&#8220;30&#8243; down=&#8220;30&#8243;][\/vc_column][\/vc_row]<\/p>\n<\/div>","protected":false},"excerpt":{"rendered":"<p>[vc_row css_animation=&#8220;&#8220; row_type=&#8220;row&#8220; use_row_as_full_screen_section=&#8220;no&#8220; type=&#8220;full_width&#8220; angled_section=&#8220;no&#8220; text_align=&#8220;left&#8220; background_image_as_pattern=&#8220;without_pattern&#8220;][vc_column offset=&#8220;vc_hidden-sm vc_hidden-xs&#8220;][vc_separator type=&#8220;transparent&#8220; up=&#8220;15&#8243; down=&#8220;15&#8243;][vc_gallery type=&#8220;flexslider_slide&#8220; interval=&#8220;3&#8243;&#8230;<\/p>\n","protected":false},"author":7,"featured_media":17993,"parent":0,"menu_order":0,"comment_status":"closed","ping_status":"closed","template":"","meta":{"footnotes":""},"class_list":["post-17742","page","type-page","status-publish","has-post-thumbnail","hentry"],"yoast_head":"<!-- This site is optimized with the Yoast SEO plugin v27.4 - https:\/\/yoast.com\/product\/yoast-seo-wordpress\/ -->\n<title>Orti di Mare: Wohnungen\u00a0<\/title>\n<meta name=\"description\" content=\"Unsere Wohnungen, sehr funktional und gemu\u0308tlich, sind 5 Fussminuten vom Lacona Strand entfernt\" \/>\n<meta name=\"robots\" content=\"index, follow, max-snippet:-1, max-image-preview:large, max-video-preview:-1\" \/>\n<link rel=\"canonical\" href=\"https:\/\/www.ortidimare.it\/de\/wohnungen-preise-und-buchungen\/\" \/>\n<meta property=\"og:locale\" content=\"de_DE\" \/>\n<meta property=\"og:type\" content=\"article\" \/>\n<meta property=\"og:title\" content=\"Orti di Mare: Wohnungen\u00a0\" \/>\n<meta property=\"og:description\" content=\"Unsere Wohnungen, sehr funktional und gemu\u0308tlich, sind 5 Fussminuten vom Lacona Strand entfernt\" \/>\n<meta property=\"og:url\" content=\"https:\/\/www.ortidimare.it\/de\/wohnungen-preise-und-buchungen\/\" \/>\n<meta property=\"og:site_name\" content=\"Orti di Mare\" \/>\n<meta property=\"article:modified_time\" content=\"2026-02-07T15:09:16+00:00\" \/>\n<meta property=\"og:image\" content=\"https:\/\/www.ortidimare.it\/wp-content\/uploads\/2015\/04\/appartamenti-de.jpg\" \/>\n\t<meta property=\"og:image:width\" content=\"217\" \/>\n\t<meta property=\"og:image:height\" content=\"217\" \/>\n\t<meta property=\"og:image:type\" content=\"image\/jpeg\" \/>\n<meta name=\"twitter:label1\" content=\"Gesch\u00e4tzte Lesezeit\" \/>\n\t<meta name=\"twitter:data1\" content=\"13\u00a0Minuten\" \/>\n<script type=\"application\/ld+json\" class=\"yoast-schema-graph\">{\"@context\":\"https:\\\/\\\/schema.org\",\"@graph\":[{\"@type\":\"WebPage\",\"@id\":\"https:\\\/\\\/www.ortidimare.it\\\/de\\\/wohnungen-preise-und-buchungen\\\/\",\"url\":\"https:\\\/\\\/www.ortidimare.it\\\/de\\\/wohnungen-preise-und-buchungen\\\/\",\"name\":\"Orti di Mare: Wohnungen\u00a0\",\"isPartOf\":{\"@id\":\"https:\\\/\\\/www.ortidimare.it\\\/de\\\/#website\"},\"primaryImageOfPage\":{\"@id\":\"https:\\\/\\\/www.ortidimare.it\\\/de\\\/wohnungen-preise-und-buchungen\\\/#primaryimage\"},\"image\":{\"@id\":\"https:\\\/\\\/www.ortidimare.it\\\/de\\\/wohnungen-preise-und-buchungen\\\/#primaryimage\"},\"thumbnailUrl\":\"https:\\\/\\\/www.ortidimare.it\\\/wp-content\\\/uploads\\\/2015\\\/04\\\/appartamenti-de.jpg\",\"datePublished\":\"2016-03-25T18:30:44+00:00\",\"dateModified\":\"2026-02-07T15:09:16+00:00\",\"description\":\"Unsere Wohnungen, sehr funktional und gemu\u0308tlich, sind 5 Fussminuten vom Lacona Strand entfernt\",\"breadcrumb\":{\"@id\":\"https:\\\/\\\/www.ortidimare.it\\\/de\\\/wohnungen-preise-und-buchungen\\\/#breadcrumb\"},\"inLanguage\":\"de\",\"potentialAction\":[{\"@type\":\"ReadAction\",\"target\":[\"https:\\\/\\\/www.ortidimare.it\\\/de\\\/wohnungen-preise-und-buchungen\\\/\"]}]},{\"@type\":\"ImageObject\",\"inLanguage\":\"de\",\"@id\":\"https:\\\/\\\/www.ortidimare.it\\\/de\\\/wohnungen-preise-und-buchungen\\\/#primaryimage\",\"url\":\"https:\\\/\\\/www.ortidimare.it\\\/wp-content\\\/uploads\\\/2015\\\/04\\\/appartamenti-de.jpg\",\"contentUrl\":\"https:\\\/\\\/www.ortidimare.it\\\/wp-content\\\/uploads\\\/2015\\\/04\\\/appartamenti-de.jpg\",\"width\":217,\"height\":217,\"caption\":\"WOHNUNGEN\"},{\"@type\":\"BreadcrumbList\",\"@id\":\"https:\\\/\\\/www.ortidimare.it\\\/de\\\/wohnungen-preise-und-buchungen\\\/#breadcrumb\",\"itemListElement\":[{\"@type\":\"ListItem\",\"position\":1,\"name\":\"Home\",\"item\":\"https:\\\/\\\/www.ortidimare.it\\\/de\\\/\"},{\"@type\":\"ListItem\",\"position\":2,\"name\":\"Wohnungen Preise und Buchungen\"}]},{\"@type\":\"WebSite\",\"@id\":\"https:\\\/\\\/www.ortidimare.it\\\/de\\\/#website\",\"url\":\"https:\\\/\\\/www.ortidimare.it\\\/de\\\/\",\"name\":\"Orti di Mare\",\"description\":\"Lacona - Isola d&#039;Elba\",\"publisher\":{\"@id\":\"https:\\\/\\\/www.ortidimare.it\\\/de\\\/#organization\"},\"potentialAction\":[{\"@type\":\"SearchAction\",\"target\":{\"@type\":\"EntryPoint\",\"urlTemplate\":\"https:\\\/\\\/www.ortidimare.it\\\/de\\\/?s={search_term_string}\"},\"query-input\":{\"@type\":\"PropertyValueSpecification\",\"valueRequired\":true,\"valueName\":\"search_term_string\"}}],\"inLanguage\":\"de\"},{\"@type\":\"Organization\",\"@id\":\"https:\\\/\\\/www.ortidimare.it\\\/de\\\/#organization\",\"name\":\"Orti di Mare\",\"url\":\"https:\\\/\\\/www.ortidimare.it\\\/de\\\/\",\"logo\":{\"@type\":\"ImageObject\",\"inLanguage\":\"de\",\"@id\":\"https:\\\/\\\/www.ortidimare.it\\\/de\\\/#\\\/schema\\\/logo\\\/image\\\/\",\"url\":\"https:\\\/\\\/www.ortidimare.it\\\/wp-content\\\/uploads\\\/logo.jpg\",\"contentUrl\":\"https:\\\/\\\/www.ortidimare.it\\\/wp-content\\\/uploads\\\/logo.jpg\",\"width\":600,\"height\":600,\"caption\":\"Orti di Mare\"},\"image\":{\"@id\":\"https:\\\/\\\/www.ortidimare.it\\\/de\\\/#\\\/schema\\\/logo\\\/image\\\/\"}}]}<\/script>\n<!-- \/ Yoast SEO plugin. -->","yoast_head_json":{"title":"Orti di Mare: Wohnungen\u00a0","description":"Unsere Wohnungen, sehr funktional und gemu\u0308tlich, sind 5 Fussminuten vom Lacona Strand entfernt","robots":{"index":"index","follow":"follow","max-snippet":"max-snippet:-1","max-image-preview":"max-image-preview:large","max-video-preview":"max-video-preview:-1"},"canonical":"https:\/\/www.ortidimare.it\/de\/wohnungen-preise-und-buchungen\/","og_locale":"de_DE","og_type":"article","og_title":"Orti di Mare: Wohnungen\u00a0","og_description":"Unsere Wohnungen, sehr funktional und gemu\u0308tlich, sind 5 Fussminuten vom Lacona Strand entfernt","og_url":"https:\/\/www.ortidimare.it\/de\/wohnungen-preise-und-buchungen\/","og_site_name":"Orti di Mare","article_modified_time":"2026-02-07T15:09:16+00:00","og_image":[{"width":217,"height":217,"url":"https:\/\/www.ortidimare.it\/wp-content\/uploads\/2015\/04\/appartamenti-de.jpg","type":"image\/jpeg"}],"twitter_misc":{"Gesch\u00e4tzte Lesezeit":"13\u00a0Minuten"},"schema":{"@context":"https:\/\/schema.org","@graph":[{"@type":"WebPage","@id":"https:\/\/www.ortidimare.it\/de\/wohnungen-preise-und-buchungen\/","url":"https:\/\/www.ortidimare.it\/de\/wohnungen-preise-und-buchungen\/","name":"Orti di Mare: Wohnungen\u00a0","isPartOf":{"@id":"https:\/\/www.ortidimare.it\/de\/#website"},"primaryImageOfPage":{"@id":"https:\/\/www.ortidimare.it\/de\/wohnungen-preise-und-buchungen\/#primaryimage"},"image":{"@id":"https:\/\/www.ortidimare.it\/de\/wohnungen-preise-und-buchungen\/#primaryimage"},"thumbnailUrl":"https:\/\/www.ortidimare.it\/wp-content\/uploads\/2015\/04\/appartamenti-de.jpg","datePublished":"2016-03-25T18:30:44+00:00","dateModified":"2026-02-07T15:09:16+00:00","description":"Unsere Wohnungen, sehr funktional und gemu\u0308tlich, sind 5 Fussminuten vom Lacona Strand entfernt","breadcrumb":{"@id":"https:\/\/www.ortidimare.it\/de\/wohnungen-preise-und-buchungen\/#breadcrumb"},"inLanguage":"de","potentialAction":[{"@type":"ReadAction","target":["https:\/\/www.ortidimare.it\/de\/wohnungen-preise-und-buchungen\/"]}]},{"@type":"ImageObject","inLanguage":"de","@id":"https:\/\/www.ortidimare.it\/de\/wohnungen-preise-und-buchungen\/#primaryimage","url":"https:\/\/www.ortidimare.it\/wp-content\/uploads\/2015\/04\/appartamenti-de.jpg","contentUrl":"https:\/\/www.ortidimare.it\/wp-content\/uploads\/2015\/04\/appartamenti-de.jpg","width":217,"height":217,"caption":"WOHNUNGEN"},{"@type":"BreadcrumbList","@id":"https:\/\/www.ortidimare.it\/de\/wohnungen-preise-und-buchungen\/#breadcrumb","itemListElement":[{"@type":"ListItem","position":1,"name":"Home","item":"https:\/\/www.ortidimare.it\/de\/"},{"@type":"ListItem","position":2,"name":"Wohnungen Preise und Buchungen"}]},{"@type":"WebSite","@id":"https:\/\/www.ortidimare.it\/de\/#website","url":"https:\/\/www.ortidimare.it\/de\/","name":"Orti di Mare","description":"Lacona - Isola d&#039;Elba","publisher":{"@id":"https:\/\/www.ortidimare.it\/de\/#organization"},"potentialAction":[{"@type":"SearchAction","target":{"@type":"EntryPoint","urlTemplate":"https:\/\/www.ortidimare.it\/de\/?s={search_term_string}"},"query-input":{"@type":"PropertyValueSpecification","valueRequired":true,"valueName":"search_term_string"}}],"inLanguage":"de"},{"@type":"Organization","@id":"https:\/\/www.ortidimare.it\/de\/#organization","name":"Orti di Mare","url":"https:\/\/www.ortidimare.it\/de\/","logo":{"@type":"ImageObject","inLanguage":"de","@id":"https:\/\/www.ortidimare.it\/de\/#\/schema\/logo\/image\/","url":"https:\/\/www.ortidimare.it\/wp-content\/uploads\/logo.jpg","contentUrl":"https:\/\/www.ortidimare.it\/wp-content\/uploads\/logo.jpg","width":600,"height":600,"caption":"Orti di Mare"},"image":{"@id":"https:\/\/www.ortidimare.it\/de\/#\/schema\/logo\/image\/"}}]}},"_links":{"self":[{"href":"https:\/\/www.ortidimare.it\/de\/wp-json\/wp\/v2\/pages\/17742","targetHints":{"allow":["GET"]}}],"collection":[{"href":"https:\/\/www.ortidimare.it\/de\/wp-json\/wp\/v2\/pages"}],"about":[{"href":"https:\/\/www.ortidimare.it\/de\/wp-json\/wp\/v2\/types\/page"}],"author":[{"embeddable":true,"href":"https:\/\/www.ortidimare.it\/de\/wp-json\/wp\/v2\/users\/7"}],"replies":[{"embeddable":true,"href":"https:\/\/www.ortidimare.it\/de\/wp-json\/wp\/v2\/comments?post=17742"}],"version-history":[{"count":5,"href":"https:\/\/www.ortidimare.it\/de\/wp-json\/wp\/v2\/pages\/17742\/revisions"}],"predecessor-version":[{"id":37673,"href":"https:\/\/www.ortidimare.it\/de\/wp-json\/wp\/v2\/pages\/17742\/revisions\/37673"}],"wp:featuredmedia":[{"embeddable":true,"href":"https:\/\/www.ortidimare.it\/de\/wp-json\/wp\/v2\/media\/17993"}],"wp:attachment":[{"href":"https:\/\/www.ortidimare.it\/de\/wp-json\/wp\/v2\/media?parent=17742"}],"curies":[{"name":"wp","href":"https:\/\/api.w.org\/{rel}","templated":true}]}}