{"id":16960,"date":"2015-04-22T15:46:07","date_gmt":"2015-04-22T15:46:07","guid":{"rendered":"http:\/\/www.ortidimare.it\/?page_id=16960"},"modified":"2026-03-12T14:55:40","modified_gmt":"2026-03-12T13:55:40","slug":"anreise","status":"publish","type":"page","link":"https:\/\/www.ortidimare.it\/de\/anreise\/","title":{"rendered":"Anreise"},"content":{"rendered":"<div class=\"wpb-content-wrapper\"><p>[vc_row css_animation=&#8220;&#8220; row_type=&#8220;row&#8220; use_row_as_full_screen_section=&#8220;no&#8220; type=&#8220;full_width&#8220; angled_section=&#8220;no&#8220; text_align=&#8220;left&#8220; background_image_as_pattern=&#8220;without_pattern&#8220;][vc_column][vc_single_image image=&#8220;23352&#8243; img_size=&#8220;1100&#215;407&#8243; alignment=&#8220;center&#8220; qode_css_animation=&#8220;&#8220;][\/vc_column][\/vc_row][vc_row css_animation=&#8220;&#8220; row_type=&#8220;row&#8220; use_row_as_full_screen_section=&#8220;no&#8220; type=&#8220;full_width&#8220; angled_section=&#8220;no&#8220; text_align=&#8220;left&#8220; background_image_as_pattern=&#8220;without_pattern&#8220;][vc_column][vc_separator type=&#8220;transparent&#8220; up=&#8220;15&#8243; down=&#8220;15&#8243;][\/vc_column][\/vc_row][vc_row css_animation=&#8220;&#8220; row_type=&#8220;row&#8220; use_row_as_full_screen_section=&#8220;no&#8220; type=&#8220;full_width&#8220; angled_section=&#8220;no&#8220; text_align=&#8220;left&#8220; background_image_as_pattern=&#8220;without_pattern&#8220;][vc_column][vc_accordion active_tab=&#8220;false&#8220; collapsible=&#8220;yes&#8220; style=&#8220;accordion&#8220;][vc_accordion_tab title=&#8220;F\u00c4HREN&#8220; i_position=&#8220;right&#8220; i_icon_fontawesome=&#8220;fa fa-ship&#8220; add_icon=&#8220;true&#8220; tab_id=&#8220;1522171794165-594ddb01-8105&#8243;][vc_column_text]F\u00fcr die Reservierung der F\u00e4hre haben Sie <span style=\"color: #699519;\"><strong>zwei M\u00f6glichkeiten<\/strong><\/span>:<\/p>\n<p><strong><span style=\"color: #699519;\">1)<\/span><\/strong> Nachdem Sie unsere Buchungsbest\u00e4tigung erhalten haben, k\u00f6nnen Sie uns nach einen Rabattcode fragen, bitte nennen Sie uns die F\u00e4hrgesellschaft, mit der Sie reisen m\u00f6chten: <a title=\"Moby und Toremar F\u00e4hre\" href=\"https:\/\/www.mobylines.de\/\"><strong><span style=\"color: #699519;\">Moby &amp; Toremar<\/span><\/strong><\/a> oder <strong><a style=\"color: #699519;\" title=\"Blu Navy F\u00e4hre buchen\" href=\"https:\/\/blunavytraghetti.com\/\">Blu Navy<\/a><\/strong>. Anschlie\u00dfend geben Sie diesen Code auf der Internetseite der gew\u00e4hlten F\u00e4hrgesellschaft ein, welche Sie \u00fcber die folgenden Links erreichen k\u00f6nnen:<\/p>\n<p>&nbsp;<\/p>\n<p><a title=\"Traghetti Moby &amp; Toremar\" href=\"https:\/\/www.mobylines.de\/\" target=\"_blank\" rel=\"noopener noreferrer\"><img loading=\"lazy\" decoding=\"async\" class=\"aligncenter wp-image-22099 size-full\" src=\"http:\/\/www.ortidimare.it\/wp-content\/uploads\/2020\/03\/MOBY-TOREMAR_de_elbaponte_visual-e1583775596532.jpg\" alt=\"Moby Toremar F\u00e4hre buchen\" width=\"450\" height=\"154\" \/><\/a><\/p>\n<p>&nbsp;<\/p>\n<p><a title=\"Traghetti BluNavy\" href=\"https:\/\/blunavytraghetti.com\/de\/\" target=\"_blank\" rel=\"noopener noreferrer\"><img loading=\"lazy\" decoding=\"async\" class=\"aligncenter wp-image-21929 size-full\" src=\"http:\/\/www.ortidimare.it\/wp-content\/uploads\/2015\/01\/Logo-e1581343816593.png\" alt=\"Buche den Ticket f\u00fcr Elba mit Blu Navy\" width=\"450\" height=\"103\" \/><\/a><\/p>\n<p>&nbsp;<\/p>\n<p><span style=\"color: #699519;\"><strong>2)<\/strong><\/span> Sie k\u00f6nnen jederzeit <strong><span style=\"color: #699519;\">die Tarife aller F\u00e4hrgesellschaften vergleichen<\/span><\/strong> und direkt Ihre Karte kaufen, indem Sie das folgende Formblatt ausf\u00fcllen::<\/p>\n<h3><iframe loading=\"lazy\" id=\"traghettiper\" style=\"font-size: 16px; padding-top: 30px; padding-bottom: 30px;\" src=\"https:\/\/responsive.traghettiper.it\/?marea=E&amp;portal=37&amp;affiliate=TP1023&amp;locale=de\" width=\"100%\" height=\"1000\" frameborder=\"0\" align=\"center\"><\/iframe><\/h3>\n<p><script src=\"https:\/\/responsive.traghettiper.it\/js\/resizer.js\"><\/script>[\/vc_column_text][\/vc_accordion_tab][vc_accordion_tab title=&#8220;WIE MAN ZU UNS KOMMT&#8220; i_position=&#8220;right&#8220; i_icon_fontawesome=&#8220;fa fa-map-marker&#8220; add_icon=&#8220;true&#8220; tab_id=&#8220;1522171794249-aaced78d-152c&#8220;][vc_column_text css=&#8220;&#8220;]<span class=\"s1\">In <span style=\"color: #699519;\"><strong>Portoferraio<\/strong><\/span> fahren Sie Richtung <span style=\"color: #699519;\"><strong>Porto Azzurro\/Capoliveri<\/strong><\/span>, immer geradeaus, bis zum Kreisverkehr. Hier biegen Sie rechts ab, Richtung <span style=\"color: #699519;\"><strong>Colle Reciso\/Lacona<\/strong><\/span>. Beim kleinen Kreisverkehr rechts und der Strasse folgen, den H\u00fcgel \u00fcberqueren\u00a0<\/span>und am Ende wieder rechts abbiegen in die Via dei Vigneti. Nach 500 Meter werden Sie Orti di Mare auf der linken Seite finden.[\/vc_column_text][\/vc_accordion_tab][vc_accordion_tab title=&#8220;CARSHARING&#8220; i_position=&#8220;right&#8220; i_icon_fontawesome=&#8220;fa fa-car&#8220; add_icon=&#8220;true&#8220; tab_id=&#8220;1522172527078-0b1c2203-c3b5&#8243;][vc_row_inner row_type=&#8220;row&#8220; type=&#8220;full_width&#8220; text_align=&#8220;left&#8220; css_animation=&#8220;&#8220;][vc_column_inner width=&#8220;1\/2&#8243;][vc_raw_html]JTNDaWZyYW1lJTIwc3R5bGUlM0QlMjJib3JkZXIlM0ElMjAwcHglM0IlMjBwYWRkaW5nJTNBJTIwMHB4JTNCJTIwZGlzcGxheSUzQSUyMGJsb2NrJTNCJTIwbWFyZ2luJTNBJTIwMjBweCUyMGF1dG8lM0IlMjB3aWR0aCUzQSUyMDMwMHB4JTNCJTIwaGVpZ2h0JTNBJTIwMjcwcHglM0IlMjIlMjBzcmMlM0QlMjIlMkYlMkZ3d3cuYmxhYmxhY2FyLmRlJTJGd2lkZ2V0JTJGREVfV0lEX09SVElfRElfTUFSRSUyMiUyMHdpZHRoJTNEJTIyMzAwJTIyJTIwaGVpZ2h0JTNEJTIyMTUwJTIyJTNFJTNDJTJGaWZyYW1lJTNF[\/vc_raw_html][\/vc_column_inner][vc_column_inner width=&#8220;1\/2&#8243;][vc_raw_html]JTNDaWZyYW1lJTIwc3R5bGUlM0QlMjJib3JkZXIlM0ElMjAwcHglM0IlMjBwYWRkaW5nJTNBJTIwMHB4JTNCJTIwZGlzcGxheSUzQSUyMGJsb2NrJTNCJTIwbWFyZ2luJTNBJTIwMjBweCUyMGF1dG8lM0IlMjB3aWR0aCUzQSUyMDMwMHB4JTNCJTIwaGVpZ2h0JTNBJTIwMjcwcHglM0IlMjIlMjBzcmMlM0QlMjIlMkYlMkZ3d3cuYmxhYmxhY2FyLmRlJTJGd2lkZ2V0LWRyaXZlciUyRkRFX1dJRF9PUlRJX0RJX01BUkUlMjIlMjB3aWR0aCUzRCUyMjMwMCUyMiUyMGhlaWdodCUzRCUyMjE1MCUyMiUzRSUzQyUyRmlmcmFtZSUzRQ==[\/vc_raw_html][\/vc_column_inner][\/vc_row_inner][\/vc_accordion_tab][vc_accordion_tab title=&#8220;\u00d6FFENTLICHER VERKEHR&#8220; i_position=&#8220;right&#8220; i_icon_fontawesome=&#8220;fa fa-bus&#8220; add_icon=&#8220;true&#8220; tab_id=&#8220;1522172600273-06c0753d-5fc1&#8243;][vc_column_text css=&#8220;&#8220;]<\/p>\n<h2><span data-type=\"normal\"  class=\"qode_icon_shortcode  q_font_awsome_icon fa-2x  \" style=\" \"><i class=\"qode_icon_font_awesome fa fa-taxi qode_icon_element\" style=\"\" ><\/i><\/span> TAXI<\/h2>\n<p>&nbsp;<\/p>\n<h3>Funktaxi Elba Insel<\/h3>\n<ul class=\"inserzioni\">\n<li>Telefon 0039.0565.18.22<\/li>\n<\/ul>\n<p>&nbsp;<\/p>\n<h3>Portoferraio<\/h3>\n<p>Calata Italia &#8211; Molo Massimo<\/p>\n<ul class=\"inserzioni\">\n<li>Telefon\u00a00039.0565.915.112<\/li>\n<li>Handy 0039.393.10.393.10<\/li>\n<\/ul>\n<p>&nbsp;<\/p>\n<h3>Porto Azzurro<\/h3>\n<p>Piazza Palestro &#8211; Banchina IV Novembre<\/p>\n<ul class=\"inserzioni\">\n<li>Handy\u00a00039.338.86.09.896<\/li>\n<li>Handy 0039.338.92.50.734<\/li>\n<\/ul>\n<p>&nbsp;<\/p>\n<h3>Capoliveri<\/h3>\n<p>Ulisse Matteo\u00a0Poggioli, Via Ciro Menotti<\/p>\n<ul class=\"inserzioni\">\n<li>Handy 0039.338.26.89.417<\/li>\n<\/ul>\n<p>&nbsp;<\/p>\n<h3>Piombino<\/h3>\n<ul class=\"inserzioni\">\n<li>Piazza Gramsci &#8211; Telefon 0039.0565.22.60.80<\/li>\n<li>Piazza Niccolini &#8211; Telefon 0039.0565.22.60.60<\/li>\n<\/ul>\n<p>&nbsp;<\/p>\n<h2><span data-type=\"normal\"  class=\"qode_icon_shortcode  q_font_awsome_icon fa-2x  \" style=\" \"><i class=\"qode_icon_font_awesome fa fa-bus qode_icon_element\" style=\"\" ><\/i><\/span> BUS<\/h2>\n<p>&nbsp;<\/p>\n<h3>Linie 118<\/h3>\n<ul>\n<li><a href=\"https:\/\/rd-sftp-data.s3.eu-west-1.amazonaws.com\/autolineeToscane\/IVU\/OUTPUT\/TIMETABLES_WINTER\/EXLI\/118.pdf\" target=\"_blank\" rel=\"noopener\">Portoferraio &#8211; Bagnaia &#8211; Lacona<\/a><\/li>\n<\/ul>\n<p>[\/vc_column_text][\/vc_accordion_tab][vc_accordion_tab title=&#8220;AUTO-, MOTORRAD- UND FAHRRADVERMIETUNG&#8220; i_position=&#8220;right&#8220; i_type=&#8220;openiconic&#8220; i_icon_openiconic=&#8220;vc-oi vc-oi-key&#8220; add_icon=&#8220;true&#8220; tab_id=&#8220;1583857885148-c05fd873-99bb&#8220;][vc_column_text css=&#8220;&#8220;]<\/p>\n<h2>TWN<\/h2>\n<p><strong><a title=\"TWN auto - moto verleih\" href=\"https:\/\/www.twn-rent.it\/de\/\" target=\"_blank\" rel=\"noopener noreferrer\">www.twn-rent.it<\/a><\/strong><\/p>\n<ul>\n<li>Portoferraio &#8211; Tel. +39.0565.914666<\/li>\n<li>Lacona &#8211; Tel. +39.0565.964345<\/li>\n<\/ul>\n<p>&nbsp;<\/p>\n<p>Weitere Informationen zum <strong>Fahrradverleih<\/strong> erhalten Sie an unserer Rezeption.[\/vc_column_text][\/vc_accordion_tab][\/vc_accordion][\/vc_column][\/vc_row][vc_row css_animation=&#8220;&#8220; row_type=&#8220;row&#8220; use_row_as_full_screen_section=&#8220;no&#8220; type=&#8220;full_width&#8220; angled_section=&#8220;no&#8220; text_align=&#8220;left&#8220; background_image_as_pattern=&#8220;without_pattern&#8220;][vc_column][vc_separator type=&#8220;transparent&#8220; thickness=&#8220;10&#8243; up=&#8220;15&#8243; down=&#8220;15&#8243;][\/vc_column][\/vc_row]<\/p>\n<\/div>","protected":false},"excerpt":{"rendered":"<p>[vc_row css_animation=&#8220;&#8220; row_type=&#8220;row&#8220; use_row_as_full_screen_section=&#8220;no&#8220; type=&#8220;full_width&#8220; angled_section=&#8220;no&#8220; text_align=&#8220;left&#8220; background_image_as_pattern=&#8220;without_pattern&#8220;][vc_column][vc_single_image image=&#8220;23352&#8243; img_size=&#8220;1100&#215;407&#8243; alignment=&#8220;center&#8220; qode_css_animation=&#8220;&#8220;][\/vc_column][\/vc_row][vc_row css_animation=&#8220;&#8220; row_type=&#8220;row&#8220; use_row_as_full_screen_section=&#8220;no&#8220;&#8230;<\/p>\n","protected":false},"author":7,"featured_media":16968,"parent":0,"menu_order":0,"comment_status":"open","ping_status":"closed","template":"","meta":{"footnotes":""},"class_list":["post-16960","page","type-page","status-publish","has-post-thumbnail","hentry"],"yoast_head":"<!-- This site is optimized with the Yoast SEO plugin v27.4 - https:\/\/yoast.com\/product\/yoast-seo-wordpress\/ -->\n<title>Anreise - Orti di Mare<\/title>\n<meta name=\"description\" content=\"Anreise: F\u00e4hren, \u00d6ffentlicher Verkehr, Taxi, Bus, Carsharing auf der Insel\" \/>\n<meta name=\"robots\" content=\"index, follow, max-snippet:-1, max-image-preview:large, max-video-preview:-1\" \/>\n<link rel=\"canonical\" href=\"https:\/\/www.ortidimare.it\/de\/anreise\/\" \/>\n<meta property=\"og:locale\" content=\"de_DE\" \/>\n<meta property=\"og:type\" content=\"article\" \/>\n<meta property=\"og:title\" content=\"Anreise - Orti di Mare\" \/>\n<meta property=\"og:description\" content=\"Anreise: F\u00e4hren, \u00d6ffentlicher Verkehr, Taxi, Bus, Carsharing auf der Insel\" \/>\n<meta property=\"og:url\" content=\"https:\/\/www.ortidimare.it\/de\/anreise\/\" \/>\n<meta property=\"og:site_name\" content=\"Orti di Mare\" \/>\n<meta property=\"article:modified_time\" content=\"2026-03-12T13:55:40+00:00\" \/>\n<meta property=\"og:image\" content=\"https:\/\/www.ortidimare.it\/wp-content\/uploads\/2015\/01\/bott-trasporti.png\" \/>\n\t<meta property=\"og:image:width\" content=\"217\" \/>\n\t<meta property=\"og:image:height\" content=\"217\" \/>\n\t<meta property=\"og:image:type\" content=\"image\/png\" \/>\n<meta name=\"twitter:label1\" content=\"Gesch\u00e4tzte Lesezeit\" \/>\n\t<meta name=\"twitter:data1\" content=\"3\u00a0Minuten\" \/>\n<script type=\"application\/ld+json\" class=\"yoast-schema-graph\">{\"@context\":\"https:\\\/\\\/schema.org\",\"@graph\":[{\"@type\":\"WebPage\",\"@id\":\"https:\\\/\\\/www.ortidimare.it\\\/de\\\/anreise\\\/\",\"url\":\"https:\\\/\\\/www.ortidimare.it\\\/de\\\/anreise\\\/\",\"name\":\"Anreise - Orti di Mare\",\"isPartOf\":{\"@id\":\"https:\\\/\\\/www.ortidimare.it\\\/de\\\/#website\"},\"primaryImageOfPage\":{\"@id\":\"https:\\\/\\\/www.ortidimare.it\\\/de\\\/anreise\\\/#primaryimage\"},\"image\":{\"@id\":\"https:\\\/\\\/www.ortidimare.it\\\/de\\\/anreise\\\/#primaryimage\"},\"thumbnailUrl\":\"https:\\\/\\\/www.ortidimare.it\\\/wp-content\\\/uploads\\\/2015\\\/01\\\/bott-trasporti.png\",\"datePublished\":\"2015-04-22T15:46:07+00:00\",\"dateModified\":\"2026-03-12T13:55:40+00:00\",\"description\":\"Anreise: F\u00e4hren, \u00d6ffentlicher Verkehr, Taxi, Bus, Carsharing auf der Insel\",\"breadcrumb\":{\"@id\":\"https:\\\/\\\/www.ortidimare.it\\\/de\\\/anreise\\\/#breadcrumb\"},\"inLanguage\":\"de\",\"potentialAction\":[{\"@type\":\"ReadAction\",\"target\":[\"https:\\\/\\\/www.ortidimare.it\\\/de\\\/anreise\\\/\"]}]},{\"@type\":\"ImageObject\",\"inLanguage\":\"de\",\"@id\":\"https:\\\/\\\/www.ortidimare.it\\\/de\\\/anreise\\\/#primaryimage\",\"url\":\"https:\\\/\\\/www.ortidimare.it\\\/wp-content\\\/uploads\\\/2015\\\/01\\\/bott-trasporti.png\",\"contentUrl\":\"https:\\\/\\\/www.ortidimare.it\\\/wp-content\\\/uploads\\\/2015\\\/01\\\/bott-trasporti.png\",\"width\":217,\"height\":217,\"caption\":\"Orti di Mare: trasporti\"},{\"@type\":\"BreadcrumbList\",\"@id\":\"https:\\\/\\\/www.ortidimare.it\\\/de\\\/anreise\\\/#breadcrumb\",\"itemListElement\":[{\"@type\":\"ListItem\",\"position\":1,\"name\":\"Home\",\"item\":\"https:\\\/\\\/www.ortidimare.it\\\/de\\\/\"},{\"@type\":\"ListItem\",\"position\":2,\"name\":\"Anreise\"}]},{\"@type\":\"WebSite\",\"@id\":\"https:\\\/\\\/www.ortidimare.it\\\/de\\\/#website\",\"url\":\"https:\\\/\\\/www.ortidimare.it\\\/de\\\/\",\"name\":\"Orti di Mare\",\"description\":\"Lacona - Isola d&#039;Elba\",\"publisher\":{\"@id\":\"https:\\\/\\\/www.ortidimare.it\\\/de\\\/#organization\"},\"potentialAction\":[{\"@type\":\"SearchAction\",\"target\":{\"@type\":\"EntryPoint\",\"urlTemplate\":\"https:\\\/\\\/www.ortidimare.it\\\/de\\\/?s={search_term_string}\"},\"query-input\":{\"@type\":\"PropertyValueSpecification\",\"valueRequired\":true,\"valueName\":\"search_term_string\"}}],\"inLanguage\":\"de\"},{\"@type\":\"Organization\",\"@id\":\"https:\\\/\\\/www.ortidimare.it\\\/de\\\/#organization\",\"name\":\"Orti di Mare\",\"url\":\"https:\\\/\\\/www.ortidimare.it\\\/de\\\/\",\"logo\":{\"@type\":\"ImageObject\",\"inLanguage\":\"de\",\"@id\":\"https:\\\/\\\/www.ortidimare.it\\\/de\\\/#\\\/schema\\\/logo\\\/image\\\/\",\"url\":\"https:\\\/\\\/www.ortidimare.it\\\/wp-content\\\/uploads\\\/logo.jpg\",\"contentUrl\":\"https:\\\/\\\/www.ortidimare.it\\\/wp-content\\\/uploads\\\/logo.jpg\",\"width\":600,\"height\":600,\"caption\":\"Orti di Mare\"},\"image\":{\"@id\":\"https:\\\/\\\/www.ortidimare.it\\\/de\\\/#\\\/schema\\\/logo\\\/image\\\/\"}}]}<\/script>\n<!-- \/ Yoast SEO plugin. -->","yoast_head_json":{"title":"Anreise - Orti di Mare","description":"Anreise: F\u00e4hren, \u00d6ffentlicher Verkehr, Taxi, Bus, Carsharing auf der Insel","robots":{"index":"index","follow":"follow","max-snippet":"max-snippet:-1","max-image-preview":"max-image-preview:large","max-video-preview":"max-video-preview:-1"},"canonical":"https:\/\/www.ortidimare.it\/de\/anreise\/","og_locale":"de_DE","og_type":"article","og_title":"Anreise - Orti di Mare","og_description":"Anreise: F\u00e4hren, \u00d6ffentlicher Verkehr, Taxi, Bus, Carsharing auf der Insel","og_url":"https:\/\/www.ortidimare.it\/de\/anreise\/","og_site_name":"Orti di Mare","article_modified_time":"2026-03-12T13:55:40+00:00","og_image":[{"width":217,"height":217,"url":"https:\/\/www.ortidimare.it\/wp-content\/uploads\/2015\/01\/bott-trasporti.png","type":"image\/png"}],"twitter_misc":{"Gesch\u00e4tzte Lesezeit":"3\u00a0Minuten"},"schema":{"@context":"https:\/\/schema.org","@graph":[{"@type":"WebPage","@id":"https:\/\/www.ortidimare.it\/de\/anreise\/","url":"https:\/\/www.ortidimare.it\/de\/anreise\/","name":"Anreise - Orti di Mare","isPartOf":{"@id":"https:\/\/www.ortidimare.it\/de\/#website"},"primaryImageOfPage":{"@id":"https:\/\/www.ortidimare.it\/de\/anreise\/#primaryimage"},"image":{"@id":"https:\/\/www.ortidimare.it\/de\/anreise\/#primaryimage"},"thumbnailUrl":"https:\/\/www.ortidimare.it\/wp-content\/uploads\/2015\/01\/bott-trasporti.png","datePublished":"2015-04-22T15:46:07+00:00","dateModified":"2026-03-12T13:55:40+00:00","description":"Anreise: F\u00e4hren, \u00d6ffentlicher Verkehr, Taxi, Bus, Carsharing auf der Insel","breadcrumb":{"@id":"https:\/\/www.ortidimare.it\/de\/anreise\/#breadcrumb"},"inLanguage":"de","potentialAction":[{"@type":"ReadAction","target":["https:\/\/www.ortidimare.it\/de\/anreise\/"]}]},{"@type":"ImageObject","inLanguage":"de","@id":"https:\/\/www.ortidimare.it\/de\/anreise\/#primaryimage","url":"https:\/\/www.ortidimare.it\/wp-content\/uploads\/2015\/01\/bott-trasporti.png","contentUrl":"https:\/\/www.ortidimare.it\/wp-content\/uploads\/2015\/01\/bott-trasporti.png","width":217,"height":217,"caption":"Orti di Mare: trasporti"},{"@type":"BreadcrumbList","@id":"https:\/\/www.ortidimare.it\/de\/anreise\/#breadcrumb","itemListElement":[{"@type":"ListItem","position":1,"name":"Home","item":"https:\/\/www.ortidimare.it\/de\/"},{"@type":"ListItem","position":2,"name":"Anreise"}]},{"@type":"WebSite","@id":"https:\/\/www.ortidimare.it\/de\/#website","url":"https:\/\/www.ortidimare.it\/de\/","name":"Orti di Mare","description":"Lacona - Isola d&#039;Elba","publisher":{"@id":"https:\/\/www.ortidimare.it\/de\/#organization"},"potentialAction":[{"@type":"SearchAction","target":{"@type":"EntryPoint","urlTemplate":"https:\/\/www.ortidimare.it\/de\/?s={search_term_string}"},"query-input":{"@type":"PropertyValueSpecification","valueRequired":true,"valueName":"search_term_string"}}],"inLanguage":"de"},{"@type":"Organization","@id":"https:\/\/www.ortidimare.it\/de\/#organization","name":"Orti di Mare","url":"https:\/\/www.ortidimare.it\/de\/","logo":{"@type":"ImageObject","inLanguage":"de","@id":"https:\/\/www.ortidimare.it\/de\/#\/schema\/logo\/image\/","url":"https:\/\/www.ortidimare.it\/wp-content\/uploads\/logo.jpg","contentUrl":"https:\/\/www.ortidimare.it\/wp-content\/uploads\/logo.jpg","width":600,"height":600,"caption":"Orti di Mare"},"image":{"@id":"https:\/\/www.ortidimare.it\/de\/#\/schema\/logo\/image\/"}}]}},"_links":{"self":[{"href":"https:\/\/www.ortidimare.it\/de\/wp-json\/wp\/v2\/pages\/16960","targetHints":{"allow":["GET"]}}],"collection":[{"href":"https:\/\/www.ortidimare.it\/de\/wp-json\/wp\/v2\/pages"}],"about":[{"href":"https:\/\/www.ortidimare.it\/de\/wp-json\/wp\/v2\/types\/page"}],"author":[{"embeddable":true,"href":"https:\/\/www.ortidimare.it\/de\/wp-json\/wp\/v2\/users\/7"}],"replies":[{"embeddable":true,"href":"https:\/\/www.ortidimare.it\/de\/wp-json\/wp\/v2\/comments?post=16960"}],"version-history":[{"count":5,"href":"https:\/\/www.ortidimare.it\/de\/wp-json\/wp\/v2\/pages\/16960\/revisions"}],"predecessor-version":[{"id":38955,"href":"https:\/\/www.ortidimare.it\/de\/wp-json\/wp\/v2\/pages\/16960\/revisions\/38955"}],"wp:featuredmedia":[{"embeddable":true,"href":"https:\/\/www.ortidimare.it\/de\/wp-json\/wp\/v2\/media\/16968"}],"wp:attachment":[{"href":"https:\/\/www.ortidimare.it\/de\/wp-json\/wp\/v2\/media?parent=16960"}],"curies":[{"name":"wp","href":"https:\/\/api.w.org\/{rel}","templated":true}]}}