{"id":16921,"date":"2015-04-22T08:57:10","date_gmt":"2015-04-22T08:57:10","guid":{"rendered":"http:\/\/www.ortidimare.it\/?page_id=16921"},"modified":"2026-04-20T10:46:48","modified_gmt":"2026-04-20T08:46:48","slug":"laendliches-restaurant-hofladen-cafe","status":"publish","type":"page","link":"https:\/\/www.ortidimare.it\/de\/laendliches-restaurant-hofladen-cafe\/","title":{"rendered":"L\u00e4ndliches Restaurant <br> &#038; Hofladen-Caf\u00e9"},"content":{"rendered":"<div class=\"wpb-content-wrapper\"><p>[vc_row css_animation=&#8220;&#8220; row_type=&#8220;row&#8220; use_row_as_full_screen_section=&#8220;no&#8220; type=&#8220;full_width&#8220; angled_section=&#8220;no&#8220; text_align=&#8220;left&#8220; background_image_as_pattern=&#8220;without_pattern&#8220;][vc_column][layerslider_vc id=&#8220;11&#8243;][\/vc_column][\/vc_row][vc_row css_animation=&#8220;&#8220; row_type=&#8220;row&#8220; use_row_as_full_screen_section=&#8220;no&#8220; type=&#8220;full_width&#8220; angled_section=&#8220;no&#8220; text_align=&#8220;left&#8220; background_image_as_pattern=&#8220;without_pattern&#8220;][vc_column][vc_separator type=&#8220;transparent&#8220; up=&#8220;15&#8243; down=&#8220;15&#8243;][\/vc_column][\/vc_row][vc_row css_animation=&#8220;&#8220; row_type=&#8220;row&#8220; use_row_as_full_screen_section=&#8220;no&#8220; type=&#8220;full_width&#8220; angled_section=&#8220;no&#8220; text_align=&#8220;left&#8220; background_image_as_pattern=&#8220;without_pattern&#8220;][vc_column width=&#8220;1\/3&#8243;][vc_single_image image=&#8220;22377&#8243; img_size=&#8220;large&#8220; alignment=&#8220;center&#8220; css=&#8220;&#8220; qode_css_animation=&#8220;&#8220;][\/vc_column][vc_column width=&#8220;2\/3&#8243;][vc_column_text css=&#8220;&#8220;]<\/p>\n<h3 class=\"p1\" style=\"text-align: left;\"><span style=\"color: #6caa3a;\">WO MAN BEWUSST ERLEBEN KANN: &#8222;MAN IST, WAS MAN I\u00dfT.&#8220;<\/span><\/h3>\n<p><span style=\"color: #ffffff;\">\u00a0<\/span><br \/>\n<span style=\"color: #699519;\">\u2665<\/span> Der Barservice und der Wiederverkauf Markt mit Backwaren sind von Mitte April bis Ende Oktober verf\u00fcgbar.<\/p>\n<p>&nbsp;<\/p>\n<p><span style=\"color: #699519;\">\u2665<\/span> Das Restaurant befindet sich im Freien und ist f\u00fcr K\u00fcche, Backwaren und hofeigenes Eis von Mitte Mai bis etwa Mitte Oktober ge\u00f6ffnet (vorbehaltlich unvorhersehbarer Wetterbedingungen).<\/p>\n<p>&nbsp;<\/p>\n<p class=\"p2\" style=\"text-align: left;\"><span style=\"color: #699519;\">\u2665<\/span> Im Mittelpunkt von Orti di Mare steht das L\u00e4ndliches <strong>Restaurant &amp; Hofladen-Caf\u00e9<\/strong> mit Blick auf die Felder von Lacona und auf das sie umgebende h\u00fcgelige Amphitheater. Es ist jeden Tag tags\u00fcber ge\u00f6ffnet,<strong> von etwa Mitte April bzw. ab der letzten Aprilwoche<\/strong> bis etwa Mitte Oktober (vorbehaltlich unvorhersehbarer Wetterbedingungen). Eine Tischreservierung ist nicht m\u00f6glich, weder f\u00fcr das Mittag- noch f\u00fcr das Abendessen.<br \/>\nHinweis: Falls Sie Ihren Aufenthalt in Orti di Mare gezielt buchen m\u00f6chten, um das L\u00e4ndliche Restaurant zu nutzen, kontaktieren Sie bitte die Rezeption per E-Mail, um das genaue Er\u00f6ffnungsdatum zu erfahren.<\/p>\n<p>&nbsp;<\/p>\n<p class=\"p2\" style=\"text-align: left;\"><span style=\"color: #6caa3a;\">\u2665<\/span> In diesem einfachen, sommerlichen <strong>\u201cWohnzimmer unter freiem Himmel\u201d<\/strong>, von der Weinpergola beschattet und mitten im <strong>Olivenhain<\/strong>, kann man <strong>gutes Essen<\/strong> geniessen: eine kleine Auswahl gesunder und echt typischer regionaler Gerichte, auch <strong>vegan<\/strong> zubereitet, mit <strong>vollwertigen Zutaten<\/strong> und einer Menge <strong>Gemu\u0308se<\/strong>. Unser originelles Sortiment hochwertiger Kuchen- und landwirtschaftlicher Eissorten ist bekannt f\u00fcr die Raffinesse und sorgf\u00e4ltige Auswahl der Rohstoffe.<\/p>\n<p>&nbsp;<\/p>\n<p class=\"p2\" style=\"text-align: left;\"><span style=\"color: #6caa3a;\">\u2665<\/span>\u00a0An einem Tisch gesessen oder gemu\u0308tlicherweise auf einer <strong>H\u00e4ngematte<\/strong> liegend, kann man hier ein Buch lesen, durch die <strong>freie W-LAN<\/strong> surfen, mit den Tischnachbarn flirten, meditieren oder duftende <strong>kalte sowie warme Getr\u00e4nke schlu\u0308rfen<\/strong>.<\/p>\n<p>&nbsp;<\/p>\n<p class=\"p2\" style=\"text-align: left;\"><span style=\"color: #6caa3a;\">\u2665<\/span>\u00a0Ob zum <strong>Fru\u0308hstu\u0308ck<\/strong>, zum <strong>Brunch<\/strong> oder zum <strong>Abendessen<\/strong>, um den vollen Geschmack eines frischen Nachtisches oder eines Hof-Eises zu erleben, und um <strong>Obst und Gemu\u0308se<\/strong> unserer Felder sowie die K\u00f6stlichkeiten unserer <strong>Bio-B\u00e4ckerei<\/strong> einzukaufen, ist das Hofladen-Caf\u00e9 t\u00e4glich durchgehend\u00a0ge\u00f6ffnet.<\/p>\n<p>&nbsp;<\/p>\n<p><span style=\"color: #6caa3a;\">\u2665<\/span> Des Weiteren finden Sie in diesem gemeinschaftlichen Convivium auch einen <strong>Lesesaal<\/strong> mit Bibliothek, einen <strong>Kinderspielplatz<\/strong>, eine <strong>Relax-Zone<\/strong> mit Solarium und Liegest\u00fchlen, eine <strong>Tanzfl\u00e4che<\/strong> und einen <strong>Info-Point<\/strong> mit Fotos und Beschreibungen der Flora, der Mineralien, der Umwelt, des Meeres und anderer Aspekte der Insel Elba sowie mit ausf\u00fchrlichen Informationen \u00fcber das Landgut und die nat\u00fcrliche Umgebung der Insel.<\/p>\n<p>&nbsp;<\/p>\n<h3 class=\"p1\" style=\"text-align: center;\"><span style=\"color: #6caa3a;\">Informativer Anrufbeantworter +39.351.90.60.631\u00a0<\/span><\/h3>\n<p>[\/vc_column_text][vc_separator type=&#8220;transparent&#8220; thickness=&#8220;10&#8243; up=&#8220;15&#8243; down=&#8220;15&#8243;][vc_row_inner row_type=&#8220;row&#8220; type=&#8220;full_width&#8220; text_align=&#8220;center&#8220; css_animation=&#8220;&#8220;][vc_column_inner]<a  itemprop=\"url\" href=\"https:\/\/www.ortidimare.it\/de\/kontakt\/\" target=\"_self\"  class=\"qbutton  default\" style=\"\">Besuchen Sie uns<\/a>[\/vc_column_inner][\/vc_row_inner][\/vc_column][\/vc_row][vc_row css_animation=&#8220;&#8220; row_type=&#8220;row&#8220; use_row_as_full_screen_section=&#8220;no&#8220; type=&#8220;full_width&#8220; angled_section=&#8220;no&#8220; text_align=&#8220;left&#8220; background_image_as_pattern=&#8220;without_pattern&#8220;][vc_column][vc_separator type=&#8220;transparent&#8220; border_width=&#8220;2&#8243;][layerslider_vc id=&#8220;10&#8243;][vc_separator type=&#8220;transparent&#8220; border_width=&#8220;2&#8243;][vc_column_text css=&#8220;&#8220;]<\/p>\n<h3 class=\"p1\" style=\"text-align: center;\"><span style=\"color: #699519;\">DIE PRODUKTE<\/span><\/h3>\n<p>[\/vc_column_text][vc_column_text]<\/p>\n<p class=\"p2\" style=\"text-align: center;\">Bei dem L\u00e4ndliches Restaurant &amp; Hofladen-Caf\u00e9 warten die Erzeugnisse unserer Felder und unserer Bio-B\u00e4ckerei auf Sie: <strong>gesund, voller Geschmack<\/strong> und <strong>hochwertig<\/strong> zum Direktverkauf, vor Ort zu geniessen oder mit nach Hause zu nehmen.<\/p>\n<p>[\/vc_column_text][vc_separator type=&#8220;transparent&#8220; thickness=&#8220;10&#8243; up=&#8220;15&#8243; down=&#8220;15&#8243;][\/vc_column][\/vc_row][vc_row css_animation=&#8220;&#8220; row_type=&#8220;row&#8220; use_row_as_full_screen_section=&#8220;no&#8220; type=&#8220;full_width&#8220; angled_section=&#8220;no&#8220; text_align=&#8220;left&#8220; background_image_as_pattern=&#8220;without_pattern&#8220;][vc_column width=&#8220;1\/3&#8243;]<div class='image_hover ' style='' data-transition-delay=''><div class='images_holder'><a itemprop='url' href='https:\/\/www.ortidimare.it\/de\/portfolio_page\/unsere-produkte\/' target='_self'><img itemprop='image' class='active_image ' src='https:\/\/www.ortidimare.it\/wp-content\/uploads\/2015\/04\/confettura-de.jpg' alt='' style='' \/><img itemprop='image' class='hover_image' src='https:\/\/www.ortidimare.it\/wp-content\/uploads\/2015\/04\/confettura-de2.jpg' alt='' style='' \/><\/a><\/div><\/div>[vc_separator type=&#8220;transparent&#8220; border_width=&#8220;2&#8243;][vc_column_text]<\/p>\n<p class=\"p1\" style=\"text-align: left;\"><strong>DIE KONFIT\u00dcREN<\/strong><\/p>\n<p class=\"p1\" style=\"text-align: left;\"><em>Echt hausgemachte Marmeladen mit Bio-Qualit\u00e4tszertifikat <\/em><\/p>\n<p class=\"p1\" style=\"text-align: left;\">Zitronen, Erdbeeren, Feigen, Brombeeren, Aprikosen, Maulbeeren und Wildorangen verarbeiten wir <strong>auf herk\u00f6mmliche Art und Weise<\/strong>, ganz ohne Maschinen, zu Konfitu\u0308ren.<\/p>\n<p class=\"p1\" style=\"text-align: left;\">Diese werden abgefu\u0308llt, wenn sie die richtige Konsistenz erreicht haben, und zwar <strong>ohne Zusatz<\/strong> von Pektinen oder anderen Verdickungsmitteln. Dabei kommt ausschlie\u00dflich <strong>biologischer Zucker<\/strong> zum Einsatz.<\/p>\n<p>[\/vc_column_text][vc_separator type=&#8220;transparent&#8220; thickness=&#8220;10&#8243; up=&#8220;15&#8243; down=&#8220;15&#8243;][\/vc_column][vc_column width=&#8220;1\/3&#8243;]<div class='image_hover ' style='' data-transition-delay=''><div class='images_holder'><a itemprop='url' href='https:\/\/www.ortidimare.it\/de\/portfolio_page\/unsere-produkte\/' target='_self'><img itemprop='image' class='active_image ' src='https:\/\/www.ortidimare.it\/wp-content\/uploads\/2015\/04\/pane-de.jpg' alt='' style='' \/><img itemprop='image' class='hover_image' src='https:\/\/www.ortidimare.it\/wp-content\/uploads\/2015\/04\/pane-de2.jpg' alt='' style='' \/><\/a><\/div><\/div>[vc_separator type=&#8220;transparent&#8220; border_width=&#8220;2&#8243;][vc_column_text css=&#8220;&#8220;]<\/p>\n<p class=\"p1\" style=\"text-align: left;\"><strong>DAS BROT<\/strong><\/p>\n<p class=\"p1\" style=\"text-align: left;\"><em>Ausgew\u00e4hlte Zutaten, einfach und reich im Geschmack<\/em><\/p>\n<p class=\"p1\" style=\"text-align: left;\">Wir backen unser Brot mit natu\u0308rlichem Sauerteig im Backhofen. Dort bekommt es durch das Verbrennen von Olivenholz und Weinreben-Zweigen ein ganz besonderes Aroma: das Brot von Orti di mare ist so gut, wie Brot nur sein kann.<\/p>\n<p class=\"p1\" style=\"text-align: left;\"><strong>Toskanisches Brot<\/strong>, <strong>Vollkorn mit Saaten<\/strong> und<strong> Mehrkornbrot,<\/strong> Brot mit Nu\u0308ssen und Rosinen, Olivenbrot.<\/p>\n<p class=\"p1\" style=\"text-align: left;\">Salzige Backwaren wie Pizza auch ohne Backtriebmittel, Quiches mit Gemu\u0308se aus dem Garten. Einfache und gesunde su\u0308\u00dfe Backwaren, wie die typische \u201cSchiaccia briaca\u201d, Cantuccini, Kekse und eine grosse Auswahl verschiedener Kuchen, auch <strong>vegane<\/strong>.<\/p>\n<p>[\/vc_column_text][vc_separator type=&#8220;transparent&#8220; thickness=&#8220;10&#8243; up=&#8220;15&#8243; down=&#8220;15&#8243;][\/vc_column][vc_column width=&#8220;1\/3&#8243;]<div class='image_hover ' style='' data-transition-delay=''><div class='images_holder'><a itemprop='url' href='https:\/\/www.ortidimare.it\/de\/portfolio_page\/unsere-produkte\/' target='_self'><img itemprop='image' class='active_image ' src='https:\/\/www.ortidimare.it\/wp-content\/uploads\/2015\/04\/verdura-de.jpg' alt='' style='' \/><img itemprop='image' class='hover_image' src='https:\/\/www.ortidimare.it\/wp-content\/uploads\/2015\/04\/verdura-de2.jpg' alt='' style='' \/><\/a><\/div><\/div>[vc_separator type=&#8220;transparent&#8220; border_width=&#8220;2&#8243;][vc_column_text css=&#8220;&#8220;]<\/p>\n<p class=\"p1\" style=\"text-align: left;\"><strong>OBST UND GEM\u00dcSE<\/strong><\/p>\n<p class=\"p1\" style=\"text-align: left;\"><em>Direkt aus unserem Bio-Garten<\/em><\/p>\n<p class=\"p1\" style=\"text-align: left;\">Genau zum richtigen Zeitpunkt geerntet, voller Vitamine und Geschmack. Gemu\u0308se, Fru\u0308chte und Waldbeerenobst, von Brombeeren bis Tomaten,<strong> biologisch und mit Liebe angebaut<\/strong>, von der Sonne verw\u00f6hnt, haben sie ein unvergleichliches Aroma.<\/p>\n<p>[\/vc_column_text][vc_separator type=&#8220;transparent&#8220; thickness=&#8220;10&#8243; up=&#8220;15&#8243; down=&#8220;15&#8243;][\/vc_column][\/vc_row][vc_row css_animation=&#8220;&#8220; row_type=&#8220;row&#8220; use_row_as_full_screen_section=&#8220;no&#8220; type=&#8220;full_width&#8220; angled_section=&#8220;no&#8220; text_align=&#8220;left&#8220; background_image_as_pattern=&#8220;without_pattern&#8220;][vc_column width=&#8220;1\/3&#8243;]<div class='image_hover ' style='' data-transition-delay=''><div class='images_holder'><a itemprop='url' href='https:\/\/www.ortidimare.it\/de\/portfolio_page\/unsere-produkte\/' target='_self'><img itemprop='image' class='active_image ' src='https:\/\/www.ortidimare.it\/wp-content\/uploads\/2015\/04\/olio-de.jpg' alt='' style='' \/><img itemprop='image' class='hover_image' src='https:\/\/www.ortidimare.it\/wp-content\/uploads\/2015\/04\/olio-de2.jpg' alt='' style='' \/><\/a><\/div><\/div>[vc_separator type=&#8220;transparent&#8220; border_width=&#8220;2&#8243;][vc_column_text css=&#8220;&#8220;]<\/p>\n<p class=\"p1\" style=\"text-align: left;\"><strong>NATIVES OLIVEN\u00d6L<\/strong><\/p>\n<p class=\"p1\" style=\"text-align: left;\"><em>Sorten Leccino und Frantoio<\/em><\/p>\n<p class=\"p1\" style=\"text-align: left;\">Vollst\u00e4ndiger <strong>Verzicht auf Pestizide und synthetische Du\u0308ngemittel<\/strong>, <strong>fru\u0308hzeitige<\/strong> und <strong>manuelle<\/strong> <strong>Ernte<\/strong> der Oliven, sehr niedrige Ausbeute: Das ist das Geheimnis fu\u0308r unser hervorragendes Oliven\u00f6l.<\/p>\n<p>[\/vc_column_text][vc_separator type=&#8220;transparent&#8220; thickness=&#8220;10&#8243; up=&#8220;15&#8243; down=&#8220;15&#8243;][\/vc_column][vc_column width=&#8220;1\/3&#8243;]<div class='image_hover ' style='' data-transition-delay=''><div class='images_holder'><a itemprop='url' href='https:\/\/www.ortidimare.it\/de\/portfolio_page\/unsere-produkte\/' target='_self'><img itemprop='image' class='active_image ' src='https:\/\/www.ortidimare.it\/wp-content\/uploads\/2015\/04\/aleatico-de.jpg' alt='' style='' \/><img itemprop='image' class='hover_image' src='https:\/\/www.ortidimare.it\/wp-content\/uploads\/2015\/04\/aleatico-de2.jpg' alt='' style='' \/><\/a><\/div><\/div>[vc_separator type=&#8220;transparent&#8220; border_width=&#8220;2&#8243;][vc_column_text css=&#8220;&#8220;]<\/p>\n<p class=\"p1\" style=\"text-align: left;\"><strong>ALEATICO<\/strong><\/p>\n<p class=\"p1\" style=\"text-align: left;\"><em>Unser Passito, ein Meditationswein<\/em><\/p>\n<p class=\"p1\" style=\"text-align: left;\">Dieser wertvolle Nektar am Ende der Mahlzeit genossen, findet eine perfekte Begleitung in den Cantuccini-Keksen.<\/p>\n<p class=\"p1\" style=\"text-align: left;\">Seine <strong>kr\u00e4ftige Farbe<\/strong> und <strong>Akkorden von sinnlichen Aromen<\/strong> sind das Destillat von dem strahlenden Licht, den zahlreichen Winden und den Bergbaudu\u0308ften, gesammelt und konzentriert durch eine manuelle Verarbeitung, die von Generation zu Generation weitergegeben wird.<\/p>\n<p>[\/vc_column_text][vc_separator type=&#8220;transparent&#8220; thickness=&#8220;10&#8243; up=&#8220;15&#8243; down=&#8220;15&#8243;][\/vc_column][vc_column width=&#8220;1\/3&#8243;]<div class='image_hover ' style='' data-transition-delay=''><div class='images_holder'><a itemprop='url' href='https:\/\/www.ortidimare.it\/de\/portfolio_page\/unsere-produkte\/' target='_self'><img itemprop='image' class='active_image ' src='https:\/\/www.ortidimare.it\/wp-content\/uploads\/2015\/04\/gelato-de.jpg' alt='' style='' \/><img itemprop='image' class='hover_image' src='https:\/\/www.ortidimare.it\/wp-content\/uploads\/2015\/04\/gelato-de2.jpg' alt='' style='' \/><\/a><\/div><\/div>[vc_separator type=&#8220;transparent&#8220; border_width=&#8220;2&#8243;][vc_column_text css=&#8220;&#8220;]<\/p>\n<p class=\"p1\" style=\"text-align: left;\"><strong>DAS HOF-EIS<\/strong><\/p>\n<p class=\"p1\" style=\"text-align: left;\"><em>Regenerierende Frische verbunden mit der Geschmacksvielfalt des Landgutes <\/em><\/p>\n<p class=\"p1\" style=\"text-align: left;\">Wir nennen es \u201cHof-Eis\u201d, weil es tats\u00e4chlich <strong>hausgemacht<\/strong> wird. Mit den besten <strong>Erzeugnissen unseres Landgutes<\/strong> kreieren wir erstaunliche Geschmacksvarianten: Myrte, Aleatico, Oliven\u00f6l, Erdbeere, Brombeere, Minze, Zitrone\u2026 Unser Eis erz\u00e4hlt von unserem Land und unseren Feldern, mit Hingabe bestellt, wo alles u\u0308ppig w\u00e4chst und andauernde Pflege mit viel Engagement verlangt wird.<\/p>\n<p>[\/vc_column_text][vc_separator type=&#8220;transparent&#8220; thickness=&#8220;10&#8243; up=&#8220;15&#8243; down=&#8220;15&#8243;][\/vc_column][\/vc_row][vc_row css_animation=&#8220;&#8220; row_type=&#8220;row&#8220; use_row_as_full_screen_section=&#8220;no&#8220; type=&#8220;full_width&#8220; angled_section=&#8220;no&#8220; text_align=&#8220;center&#8220; background_image_as_pattern=&#8220;without_pattern&#8220; z_index=&#8220;&#8220;][vc_column][vc_separator type=&#8220;transparent&#8220; border_width=&#8220;2&#8243;]<a  itemprop=\"url\" href=\"\/de\/einige-kuchen-rezepte\/\" target=\"_self\"  class=\"qbutton  default\" style=\"\">EINIGE KUCHEN-REZEPTE<\/a>[vc_separator type=&#8220;transparent&#8220; thickness=&#8220;10&#8243; up=&#8220;20&#8243; down=&#8220;20&#8243;][\/vc_column][\/vc_row]<\/p>\n<\/div>","protected":false},"excerpt":{"rendered":"<p>[vc_row css_animation=&#8220;&#8220; row_type=&#8220;row&#8220; use_row_as_full_screen_section=&#8220;no&#8220; type=&#8220;full_width&#8220; angled_section=&#8220;no&#8220; text_align=&#8220;left&#8220; background_image_as_pattern=&#8220;without_pattern&#8220;][vc_column][layerslider_vc id=&#8220;11&#8243;][\/vc_column][\/vc_row][vc_row css_animation=&#8220;&#8220; row_type=&#8220;row&#8220; use_row_as_full_screen_section=&#8220;no&#8220; type=&#8220;full_width&#8220; angled_section=&#8220;no&#8220; text_align=&#8220;left&#8220;&#8230;<\/p>\n","protected":false},"author":7,"featured_media":15964,"parent":0,"menu_order":0,"comment_status":"open","ping_status":"closed","template":"","meta":{"footnotes":""},"class_list":["post-16921","page","type-page","status-publish","has-post-thumbnail","hentry"],"yoast_head":"<!-- This site is optimized with the Yoast SEO plugin v27.4 - https:\/\/yoast.com\/product\/yoast-seo-wordpress\/ -->\n<title>L\u00e4ndliches Restaurant  &amp; Hofladen-Caf\u00e9 - Orti di Mare<\/title>\n<meta name=\"description\" content=\"Hofladen-Caf\u00e9: Erntereifes Obst und Gem\u00fcse und regionale Spezialit\u00e4ten in bester Bioqualit\u00e4t und direkt von unseren Feldern\" \/>\n<meta name=\"robots\" content=\"index, follow, max-snippet:-1, max-image-preview:large, max-video-preview:-1\" \/>\n<link rel=\"canonical\" href=\"https:\/\/www.ortidimare.it\/de\/laendliches-restaurant-hofladen-cafe\/\" \/>\n<meta property=\"og:locale\" content=\"de_DE\" \/>\n<meta property=\"og:type\" content=\"article\" \/>\n<meta property=\"og:title\" content=\"L\u00e4ndliches Restaurant  &amp; Hofladen-Caf\u00e9 - Orti di Mare\" \/>\n<meta property=\"og:description\" content=\"Hofladen-Caf\u00e9: Erntereifes Obst und Gem\u00fcse und regionale Spezialit\u00e4ten in bester Bioqualit\u00e4t und direkt von unseren Feldern\" \/>\n<meta property=\"og:url\" content=\"https:\/\/www.ortidimare.it\/de\/laendliches-restaurant-hofladen-cafe\/\" \/>\n<meta property=\"og:site_name\" content=\"Orti di Mare\" \/>\n<meta property=\"article:modified_time\" content=\"2026-04-20T08:46:48+00:00\" \/>\n<meta property=\"og:image\" content=\"https:\/\/www.ortidimare.it\/wp-content\/uploads\/2015\/03\/bott-m.png\" \/>\n\t<meta property=\"og:image:width\" content=\"217\" \/>\n\t<meta property=\"og:image:height\" content=\"217\" \/>\n\t<meta property=\"og:image:type\" content=\"image\/png\" \/>\n<meta name=\"twitter:label1\" content=\"Gesch\u00e4tzte Lesezeit\" \/>\n\t<meta name=\"twitter:data1\" content=\"6\u00a0Minuten\" \/>\n<script type=\"application\/ld+json\" class=\"yoast-schema-graph\">{\"@context\":\"https:\\\/\\\/schema.org\",\"@graph\":[{\"@type\":\"WebPage\",\"@id\":\"https:\\\/\\\/www.ortidimare.it\\\/de\\\/laendliches-restaurant-hofladen-cafe\\\/\",\"url\":\"https:\\\/\\\/www.ortidimare.it\\\/de\\\/laendliches-restaurant-hofladen-cafe\\\/\",\"name\":\"L\u00e4ndliches Restaurant & Hofladen-Caf\u00e9 - Orti di Mare\",\"isPartOf\":{\"@id\":\"https:\\\/\\\/www.ortidimare.it\\\/de\\\/#website\"},\"primaryImageOfPage\":{\"@id\":\"https:\\\/\\\/www.ortidimare.it\\\/de\\\/laendliches-restaurant-hofladen-cafe\\\/#primaryimage\"},\"image\":{\"@id\":\"https:\\\/\\\/www.ortidimare.it\\\/de\\\/laendliches-restaurant-hofladen-cafe\\\/#primaryimage\"},\"thumbnailUrl\":\"https:\\\/\\\/www.ortidimare.it\\\/wp-content\\\/uploads\\\/2015\\\/03\\\/bott-m.png\",\"datePublished\":\"2015-04-22T08:57:10+00:00\",\"dateModified\":\"2026-04-20T08:46:48+00:00\",\"description\":\"Hofladen-Caf\u00e9: Erntereifes Obst und Gem\u00fcse und regionale Spezialit\u00e4ten in bester Bioqualit\u00e4t und direkt von unseren Feldern\",\"breadcrumb\":{\"@id\":\"https:\\\/\\\/www.ortidimare.it\\\/de\\\/laendliches-restaurant-hofladen-cafe\\\/#breadcrumb\"},\"inLanguage\":\"de\",\"potentialAction\":[{\"@type\":\"ReadAction\",\"target\":[\"https:\\\/\\\/www.ortidimare.it\\\/de\\\/laendliches-restaurant-hofladen-cafe\\\/\"]}]},{\"@type\":\"ImageObject\",\"inLanguage\":\"de\",\"@id\":\"https:\\\/\\\/www.ortidimare.it\\\/de\\\/laendliches-restaurant-hofladen-cafe\\\/#primaryimage\",\"url\":\"https:\\\/\\\/www.ortidimare.it\\\/wp-content\\\/uploads\\\/2015\\\/03\\\/bott-m.png\",\"contentUrl\":\"https:\\\/\\\/www.ortidimare.it\\\/wp-content\\\/uploads\\\/2015\\\/03\\\/bott-m.png\",\"width\":217,\"height\":217,\"caption\":\"market caf\u00e8 Orti di Mare\"},{\"@type\":\"BreadcrumbList\",\"@id\":\"https:\\\/\\\/www.ortidimare.it\\\/de\\\/laendliches-restaurant-hofladen-cafe\\\/#breadcrumb\",\"itemListElement\":[{\"@type\":\"ListItem\",\"position\":1,\"name\":\"Home\",\"item\":\"https:\\\/\\\/www.ortidimare.it\\\/de\\\/\"},{\"@type\":\"ListItem\",\"position\":2,\"name\":\"L\u00e4ndliches Restaurant &#038; Hofladen-Caf\u00e9\"}]},{\"@type\":\"WebSite\",\"@id\":\"https:\\\/\\\/www.ortidimare.it\\\/de\\\/#website\",\"url\":\"https:\\\/\\\/www.ortidimare.it\\\/de\\\/\",\"name\":\"Orti di Mare\",\"description\":\"Lacona - Isola d&#039;Elba\",\"publisher\":{\"@id\":\"https:\\\/\\\/www.ortidimare.it\\\/de\\\/#organization\"},\"potentialAction\":[{\"@type\":\"SearchAction\",\"target\":{\"@type\":\"EntryPoint\",\"urlTemplate\":\"https:\\\/\\\/www.ortidimare.it\\\/de\\\/?s={search_term_string}\"},\"query-input\":{\"@type\":\"PropertyValueSpecification\",\"valueRequired\":true,\"valueName\":\"search_term_string\"}}],\"inLanguage\":\"de\"},{\"@type\":\"Organization\",\"@id\":\"https:\\\/\\\/www.ortidimare.it\\\/de\\\/#organization\",\"name\":\"Orti di Mare\",\"url\":\"https:\\\/\\\/www.ortidimare.it\\\/de\\\/\",\"logo\":{\"@type\":\"ImageObject\",\"inLanguage\":\"de\",\"@id\":\"https:\\\/\\\/www.ortidimare.it\\\/de\\\/#\\\/schema\\\/logo\\\/image\\\/\",\"url\":\"https:\\\/\\\/www.ortidimare.it\\\/wp-content\\\/uploads\\\/logo.jpg\",\"contentUrl\":\"https:\\\/\\\/www.ortidimare.it\\\/wp-content\\\/uploads\\\/logo.jpg\",\"width\":600,\"height\":600,\"caption\":\"Orti di Mare\"},\"image\":{\"@id\":\"https:\\\/\\\/www.ortidimare.it\\\/de\\\/#\\\/schema\\\/logo\\\/image\\\/\"}}]}<\/script>\n<!-- \/ Yoast SEO plugin. -->","yoast_head_json":{"title":"L\u00e4ndliches Restaurant  & Hofladen-Caf\u00e9 - Orti di Mare","description":"Hofladen-Caf\u00e9: Erntereifes Obst und Gem\u00fcse und regionale Spezialit\u00e4ten in bester Bioqualit\u00e4t und direkt von unseren Feldern","robots":{"index":"index","follow":"follow","max-snippet":"max-snippet:-1","max-image-preview":"max-image-preview:large","max-video-preview":"max-video-preview:-1"},"canonical":"https:\/\/www.ortidimare.it\/de\/laendliches-restaurant-hofladen-cafe\/","og_locale":"de_DE","og_type":"article","og_title":"L\u00e4ndliches Restaurant  & Hofladen-Caf\u00e9 - Orti di Mare","og_description":"Hofladen-Caf\u00e9: Erntereifes Obst und Gem\u00fcse und regionale Spezialit\u00e4ten in bester Bioqualit\u00e4t und direkt von unseren Feldern","og_url":"https:\/\/www.ortidimare.it\/de\/laendliches-restaurant-hofladen-cafe\/","og_site_name":"Orti di Mare","article_modified_time":"2026-04-20T08:46:48+00:00","og_image":[{"width":217,"height":217,"url":"https:\/\/www.ortidimare.it\/wp-content\/uploads\/2015\/03\/bott-m.png","type":"image\/png"}],"twitter_misc":{"Gesch\u00e4tzte Lesezeit":"6\u00a0Minuten"},"schema":{"@context":"https:\/\/schema.org","@graph":[{"@type":"WebPage","@id":"https:\/\/www.ortidimare.it\/de\/laendliches-restaurant-hofladen-cafe\/","url":"https:\/\/www.ortidimare.it\/de\/laendliches-restaurant-hofladen-cafe\/","name":"L\u00e4ndliches Restaurant & Hofladen-Caf\u00e9 - Orti di Mare","isPartOf":{"@id":"https:\/\/www.ortidimare.it\/de\/#website"},"primaryImageOfPage":{"@id":"https:\/\/www.ortidimare.it\/de\/laendliches-restaurant-hofladen-cafe\/#primaryimage"},"image":{"@id":"https:\/\/www.ortidimare.it\/de\/laendliches-restaurant-hofladen-cafe\/#primaryimage"},"thumbnailUrl":"https:\/\/www.ortidimare.it\/wp-content\/uploads\/2015\/03\/bott-m.png","datePublished":"2015-04-22T08:57:10+00:00","dateModified":"2026-04-20T08:46:48+00:00","description":"Hofladen-Caf\u00e9: Erntereifes Obst und Gem\u00fcse und regionale Spezialit\u00e4ten in bester Bioqualit\u00e4t und direkt von unseren Feldern","breadcrumb":{"@id":"https:\/\/www.ortidimare.it\/de\/laendliches-restaurant-hofladen-cafe\/#breadcrumb"},"inLanguage":"de","potentialAction":[{"@type":"ReadAction","target":["https:\/\/www.ortidimare.it\/de\/laendliches-restaurant-hofladen-cafe\/"]}]},{"@type":"ImageObject","inLanguage":"de","@id":"https:\/\/www.ortidimare.it\/de\/laendliches-restaurant-hofladen-cafe\/#primaryimage","url":"https:\/\/www.ortidimare.it\/wp-content\/uploads\/2015\/03\/bott-m.png","contentUrl":"https:\/\/www.ortidimare.it\/wp-content\/uploads\/2015\/03\/bott-m.png","width":217,"height":217,"caption":"market caf\u00e8 Orti di Mare"},{"@type":"BreadcrumbList","@id":"https:\/\/www.ortidimare.it\/de\/laendliches-restaurant-hofladen-cafe\/#breadcrumb","itemListElement":[{"@type":"ListItem","position":1,"name":"Home","item":"https:\/\/www.ortidimare.it\/de\/"},{"@type":"ListItem","position":2,"name":"L\u00e4ndliches Restaurant &#038; Hofladen-Caf\u00e9"}]},{"@type":"WebSite","@id":"https:\/\/www.ortidimare.it\/de\/#website","url":"https:\/\/www.ortidimare.it\/de\/","name":"Orti di Mare","description":"Lacona - Isola d&#039;Elba","publisher":{"@id":"https:\/\/www.ortidimare.it\/de\/#organization"},"potentialAction":[{"@type":"SearchAction","target":{"@type":"EntryPoint","urlTemplate":"https:\/\/www.ortidimare.it\/de\/?s={search_term_string}"},"query-input":{"@type":"PropertyValueSpecification","valueRequired":true,"valueName":"search_term_string"}}],"inLanguage":"de"},{"@type":"Organization","@id":"https:\/\/www.ortidimare.it\/de\/#organization","name":"Orti di Mare","url":"https:\/\/www.ortidimare.it\/de\/","logo":{"@type":"ImageObject","inLanguage":"de","@id":"https:\/\/www.ortidimare.it\/de\/#\/schema\/logo\/image\/","url":"https:\/\/www.ortidimare.it\/wp-content\/uploads\/logo.jpg","contentUrl":"https:\/\/www.ortidimare.it\/wp-content\/uploads\/logo.jpg","width":600,"height":600,"caption":"Orti di Mare"},"image":{"@id":"https:\/\/www.ortidimare.it\/de\/#\/schema\/logo\/image\/"}}]}},"_links":{"self":[{"href":"https:\/\/www.ortidimare.it\/de\/wp-json\/wp\/v2\/pages\/16921","targetHints":{"allow":["GET"]}}],"collection":[{"href":"https:\/\/www.ortidimare.it\/de\/wp-json\/wp\/v2\/pages"}],"about":[{"href":"https:\/\/www.ortidimare.it\/de\/wp-json\/wp\/v2\/types\/page"}],"author":[{"embeddable":true,"href":"https:\/\/www.ortidimare.it\/de\/wp-json\/wp\/v2\/users\/7"}],"replies":[{"embeddable":true,"href":"https:\/\/www.ortidimare.it\/de\/wp-json\/wp\/v2\/comments?post=16921"}],"version-history":[{"count":5,"href":"https:\/\/www.ortidimare.it\/de\/wp-json\/wp\/v2\/pages\/16921\/revisions"}],"predecessor-version":[{"id":39209,"href":"https:\/\/www.ortidimare.it\/de\/wp-json\/wp\/v2\/pages\/16921\/revisions\/39209"}],"wp:featuredmedia":[{"embeddable":true,"href":"https:\/\/www.ortidimare.it\/de\/wp-json\/wp\/v2\/media\/15964"}],"wp:attachment":[{"href":"https:\/\/www.ortidimare.it\/de\/wp-json\/wp\/v2\/media?parent=16921"}],"curies":[{"name":"wp","href":"https:\/\/api.w.org\/{rel}","templated":true}]}}